{"id":1849580,"date":"2023-09-06T08:07:08","date_gmt":"2023-09-06T06:07:08","guid":{"rendered":"https:\/\/staging.livingonthecotedazur.com\/news\/"},"modified":"2025-10-09T13:20:50","modified_gmt":"2025-10-09T11:20:50","slug":"news","status":"publish","type":"page","link":"https:\/\/www.livingonthecotedazur.com\/de\/news\/","title":{"rendered":"News"},"content":{"rendered":"<div  class='flex_column av-128zn-5037479d06055bf935cdab40c34c25c6 av_one_full  avia-builder-el-0  avia-builder-el-no-sibling  first flex_column_div  '     ><p>\n<style type=\"text\/css\" data-created_by=\"avia_inline_auto\" id=\"style-css-av-ln0fy3np-4ac184f2dc22747371134b58ecad92f7\">\n#top .av-special-heading.av-ln0fy3np-4ac184f2dc22747371134b58ecad92f7{\npadding-bottom:10px;\n}\nbody .av-special-heading.av-ln0fy3np-4ac184f2dc22747371134b58ecad92f7 .av-special-heading-tag .heading-char{\nfont-size:25px;\n}\n.av-special-heading.av-ln0fy3np-4ac184f2dc22747371134b58ecad92f7 .av-subheading{\nfont-size:15px;\n}\n<\/style>\n<div  class='av-special-heading av-ln0fy3np-4ac184f2dc22747371134b58ecad92f7 av-special-heading-h1 blockquote modern-quote  avia-builder-el-1  el_before_av_blog  avia-builder-el-first '><h1 class='av-special-heading-tag '  itemprop=\"headline\"  >News<\/h1><div class=\"special-heading-border\"><div class=\"special-heading-inner-border\"><\/div><\/div><\/div><br \/>\n<div  data-slideshow-options=\"{&quot;animation&quot;:&quot;fade&quot;,&quot;autoplay&quot;:false,&quot;loop_autoplay&quot;:&quot;once&quot;,&quot;interval&quot;:5,&quot;loop_manual&quot;:&quot;manual-endless&quot;,&quot;autoplay_stopper&quot;:false,&quot;noNavigation&quot;:false,&quot;show_slide_delay&quot;:90}\" class='avia-content-slider avia-content-grid-active avia-content-slider1 avia-content-slider-even  avia-builder-el-2  el_after_av_heading  el_before_av_blog  av-slideshow-ui av-control-default   av-no-slider-navigation av-slideshow-manual av-loop-once av-loop-manual-endless  av-medium-hide av-small-hide av-mini-hide'  itemscope=\"itemscope\" itemtype=\"https:\/\/schema.org\/Blog\" ><div class=\"avia-content-slider-inner\"><div class=\"slide-entry-wrap\"><article class='slide-entry flex_column  post-entry post-entry-3897555 slide-entry-overview slide-loop-1 slide-parity-odd  av_one_half first real-thumbnail posttype-post post-format-standard'  itemscope=\"itemscope\" itemtype=\"https:\/\/schema.org\/CreativeWork\" ><a href='https:\/\/www.livingonthecotedazur.com\/de\/leben-in-chateauneuf-de-grasse-der-bestgehutete-geheimtipp-der-riviera\/' data-rel='slide-1' class='slide-image' title='Leben in Ch\u00e2teauneuf de Grasse: Der bestgeh\u00fctete Geheimtipp der Riviera'><img decoding=\"async\" fetchpriority=\"high\" width=\"495\" height=\"400\" src=\"https:\/\/www.livingonthecotedazur.com\/wp-content\/uploads\/2026\/09\/chateauneuf-de-grasse-495x400.jpg\" class=\"wp-image-3897556 avia-img-lazy-loading-not-3897556 attachment-portfolio size-portfolio wp-post-image\" alt=\"\" \/><\/a><div class=\"slide-content\"><header class=\"entry-content-header\"><h2 class='slide-entry-title entry-title '  itemprop=\"headline\" ><a href='https:\/\/www.livingonthecotedazur.com\/de\/leben-in-chateauneuf-de-grasse-der-bestgehutete-geheimtipp-der-riviera\/' title='Leben in Ch\u00e2teauneuf de Grasse: Der bestgeh\u00fctete Geheimtipp der Riviera'>Leben in Ch\u00e2teauneuf de Grasse: Der bestgeh\u00fctete Geheimtipp der Riviera<\/a><\/h2><span class=\"blog-categories minor-meta\"><span class=\"blog-author minor-meta\"><span class=\"author\">von Ab Kuijer<\/span><\/span><span class=\"text-sep\">\/<\/span><time class='slide-meta-time updated'  itemprop=\"datePublished\" datetime=\"2026-09-03T09:53:57+02:00\" >3. September 2026<\/time><span class=\"text-sep\">\/<\/span>in Blog <\/span><span class=\"av-vertical-delimiter\"><\/span><\/header><div class='slide-entry-excerpt entry-content'  itemprop=\"text\" >TL;DR \u2013 Warum Ch\u00e2teauneuf-de-Grasse?\n\nCh\u00e2teauneuf-de-Grasse ist ein attraktiver Wohnort in den H\u00fcgeln der C\u00f4te d\u2019Azur, unweit von Grasse, Opio, Valbonne, Mougins und Sophia Antipolis. Der Ort bietet etwas, das an der franz\u00f6sischen Riviera\u2026<div class=\"read-more-link\"><a href=\"https:\/\/www.livingonthecotedazur.com\/de\/leben-in-chateauneuf-de-grasse-der-bestgehutete-geheimtipp-der-riviera\/\" class=\"more-link\">Weiterlesen<span class=\"more-link-arrow\"><\/span><\/a><\/div><\/div><\/div><footer class=\"entry-footer\"><div class=\"slide-meta\"><time class='slide-meta-time updated'  itemprop=\"datePublished\" datetime=\"2026-09-03T09:53:57+02:00\" >3. September 2026<\/time><\/div><\/footer><span class='hidden'>\n\t\t\t\t<span class='av-structured-data'  itemprop=\"image\" itemscope=\"itemscope\" itemtype=\"https:\/\/schema.org\/ImageObject\" >\n\t\t\t\t\t\t<span itemprop='url'>https:\/\/www.livingonthecotedazur.com\/wp-content\/uploads\/2026\/09\/chateauneuf-de-grasse.jpg<\/span>\n\t\t\t\t\t\t<span itemprop='height'>558<\/span>\n\t\t\t\t\t\t<span itemprop='width'>1000<\/span>\n\t\t\t\t<\/span>\n\t\t\t\t<span class='av-structured-data'  itemprop=\"publisher\" itemtype=\"https:\/\/schema.org\/Organization\" itemscope=\"itemscope\" >\n\t\t\t\t\t\t<span itemprop='name'>Ab Kuijer<\/span>\n\t\t\t\t\t\t<span itemprop='logo' itemscope itemtype='https:\/\/schema.org\/ImageObject'>\n\t\t\t\t\t\t\t<span itemprop='url'>https:\/\/www.livingonthecotedazur.com\/wp-content\/uploads\/2024\/02\/sitelogo150.png<\/span>\n\t\t\t\t\t\t<\/span>\n\t\t\t\t<\/span><span class='av-structured-data'  itemprop=\"author\" itemscope=\"itemscope\" itemtype=\"https:\/\/schema.org\/Person\" ><span itemprop='name'>Ab Kuijer<\/span><\/span><span class='av-structured-data'  itemprop=\"datePublished\" datetime=\"2023-09-06T08:07:08+02:00\" >2026-09-03 09:53:57<\/span><span class='av-structured-data'  itemprop=\"dateModified\" itemtype=\"https:\/\/schema.org\/dateModified\" >2026-09-03 10:00:22<\/span><span class='av-structured-data'  itemprop=\"mainEntityOfPage\" itemtype=\"https:\/\/schema.org\/mainEntityOfPage\" ><span itemprop='name'>Leben in Ch\u00e2teauneuf de Grasse: Der bestgeh\u00fctete Geheimtipp der Riviera<\/span><\/span><\/span><\/article><article class='slide-entry flex_column  post-entry post-entry-3892650 slide-entry-overview slide-loop-2 slide-parity-even  av_one_half  real-thumbnail posttype-post post-format-standard'  itemscope=\"itemscope\" itemtype=\"https:\/\/schema.org\/CreativeWork\" ><a href='https:\/\/www.livingonthecotedazur.com\/de\/die-franzoesische-riviera-dominiert-den-europaeischen-markt-fuer-ultra-luxusimmobilien\/' data-rel='slide-1' class='slide-image' title='Die franz\u00f6sische Riviera dominiert den europ\u00e4ischen Markt f\u00fcr Ultra-Luxusimmobilien'><img decoding=\"async\" fetchpriority=\"high\" width=\"495\" height=\"400\" src=\"https:\/\/www.livingonthecotedazur.com\/wp-content\/uploads\/2026\/08\/ultra-luxury-property-market-French-Riviera-495x400.jpg\" class=\"wp-image-3892651 avia-img-lazy-loading-not-3892651 attachment-portfolio size-portfolio wp-post-image\" alt=\"French Riviera Dominates Europe\u2019s Ultra-Luxury Property Market\" srcset=\"https:\/\/www.livingonthecotedazur.com\/wp-content\/uploads\/2026\/08\/ultra-luxury-property-market-French-Riviera-495x400.jpg 495w, https:\/\/www.livingonthecotedazur.com\/wp-content\/uploads\/2026\/08\/ultra-luxury-property-market-French-Riviera-845x684.jpg 845w\" sizes=\"(max-width: 495px) 100vw, 495px\" \/><\/a><div class=\"slide-content\"><header class=\"entry-content-header\"><h2 class='slide-entry-title entry-title '  itemprop=\"headline\" ><a href='https:\/\/www.livingonthecotedazur.com\/de\/die-franzoesische-riviera-dominiert-den-europaeischen-markt-fuer-ultra-luxusimmobilien\/' title='Die franz\u00f6sische Riviera dominiert den europ\u00e4ischen Markt f\u00fcr Ultra-Luxusimmobilien'>Die franz\u00f6sische Riviera dominiert den europ\u00e4ischen Markt f\u00fcr Ultra-Luxusimmobilien<\/a><\/h2><span class=\"blog-categories minor-meta\"><span class=\"blog-author minor-meta\"><span class=\"author\">von Ab Kuijer<\/span><\/span><span class=\"text-sep\">\/<\/span><time class='slide-meta-time updated'  itemprop=\"datePublished\" datetime=\"2026-08-31T09:45:49+02:00\" >31. August 2026<\/time><span class=\"text-sep\">\/<\/span>in Blog <\/span><span class=\"av-vertical-delimiter\"><\/span><\/header><div class='slide-entry-excerpt entry-content'  itemprop=\"text\" >\nDrei Reiseziele an der franz\u00f6sischen Riviera z\u00e4hlen zu den f\u00fcnf exklusivsten Standorten Europas f\u00fcr luxuri\u00f6se Villen am Meer. Die franz\u00f6sische Riviera hat damit erneut ihre Spitzenposition auf dem europ\u00e4ischen Luxusimmobilienmarkt untermauert.\u2026<div class=\"read-more-link\"><a href=\"https:\/\/www.livingonthecotedazur.com\/de\/die-franzoesische-riviera-dominiert-den-europaeischen-markt-fuer-ultra-luxusimmobilien\/\" class=\"more-link\">Weiterlesen<span class=\"more-link-arrow\"><\/span><\/a><\/div><\/div><\/div><footer class=\"entry-footer\"><div class=\"slide-meta\"><time class='slide-meta-time updated'  itemprop=\"datePublished\" datetime=\"2026-08-31T09:45:49+02:00\" >31. August 2026<\/time><\/div><\/footer><span class='hidden'>\n\t\t\t\t<span class='av-structured-data'  itemprop=\"image\" itemscope=\"itemscope\" itemtype=\"https:\/\/schema.org\/ImageObject\" >\n\t\t\t\t\t\t<span itemprop='url'>https:\/\/www.livingonthecotedazur.com\/wp-content\/uploads\/2026\/08\/ultra-luxury-property-market-French-Riviera.jpg<\/span>\n\t\t\t\t\t\t<span itemprop='height'>700<\/span>\n\t\t\t\t\t\t<span itemprop='width'>1000<\/span>\n\t\t\t\t<\/span>\n\t\t\t\t<span class='av-structured-data'  itemprop=\"publisher\" itemtype=\"https:\/\/schema.org\/Organization\" itemscope=\"itemscope\" >\n\t\t\t\t\t\t<span itemprop='name'>Ab Kuijer<\/span>\n\t\t\t\t\t\t<span itemprop='logo' itemscope itemtype='https:\/\/schema.org\/ImageObject'>\n\t\t\t\t\t\t\t<span itemprop='url'>https:\/\/www.livingonthecotedazur.com\/wp-content\/uploads\/2024\/02\/sitelogo150.png<\/span>\n\t\t\t\t\t\t<\/span>\n\t\t\t\t<\/span><span class='av-structured-data'  itemprop=\"author\" itemscope=\"itemscope\" itemtype=\"https:\/\/schema.org\/Person\" ><span itemprop='name'>Ab Kuijer<\/span><\/span><span class='av-structured-data'  itemprop=\"datePublished\" datetime=\"2023-09-06T08:07:08+02:00\" >2026-08-31 09:45:49<\/span><span class='av-structured-data'  itemprop=\"dateModified\" itemtype=\"https:\/\/schema.org\/dateModified\" >2026-08-31 09:58:08<\/span><span class='av-structured-data'  itemprop=\"mainEntityOfPage\" itemtype=\"https:\/\/schema.org\/mainEntityOfPage\" ><span itemprop='name'>Die franz\u00f6sische Riviera dominiert den europ\u00e4ischen Markt f\u00fcr Ultra-Luxusimmobilien<\/span><\/span><\/span><\/article><\/div><div class=\"slide-entry-wrap\"><article class='slide-entry flex_column  post-entry post-entry-3888908 slide-entry-overview slide-loop-3 slide-parity-odd  av_one_half first real-thumbnail posttype-post post-format-standard'  itemscope=\"itemscope\" itemtype=\"https:\/\/schema.org\/CreativeWork\" ><a href='https:\/\/www.livingonthecotedazur.com\/de\/neu-in-unserem-nordzypern-portfolio-ein-verstecktes-paradies-in-esentepe\/' data-rel='slide-1' class='slide-image' title='Neu in unserem Nordzypern-Portfolio: Ein verstecktes Paradies in Esentepe'><img decoding=\"async\" fetchpriority=\"high\" width=\"495\" height=\"400\" src=\"https:\/\/www.livingonthecotedazur.com\/wp-content\/uploads\/2026\/08\/secret-paradise-north-cyprus-495x400.jpg\" class=\"wp-image-3888910 avia-img-lazy-loading-not-3888910 attachment-portfolio size-portfolio wp-post-image\" alt=\"secret paradise north cyprus\" srcset=\"https:\/\/www.livingonthecotedazur.com\/wp-content\/uploads\/2026\/08\/secret-paradise-north-cyprus-495x400.jpg 495w, https:\/\/www.livingonthecotedazur.com\/wp-content\/uploads\/2026\/08\/secret-paradise-north-cyprus-845x684.jpg 845w\" sizes=\"(max-width: 495px) 100vw, 495px\" \/><\/a><div class=\"slide-content\"><header class=\"entry-content-header\"><h2 class='slide-entry-title entry-title '  itemprop=\"headline\" ><a href='https:\/\/www.livingonthecotedazur.com\/de\/neu-in-unserem-nordzypern-portfolio-ein-verstecktes-paradies-in-esentepe\/' title='Neu in unserem Nordzypern-Portfolio: Ein verstecktes Paradies in Esentepe'>Neu in unserem Nordzypern-Portfolio: Ein verstecktes Paradies in Esentepe<\/a><\/h2><span class=\"blog-categories minor-meta\"><span class=\"blog-author minor-meta\"><span class=\"author\">von Ab Kuijer<\/span><\/span><span class=\"text-sep\">\/<\/span><time class='slide-meta-time updated'  itemprop=\"datePublished\" datetime=\"2026-08-28T11:08:19+02:00\" >28. August 2026<\/time><span class=\"text-sep\">\/<\/span>in Blog <\/span><span class=\"av-vertical-delimiter\"><\/span><\/header><div class='slide-entry-excerpt entry-content'  itemprop=\"text\" >\u201eSecret Paradise\u201c besteht aus lediglich 16 luxuri\u00f6sen Reihenh\u00e4usern, die etwa 100 Meter vom Mittelmeer entfernt liegen und einen Panoramablick auf das Meer bieten, \u00fcber gro\u00dfz\u00fcgige Au\u00dfenbereiche verf\u00fcgen und vor der Kulisse des imposanten Kyrenia-Gebirges liegen.<div class=\"read-more-link\"><a href=\"https:\/\/www.livingonthecotedazur.com\/de\/neu-in-unserem-nordzypern-portfolio-ein-verstecktes-paradies-in-esentepe\/\" class=\"more-link\">Weiterlesen<span class=\"more-link-arrow\"><\/span><\/a><\/div><\/div><\/div><footer class=\"entry-footer\"><div class=\"slide-meta\"><time class='slide-meta-time updated'  itemprop=\"datePublished\" datetime=\"2026-08-28T11:08:19+02:00\" >28. August 2026<\/time><\/div><\/footer><span class='hidden'>\n\t\t\t\t<span class='av-structured-data'  itemprop=\"image\" itemscope=\"itemscope\" itemtype=\"https:\/\/schema.org\/ImageObject\" >\n\t\t\t\t\t\t<span itemprop='url'>https:\/\/www.livingonthecotedazur.com\/wp-content\/uploads\/2026\/08\/secret-paradise-north-cyprus.jpg<\/span>\n\t\t\t\t\t\t<span itemprop='height'>768<\/span>\n\t\t\t\t\t\t<span itemprop='width'>1024<\/span>\n\t\t\t\t<\/span>\n\t\t\t\t<span class='av-structured-data'  itemprop=\"publisher\" itemtype=\"https:\/\/schema.org\/Organization\" itemscope=\"itemscope\" >\n\t\t\t\t\t\t<span itemprop='name'>Ab Kuijer<\/span>\n\t\t\t\t\t\t<span itemprop='logo' itemscope itemtype='https:\/\/schema.org\/ImageObject'>\n\t\t\t\t\t\t\t<span itemprop='url'>https:\/\/www.livingonthecotedazur.com\/wp-content\/uploads\/2024\/02\/sitelogo150.png<\/span>\n\t\t\t\t\t\t<\/span>\n\t\t\t\t<\/span><span class='av-structured-data'  itemprop=\"author\" itemscope=\"itemscope\" itemtype=\"https:\/\/schema.org\/Person\" ><span itemprop='name'>Ab Kuijer<\/span><\/span><span class='av-structured-data'  itemprop=\"datePublished\" datetime=\"2023-09-06T08:07:08+02:00\" >2026-08-28 11:08:19<\/span><span class='av-structured-data'  itemprop=\"dateModified\" itemtype=\"https:\/\/schema.org\/dateModified\" >2026-08-28 11:14:59<\/span><span class='av-structured-data'  itemprop=\"mainEntityOfPage\" itemtype=\"https:\/\/schema.org\/mainEntityOfPage\" ><span itemprop='name'>Neu in unserem Nordzypern-Portfolio: Ein verstecktes Paradies in Esentepe<\/span><\/span><\/span><\/article><article class='slide-entry flex_column  post-entry post-entry-3883802 slide-entry-overview slide-loop-4 slide-parity-even  av_one_half  real-thumbnail posttype-post post-format-standard'  itemscope=\"itemscope\" itemtype=\"https:\/\/schema.org\/CreativeWork\" ><a href='https:\/\/www.livingonthecotedazur.com\/de\/leben-in-falicon-das-beste-aus-beiden-welten-oberhalb-von-nizza\/' data-rel='slide-1' class='slide-image' title='Leben in Falicon: Das Beste aus beiden Welten oberhalb von Nizza'><img decoding=\"async\" fetchpriority=\"high\" width=\"495\" height=\"400\" src=\"https:\/\/www.livingonthecotedazur.com\/wp-content\/uploads\/2026\/08\/falicon-495x400.jpg\" class=\"wp-image-3883803 avia-img-lazy-loading-not-3883803 attachment-portfolio size-portfolio wp-post-image\" alt=\"falicon\" \/><\/a><div class=\"slide-content\"><header class=\"entry-content-header\"><h2 class='slide-entry-title entry-title '  itemprop=\"headline\" ><a href='https:\/\/www.livingonthecotedazur.com\/de\/leben-in-falicon-das-beste-aus-beiden-welten-oberhalb-von-nizza\/' title='Leben in Falicon: Das Beste aus beiden Welten oberhalb von Nizza'>Leben in Falicon: Das Beste aus beiden Welten oberhalb von Nizza<\/a><\/h2><span class=\"blog-categories minor-meta\"><span class=\"blog-author minor-meta\"><span class=\"author\">von Ab Kuijer<\/span><\/span><span class=\"text-sep\">\/<\/span><time class='slide-meta-time updated'  itemprop=\"datePublished\" datetime=\"2026-08-26T12:30:55+02:00\" >26. August 2026<\/time><span class=\"text-sep\">\/<\/span>in Blog <\/span><span class=\"av-vertical-delimiter\"><\/span><\/header><div class='slide-entry-excerpt entry-content'  itemprop=\"text\" >\nNur zehn Kilometer vom Zentrum von Nizza entfernt erwartet Sie eine ganz andere C\u00f4te d\u2019Azur.\n\nKeine \u00fcberf\u00fcllten Boulevards. Keine Wohnblocks, die jede Stra\u00dfe s\u00e4umen. Stattdessen gibt es gr\u00fcne H\u00fcgel, Olivenb\u00e4ume, mediterrane Vegetation,\u2026<div class=\"read-more-link\"><a href=\"https:\/\/www.livingonthecotedazur.com\/de\/leben-in-falicon-das-beste-aus-beiden-welten-oberhalb-von-nizza\/\" class=\"more-link\">Weiterlesen<span class=\"more-link-arrow\"><\/span><\/a><\/div><\/div><\/div><footer class=\"entry-footer\"><div class=\"slide-meta\"><time class='slide-meta-time updated'  itemprop=\"datePublished\" datetime=\"2026-08-26T12:30:55+02:00\" >26. August 2026<\/time><\/div><\/footer><span class='hidden'>\n\t\t\t\t<span class='av-structured-data'  itemprop=\"image\" itemscope=\"itemscope\" itemtype=\"https:\/\/schema.org\/ImageObject\" >\n\t\t\t\t\t\t<span itemprop='url'>https:\/\/www.livingonthecotedazur.com\/wp-content\/uploads\/2026\/08\/falicon.jpg<\/span>\n\t\t\t\t\t\t<span itemprop='height'>600<\/span>\n\t\t\t\t\t\t<span itemprop='width'>1000<\/span>\n\t\t\t\t<\/span>\n\t\t\t\t<span class='av-structured-data'  itemprop=\"publisher\" itemtype=\"https:\/\/schema.org\/Organization\" itemscope=\"itemscope\" >\n\t\t\t\t\t\t<span itemprop='name'>Ab Kuijer<\/span>\n\t\t\t\t\t\t<span itemprop='logo' itemscope itemtype='https:\/\/schema.org\/ImageObject'>\n\t\t\t\t\t\t\t<span itemprop='url'>https:\/\/www.livingonthecotedazur.com\/wp-content\/uploads\/2024\/02\/sitelogo150.png<\/span>\n\t\t\t\t\t\t<\/span>\n\t\t\t\t<\/span><span class='av-structured-data'  itemprop=\"author\" itemscope=\"itemscope\" itemtype=\"https:\/\/schema.org\/Person\" ><span itemprop='name'>Ab Kuijer<\/span><\/span><span class='av-structured-data'  itemprop=\"datePublished\" datetime=\"2023-09-06T08:07:08+02:00\" >2026-08-26 12:30:55<\/span><span class='av-structured-data'  itemprop=\"dateModified\" itemtype=\"https:\/\/schema.org\/dateModified\" >2026-08-26 17:37:40<\/span><span class='av-structured-data'  itemprop=\"mainEntityOfPage\" itemtype=\"https:\/\/schema.org\/mainEntityOfPage\" ><span itemprop='name'>Leben in Falicon: Das Beste aus beiden Welten oberhalb von Nizza<\/span><\/span><\/span><\/article><\/div><div class=\"slide-entry-wrap\"><article class='slide-entry flex_column  post-entry post-entry-3881359 slide-entry-overview slide-loop-5 slide-parity-odd  av_one_half first real-thumbnail posttype-post post-format-standard'  itemscope=\"itemscope\" itemtype=\"https:\/\/schema.org\/CreativeWork\" ><a href='https:\/\/www.livingonthecotedazur.com\/de\/warum-wir-unsere-meinung-zum-thema-solarenergie-geaendert-haben\/' data-rel='slide-1' class='slide-image' title='Warum wir unsere Meinung zum Thema Solarenergie ge\u00e4ndert haben'><img decoding=\"async\" fetchpriority=\"high\" width=\"495\" height=\"400\" src=\"https:\/\/www.livingonthecotedazur.com\/wp-content\/uploads\/2026\/08\/zonnepanelen-495x400.jpg\" class=\"wp-image-3878814 avia-img-lazy-loading-not-3878814 attachment-portfolio size-portfolio wp-post-image\" alt=\"Solar Panels on the French Riviera\" \/><\/a><div class=\"slide-content\"><header class=\"entry-content-header\"><h2 class='slide-entry-title entry-title '  itemprop=\"headline\" ><a href='https:\/\/www.livingonthecotedazur.com\/de\/warum-wir-unsere-meinung-zum-thema-solarenergie-geaendert-haben\/' title='Warum wir unsere Meinung zum Thema Solarenergie ge\u00e4ndert haben'>Warum wir unsere Meinung zum Thema Solarenergie ge\u00e4ndert haben<\/a><\/h2><span class=\"blog-categories minor-meta\"><span class=\"blog-author minor-meta\"><span class=\"author\">von Ab Kuijer<\/span><\/span><span class=\"text-sep\">\/<\/span><time class='slide-meta-time updated'  itemprop=\"datePublished\" datetime=\"2026-08-25T12:44:13+02:00\" >25. August 2026<\/time><span class=\"text-sep\">\/<\/span>in Blog <\/span><span class=\"av-vertical-delimiter\"><\/span><\/header><div class='slide-entry-excerpt entry-content'  itemprop=\"text\" >\nAls wir vor etwa 20 Jahren nach S\u00fcdfrankreich zogen, schien die Installation von Solarmodulen eine naheliegende Entscheidung zu sein.\n\nSchlie\u00dflich waren wir in eine der sonnigsten Regionen Frankreichs gezogen. Warum sollten wir all diese\u2026<div class=\"read-more-link\"><a href=\"https:\/\/www.livingonthecotedazur.com\/de\/warum-wir-unsere-meinung-zum-thema-solarenergie-geaendert-haben\/\" class=\"more-link\">Weiterlesen<span class=\"more-link-arrow\"><\/span><\/a><\/div><\/div><\/div><footer class=\"entry-footer\"><div class=\"slide-meta\"><time class='slide-meta-time updated'  itemprop=\"datePublished\" datetime=\"2026-08-25T12:44:13+02:00\" >25. August 2026<\/time><\/div><\/footer><span class='hidden'>\n\t\t\t\t<span class='av-structured-data'  itemprop=\"image\" itemscope=\"itemscope\" itemtype=\"https:\/\/schema.org\/ImageObject\" >\n\t\t\t\t\t\t<span itemprop='url'>https:\/\/www.livingonthecotedazur.com\/wp-content\/uploads\/2026\/08\/zonnepanelen.jpg<\/span>\n\t\t\t\t\t\t<span itemprop='height'>600<\/span>\n\t\t\t\t\t\t<span itemprop='width'>1000<\/span>\n\t\t\t\t<\/span>\n\t\t\t\t<span class='av-structured-data'  itemprop=\"publisher\" itemtype=\"https:\/\/schema.org\/Organization\" itemscope=\"itemscope\" >\n\t\t\t\t\t\t<span itemprop='name'>Ab Kuijer<\/span>\n\t\t\t\t\t\t<span itemprop='logo' itemscope itemtype='https:\/\/schema.org\/ImageObject'>\n\t\t\t\t\t\t\t<span itemprop='url'>https:\/\/www.livingonthecotedazur.com\/wp-content\/uploads\/2024\/02\/sitelogo150.png<\/span>\n\t\t\t\t\t\t<\/span>\n\t\t\t\t<\/span><span class='av-structured-data'  itemprop=\"author\" itemscope=\"itemscope\" itemtype=\"https:\/\/schema.org\/Person\" ><span itemprop='name'>Ab Kuijer<\/span><\/span><span class='av-structured-data'  itemprop=\"datePublished\" datetime=\"2023-09-06T08:07:08+02:00\" >2026-08-25 12:44:13<\/span><span class='av-structured-data'  itemprop=\"dateModified\" itemtype=\"https:\/\/schema.org\/dateModified\" >2026-08-25 12:50:12<\/span><span class='av-structured-data'  itemprop=\"mainEntityOfPage\" itemtype=\"https:\/\/schema.org\/mainEntityOfPage\" ><span itemprop='name'>Warum wir unsere Meinung zum Thema Solarenergie ge\u00e4ndert haben<\/span><\/span><\/span><\/article><article class='slide-entry flex_column  post-entry post-entry-3845275 slide-entry-overview slide-loop-6 slide-parity-even  av_one_half  real-thumbnail posttype-post post-format-standard'  itemscope=\"itemscope\" itemtype=\"https:\/\/schema.org\/CreativeWork\" ><a href='https:\/\/www.livingonthecotedazur.com\/de\/das-beste-geschenk-fuer-ihr-kind-fuer-die-zukunft\/' data-rel='slide-1' class='slide-image' title='Das beste Geschenk f\u00fcr Ihr Kind. F\u00fcr die Zukunft.'><img decoding=\"async\" fetchpriority=\"high\" width=\"495\" height=\"400\" src=\"https:\/\/www.livingonthecotedazur.com\/wp-content\/uploads\/2026\/08\/legacy-vastgoed-later-familie-cotedazur-495x400.jpg\" class=\"wp-image-3845277 avia-img-lazy-loading-not-3845277 attachment-portfolio size-portfolio wp-post-image\" alt=\"\" \/><\/a><div class=\"slide-content\"><header class=\"entry-content-header\"><h2 class='slide-entry-title entry-title '  itemprop=\"headline\" ><a href='https:\/\/www.livingonthecotedazur.com\/de\/das-beste-geschenk-fuer-ihr-kind-fuer-die-zukunft\/' title='Das beste Geschenk f\u00fcr Ihr Kind. F\u00fcr die Zukunft.'>Das beste Geschenk f\u00fcr Ihr Kind. F\u00fcr die Zukunft.<\/a><\/h2><span class=\"blog-categories minor-meta\"><span class=\"blog-author minor-meta\"><span class=\"author\">von Ab Kuijer<\/span><\/span><span class=\"text-sep\">\/<\/span><time class='slide-meta-time updated'  itemprop=\"datePublished\" datetime=\"2026-08-07T17:48:44+02:00\" >7. August 2026<\/time><span class=\"text-sep\">\/<\/span>in Blog <\/span><span class=\"av-vertical-delimiter\"><\/span><\/header><div class='slide-entry-excerpt entry-content'  itemprop=\"text\" >Ein Haus in S\u00fcdfrankreich kann ein Familienverm\u00f6gen darstellen, das Erinnerungen schafft, Wohlstand aufbaut und k\u00fcnftigen Generationen einen finanziellen Vorsprung verschafft.  <div class=\"read-more-link\"><a href=\"https:\/\/www.livingonthecotedazur.com\/de\/das-beste-geschenk-fuer-ihr-kind-fuer-die-zukunft\/\" class=\"more-link\">Weiterlesen<span class=\"more-link-arrow\"><\/span><\/a><\/div><\/div><\/div><footer class=\"entry-footer\"><div class=\"slide-meta\"><time class='slide-meta-time updated'  itemprop=\"datePublished\" datetime=\"2026-08-07T17:48:44+02:00\" >7. August 2026<\/time><\/div><\/footer><span class='hidden'>\n\t\t\t\t<span class='av-structured-data'  itemprop=\"image\" itemscope=\"itemscope\" itemtype=\"https:\/\/schema.org\/ImageObject\" >\n\t\t\t\t\t\t<span itemprop='url'>https:\/\/www.livingonthecotedazur.com\/wp-content\/uploads\/2026\/08\/legacy-vastgoed-later-familie-cotedazur.jpg<\/span>\n\t\t\t\t\t\t<span itemprop='height'>667<\/span>\n\t\t\t\t\t\t<span itemprop='width'>1000<\/span>\n\t\t\t\t<\/span>\n\t\t\t\t<span class='av-structured-data'  itemprop=\"publisher\" itemtype=\"https:\/\/schema.org\/Organization\" itemscope=\"itemscope\" >\n\t\t\t\t\t\t<span itemprop='name'>Ab Kuijer<\/span>\n\t\t\t\t\t\t<span itemprop='logo' itemscope itemtype='https:\/\/schema.org\/ImageObject'>\n\t\t\t\t\t\t\t<span itemprop='url'>https:\/\/www.livingonthecotedazur.com\/wp-content\/uploads\/2024\/02\/sitelogo150.png<\/span>\n\t\t\t\t\t\t<\/span>\n\t\t\t\t<\/span><span class='av-structured-data'  itemprop=\"author\" itemscope=\"itemscope\" itemtype=\"https:\/\/schema.org\/Person\" ><span itemprop='name'>Ab Kuijer<\/span><\/span><span class='av-structured-data'  itemprop=\"datePublished\" datetime=\"2023-09-06T08:07:08+02:00\" >2026-08-07 17:48:44<\/span><span class='av-structured-data'  itemprop=\"dateModified\" itemtype=\"https:\/\/schema.org\/dateModified\" >2026-08-09 11:53:59<\/span><span class='av-structured-data'  itemprop=\"mainEntityOfPage\" itemtype=\"https:\/\/schema.org\/mainEntityOfPage\" ><span itemprop='name'>Das beste Geschenk f\u00fcr Ihr Kind. F\u00fcr die Zukunft.<\/span><\/span><\/span><\/article><\/div><div class=\"slide-entry-wrap\"><article class='slide-entry flex_column  post-entry post-entry-3852032 slide-entry-overview slide-loop-7 slide-parity-odd  av_one_half first real-thumbnail posttype-post post-format-standard'  itemscope=\"itemscope\" itemtype=\"https:\/\/schema.org\/CreativeWork\" ><a href='https:\/\/www.livingonthecotedazur.com\/de\/villen-und-wohnungen-zum-verkauf-in-theoule-sur-mer\/' data-rel='slide-1' class='slide-image' title='Villen und Wohnungen zum Verkauf in Th\u00e9oule-sur-Mer'><img decoding=\"async\" fetchpriority=\"high\" width=\"495\" height=\"400\" src=\"https:\/\/www.livingonthecotedazur.com\/wp-content\/uploads\/2026\/08\/Theoule-sur-MEr-495x400.jpg\" class=\"wp-image-3852033 avia-img-lazy-loading-not-3852033 attachment-portfolio size-portfolio wp-post-image\" alt=\"\" srcset=\"https:\/\/www.livingonthecotedazur.com\/wp-content\/uploads\/2026\/08\/Theoule-sur-MEr-495x400.jpg 495w, https:\/\/www.livingonthecotedazur.com\/wp-content\/uploads\/2026\/08\/Theoule-sur-MEr-845x681.jpg 845w\" sizes=\"(max-width: 495px) 100vw, 495px\" \/><\/a><div class=\"slide-content\"><header class=\"entry-content-header\"><h2 class='slide-entry-title entry-title '  itemprop=\"headline\" ><a href='https:\/\/www.livingonthecotedazur.com\/de\/villen-und-wohnungen-zum-verkauf-in-theoule-sur-mer\/' title='Villen und Wohnungen zum Verkauf in Th\u00e9oule-sur-Mer'>Villen und Wohnungen zum Verkauf in Th\u00e9oule-sur-Mer<\/a><\/h2><span class=\"blog-categories minor-meta\"><span class=\"blog-author minor-meta\"><span class=\"author\">von Feline Kuijer<\/span><\/span><span class=\"text-sep\">\/<\/span><time class='slide-meta-time updated'  itemprop=\"datePublished\" datetime=\"2026-08-01T21:01:45+02:00\" >1. August 2026<\/time><span class=\"text-sep\">\/<\/span>in Blog, Landingpage <\/span><span class=\"av-vertical-delimiter\"><\/span><\/header><div class='slide-entry-excerpt entry-content'  itemprop=\"text\" >\n\nTL;DR\n\n\n\nTh\u00e9oule-sur-Mer ist ein \u00e4u\u00dferst charakteristischer Immobilienmarkt an der K\u00fcste unmittelbar westlich von Cannes, der zwischen dem Mittelmeer und den roten H\u00fcgeln des Est\u00e9rel liegt.  Die h\u00fcgelige Landschaft, die weit verbreitete\u2026<div class=\"read-more-link\"><a href=\"https:\/\/www.livingonthecotedazur.com\/de\/villen-und-wohnungen-zum-verkauf-in-theoule-sur-mer\/\" class=\"more-link\">Weiterlesen<span class=\"more-link-arrow\"><\/span><\/a><\/div><\/div><\/div><footer class=\"entry-footer\"><div class=\"slide-meta\"><time class='slide-meta-time updated'  itemprop=\"datePublished\" datetime=\"2026-08-01T21:01:45+02:00\" >1. August 2026<\/time><\/div><\/footer><span class='hidden'>\n\t\t\t\t<span class='av-structured-data'  itemprop=\"image\" itemscope=\"itemscope\" itemtype=\"https:\/\/schema.org\/ImageObject\" >\n\t\t\t\t\t\t<span itemprop='url'>https:\/\/www.livingonthecotedazur.com\/wp-content\/uploads\/2026\/08\/Theoule-sur-MEr.jpg<\/span>\n\t\t\t\t\t\t<span itemprop='height'>681<\/span>\n\t\t\t\t\t\t<span itemprop='width'>1000<\/span>\n\t\t\t\t<\/span>\n\t\t\t\t<span class='av-structured-data'  itemprop=\"publisher\" itemtype=\"https:\/\/schema.org\/Organization\" itemscope=\"itemscope\" >\n\t\t\t\t\t\t<span itemprop='name'>Feline Kuijer<\/span>\n\t\t\t\t\t\t<span itemprop='logo' itemscope itemtype='https:\/\/schema.org\/ImageObject'>\n\t\t\t\t\t\t\t<span itemprop='url'>https:\/\/www.livingonthecotedazur.com\/wp-content\/uploads\/2024\/02\/sitelogo150.png<\/span>\n\t\t\t\t\t\t<\/span>\n\t\t\t\t<\/span><span class='av-structured-data'  itemprop=\"author\" itemscope=\"itemscope\" itemtype=\"https:\/\/schema.org\/Person\" ><span itemprop='name'>Feline Kuijer<\/span><\/span><span class='av-structured-data'  itemprop=\"datePublished\" datetime=\"2023-09-06T08:07:08+02:00\" >2026-08-01 21:01:45<\/span><span class='av-structured-data'  itemprop=\"dateModified\" itemtype=\"https:\/\/schema.org\/dateModified\" >2026-08-11 21:23:51<\/span><span class='av-structured-data'  itemprop=\"mainEntityOfPage\" itemtype=\"https:\/\/schema.org\/mainEntityOfPage\" ><span itemprop='name'>Villen und Wohnungen zum Verkauf in Th\u00e9oule-sur-Mer<\/span><\/span><\/span><\/article><article class='slide-entry flex_column  post-entry post-entry-3820902 slide-entry-overview slide-loop-8 slide-parity-even  av_one_half  real-thumbnail posttype-post post-format-standard'  itemscope=\"itemscope\" itemtype=\"https:\/\/schema.org\/CreativeWork\" ><a href='https:\/\/www.livingonthecotedazur.com\/de\/erwerben-sie-eine-immobilie-an-der-franzosischen-riviera-uber-einen-vertrauenswurdigen-kaufermakler\/' data-rel='slide-1' class='slide-image' title='Erwerben Sie eine Immobilie an der franz\u00f6sischen Riviera \u00fcber einen vertrauensw\u00fcrdigen K\u00e4ufermakler'><img decoding=\"async\" fetchpriority=\"high\" width=\"495\" height=\"400\" src=\"https:\/\/www.livingonthecotedazur.com\/wp-content\/uploads\/2026\/07\/buyer-agent-dutch-french-riviera-ab-and-jo-kuijer-495x400.jpg\" class=\"wp-image-3820903 avia-img-lazy-loading-not-3820903 attachment-portfolio size-portfolio wp-post-image\" alt=\"buyer agent dutch french riviera ab and jo kuijer\" \/><\/a><div class=\"slide-content\"><header class=\"entry-content-header\"><h2 class='slide-entry-title entry-title '  itemprop=\"headline\" ><a href='https:\/\/www.livingonthecotedazur.com\/de\/erwerben-sie-eine-immobilie-an-der-franzosischen-riviera-uber-einen-vertrauenswurdigen-kaufermakler\/' title='Erwerben Sie eine Immobilie an der franz\u00f6sischen Riviera \u00fcber einen vertrauensw\u00fcrdigen K\u00e4ufermakler'>Erwerben Sie eine Immobilie an der franz\u00f6sischen Riviera \u00fcber einen vertrauensw\u00fcrdigen K\u00e4ufermakler<\/a><\/h2><span class=\"blog-categories minor-meta\"><span class=\"blog-author minor-meta\"><span class=\"author\">von Ab Kuijer<\/span><\/span><span class=\"text-sep\">\/<\/span><time class='slide-meta-time updated'  itemprop=\"datePublished\" datetime=\"2026-07-28T13:09:02+02:00\" >28. Juli 2026<\/time><span class=\"text-sep\">\/<\/span>in Blog, Landingpage <\/span><span class=\"av-vertical-delimiter\"><\/span><\/header><div class='slide-entry-excerpt entry-content'  itemprop=\"text\" >\nDer unabh\u00e4ngige Makler f\u00fcr K\u00e4ufer an der C\u00f4te d\u2019Azur und in Frankreich\n\n\n\nDer Kauf einer Immobilie in Frankreich sollte spannend sein, nicht kompliziert. Ganz gleich, ob Sie auf der Suche nach einer Luxusvilla mit Blick auf das Mittelmeer,\u2026<div class=\"read-more-link\"><a href=\"https:\/\/www.livingonthecotedazur.com\/de\/erwerben-sie-eine-immobilie-an-der-franzosischen-riviera-uber-einen-vertrauenswurdigen-kaufermakler\/\" class=\"more-link\">Weiterlesen<span class=\"more-link-arrow\"><\/span><\/a><\/div><\/div><\/div><footer class=\"entry-footer\"><div class=\"slide-meta\"><time class='slide-meta-time updated'  itemprop=\"datePublished\" datetime=\"2026-07-28T13:09:02+02:00\" >28. Juli 2026<\/time><\/div><\/footer><span class='hidden'>\n\t\t\t\t<span class='av-structured-data'  itemprop=\"image\" itemscope=\"itemscope\" itemtype=\"https:\/\/schema.org\/ImageObject\" >\n\t\t\t\t\t\t<span itemprop='url'>https:\/\/www.livingonthecotedazur.com\/wp-content\/uploads\/2026\/07\/buyer-agent-dutch-french-riviera-ab-and-jo-kuijer.jpg<\/span>\n\t\t\t\t\t\t<span itemprop='height'>667<\/span>\n\t\t\t\t\t\t<span itemprop='width'>1000<\/span>\n\t\t\t\t<\/span>\n\t\t\t\t<span class='av-structured-data'  itemprop=\"publisher\" itemtype=\"https:\/\/schema.org\/Organization\" itemscope=\"itemscope\" >\n\t\t\t\t\t\t<span itemprop='name'>Ab Kuijer<\/span>\n\t\t\t\t\t\t<span itemprop='logo' itemscope itemtype='https:\/\/schema.org\/ImageObject'>\n\t\t\t\t\t\t\t<span itemprop='url'>https:\/\/www.livingonthecotedazur.com\/wp-content\/uploads\/2024\/02\/sitelogo150.png<\/span>\n\t\t\t\t\t\t<\/span>\n\t\t\t\t<\/span><span class='av-structured-data'  itemprop=\"author\" itemscope=\"itemscope\" itemtype=\"https:\/\/schema.org\/Person\" ><span itemprop='name'>Ab Kuijer<\/span><\/span><span class='av-structured-data'  itemprop=\"datePublished\" datetime=\"2023-09-06T08:07:08+02:00\" >2026-07-28 13:09:02<\/span><span class='av-structured-data'  itemprop=\"dateModified\" itemtype=\"https:\/\/schema.org\/dateModified\" >2026-07-28 13:09:07<\/span><span class='av-structured-data'  itemprop=\"mainEntityOfPage\" itemtype=\"https:\/\/schema.org\/mainEntityOfPage\" ><span itemprop='name'>Erwerben Sie eine Immobilie an der franz\u00f6sischen Riviera \u00fcber einen vertrauensw\u00fcrdigen K\u00e4ufermakler<\/span><\/span><\/span><\/article><\/div><div class=\"slide-entry-wrap\"><article class='slide-entry flex_column  post-entry post-entry-3849725 slide-entry-overview slide-loop-9 slide-parity-odd  av_one_half first real-thumbnail posttype-post post-format-standard'  itemscope=\"itemscope\" itemtype=\"https:\/\/schema.org\/CreativeWork\" ><a href='https:\/\/www.livingonthecotedazur.com\/de\/villen-und-wohnungen-zum-verkauf-in-peymeinade\/' data-rel='slide-1' class='slide-image' title='Villen und Wohnungen zum Verkauf in Peymeinade'><img decoding=\"async\" fetchpriority=\"high\" width=\"495\" height=\"400\" src=\"https:\/\/www.livingonthecotedazur.com\/wp-content\/uploads\/2026\/08\/Peymeinade-495x400.jpg\" class=\"wp-image-3849726 avia-img-lazy-loading-not-3849726 attachment-portfolio size-portfolio wp-post-image\" alt=\"\" \/><\/a><div class=\"slide-content\"><header class=\"entry-content-header\"><h2 class='slide-entry-title entry-title '  itemprop=\"headline\" ><a href='https:\/\/www.livingonthecotedazur.com\/de\/villen-und-wohnungen-zum-verkauf-in-peymeinade\/' title='Villen und Wohnungen zum Verkauf in Peymeinade'>Villen und Wohnungen zum Verkauf in Peymeinade<\/a><\/h2><span class=\"blog-categories minor-meta\"><span class=\"blog-author minor-meta\"><span class=\"author\">von Feline Kuijer<\/span><\/span><span class=\"text-sep\">\/<\/span><time class='slide-meta-time updated'  itemprop=\"datePublished\" datetime=\"2026-07-26T09:35:07+02:00\" >26. Juli 2026<\/time><span class=\"text-sep\">\/<\/span>in Blog, Landingpage <\/span><span class=\"av-vertical-delimiter\"><\/span><\/header><div class='slide-entry-excerpt entry-content'  itemprop=\"text\" >\n\nTL;DR\n\n\n\nPeymeinade ist eine etablierte Wohnstadt in den H\u00fcgeln westlich von Grasse, die Villen, Einfamilienh\u00e4user und Anwesen auf dem Land in praktischer N\u00e4he zu Cannes und der Mittelmeerk\u00fcste bietet.  Die ans\u00e4ssige Bev\u00f6lkerung, die\u2026<div class=\"read-more-link\"><a href=\"https:\/\/www.livingonthecotedazur.com\/de\/villen-und-wohnungen-zum-verkauf-in-peymeinade\/\" class=\"more-link\">Weiterlesen<span class=\"more-link-arrow\"><\/span><\/a><\/div><\/div><\/div><footer class=\"entry-footer\"><div class=\"slide-meta\"><time class='slide-meta-time updated'  itemprop=\"datePublished\" datetime=\"2026-07-26T09:35:07+02:00\" >26. Juli 2026<\/time><\/div><\/footer><span class='hidden'>\n\t\t\t\t<span class='av-structured-data'  itemprop=\"image\" itemscope=\"itemscope\" itemtype=\"https:\/\/schema.org\/ImageObject\" >\n\t\t\t\t\t\t<span itemprop='url'>https:\/\/www.livingonthecotedazur.com\/wp-content\/uploads\/2026\/08\/Peymeinade.jpg<\/span>\n\t\t\t\t\t\t<span itemprop='height'>667<\/span>\n\t\t\t\t\t\t<span itemprop='width'>1000<\/span>\n\t\t\t\t<\/span>\n\t\t\t\t<span class='av-structured-data'  itemprop=\"publisher\" itemtype=\"https:\/\/schema.org\/Organization\" itemscope=\"itemscope\" >\n\t\t\t\t\t\t<span itemprop='name'>Feline Kuijer<\/span>\n\t\t\t\t\t\t<span itemprop='logo' itemscope itemtype='https:\/\/schema.org\/ImageObject'>\n\t\t\t\t\t\t\t<span itemprop='url'>https:\/\/www.livingonthecotedazur.com\/wp-content\/uploads\/2024\/02\/sitelogo150.png<\/span>\n\t\t\t\t\t\t<\/span>\n\t\t\t\t<\/span><span class='av-structured-data'  itemprop=\"author\" itemscope=\"itemscope\" itemtype=\"https:\/\/schema.org\/Person\" ><span itemprop='name'>Feline Kuijer<\/span><\/span><span class='av-structured-data'  itemprop=\"datePublished\" datetime=\"2023-09-06T08:07:08+02:00\" >2026-07-26 09:35:07<\/span><span class='av-structured-data'  itemprop=\"dateModified\" itemtype=\"https:\/\/schema.org\/dateModified\" >2026-08-11 10:02:07<\/span><span class='av-structured-data'  itemprop=\"mainEntityOfPage\" itemtype=\"https:\/\/schema.org\/mainEntityOfPage\" ><span itemprop='name'>Villen und Wohnungen zum Verkauf in Peymeinade<\/span><\/span><\/span><\/article><article class='slide-entry flex_column  post-entry post-entry-3806779 slide-entry-overview slide-loop-10 slide-parity-even  post-entry-last  av_one_half  real-thumbnail posttype-post post-format-standard'  itemscope=\"itemscope\" itemtype=\"https:\/\/schema.org\/CreativeWork\" ><a href='https:\/\/www.livingonthecotedazur.com\/de\/ein-unternehmen-gruenden-und-an-der-franzoesischen-riviera-arbeiten\/' data-rel='slide-1' class='slide-image' title='Ein Unternehmen gr\u00fcnden und an der franz\u00f6sischen Riviera arbeiten'><img decoding=\"async\" fetchpriority=\"high\" width=\"495\" height=\"400\" src=\"https:\/\/www.livingonthecotedazur.com\/wp-content\/uploads\/2026\/07\/workinfrenchriviera-495x400.jpg\" class=\"wp-image-3806780 avia-img-lazy-loading-not-3806780 attachment-portfolio size-portfolio wp-post-image\" alt=\"The Complete Guide for Expats Everything you need to know about starting a business, choosing the right legal structure, and building a successful life on the French Riviera.\" \/><\/a><div class=\"slide-content\"><header class=\"entry-content-header\"><h2 class='slide-entry-title entry-title '  itemprop=\"headline\" ><a href='https:\/\/www.livingonthecotedazur.com\/de\/ein-unternehmen-gruenden-und-an-der-franzoesischen-riviera-arbeiten\/' title='Ein Unternehmen gr\u00fcnden und an der franz\u00f6sischen Riviera arbeiten'>Ein Unternehmen gr\u00fcnden und an der franz\u00f6sischen Riviera arbeiten<\/a><\/h2><span class=\"blog-categories minor-meta\"><span class=\"blog-author minor-meta\"><span class=\"author\">von Ab Kuijer<\/span><\/span><span class=\"text-sep\">\/<\/span><time class='slide-meta-time updated'  itemprop=\"datePublished\" datetime=\"2026-07-20T11:09:40+02:00\" >20. Juli 2026<\/time><span class=\"text-sep\">\/<\/span>in Blog, Landingpage <\/span><span class=\"av-vertical-delimiter\"><\/span><\/header><div class='slide-entry-excerpt entry-content'  itemprop=\"text\" >Der umfassende Leitfaden f\u00fcr Expats. Alles, was Sie \u00fcber die Gr\u00fcndung eines Unternehmens, die Wahl der richtigen Rechtsform und den Aufbau eines erfolgreichen Lebens an der franz\u00f6sischen Riviera wissen m\u00fcssen. <div class=\"read-more-link\"><a href=\"https:\/\/www.livingonthecotedazur.com\/de\/ein-unternehmen-gruenden-und-an-der-franzoesischen-riviera-arbeiten\/\" class=\"more-link\">Weiterlesen<span class=\"more-link-arrow\"><\/span><\/a><\/div><\/div><\/div><footer class=\"entry-footer\"><div class=\"slide-meta\"><time class='slide-meta-time updated'  itemprop=\"datePublished\" datetime=\"2026-07-20T11:09:40+02:00\" >20. Juli 2026<\/time><\/div><\/footer><span class='hidden'>\n\t\t\t\t<span class='av-structured-data'  itemprop=\"image\" itemscope=\"itemscope\" itemtype=\"https:\/\/schema.org\/ImageObject\" >\n\t\t\t\t\t\t<span itemprop='url'>https:\/\/www.livingonthecotedazur.com\/wp-content\/uploads\/2026\/07\/workinfrenchriviera.jpg<\/span>\n\t\t\t\t\t\t<span itemprop='height'>583<\/span>\n\t\t\t\t\t\t<span itemprop='width'>1000<\/span>\n\t\t\t\t<\/span>\n\t\t\t\t<span class='av-structured-data'  itemprop=\"publisher\" itemtype=\"https:\/\/schema.org\/Organization\" itemscope=\"itemscope\" >\n\t\t\t\t\t\t<span itemprop='name'>Ab Kuijer<\/span>\n\t\t\t\t\t\t<span itemprop='logo' itemscope itemtype='https:\/\/schema.org\/ImageObject'>\n\t\t\t\t\t\t\t<span itemprop='url'>https:\/\/www.livingonthecotedazur.com\/wp-content\/uploads\/2024\/02\/sitelogo150.png<\/span>\n\t\t\t\t\t\t<\/span>\n\t\t\t\t<\/span><span class='av-structured-data'  itemprop=\"author\" itemscope=\"itemscope\" itemtype=\"https:\/\/schema.org\/Person\" ><span itemprop='name'>Ab Kuijer<\/span><\/span><span class='av-structured-data'  itemprop=\"datePublished\" datetime=\"2023-09-06T08:07:08+02:00\" >2026-07-20 11:09:40<\/span><span class='av-structured-data'  itemprop=\"dateModified\" itemtype=\"https:\/\/schema.org\/dateModified\" >2026-07-20 11:24:44<\/span><span class='av-structured-data'  itemprop=\"mainEntityOfPage\" itemtype=\"https:\/\/schema.org\/mainEntityOfPage\" ><span itemprop='name'>Ein Unternehmen gr\u00fcnden und an der franz\u00f6sischen Riviera arbeiten<\/span><\/span><\/span><\/article><\/div><\/div><div class='pagination-wrap pagination-slider'><nav class='pagination'><span class='pagination-meta'>Seite 1 von 45<\/span><span class='current'>1<\/span><a href='https:\/\/www.livingonthecotedazur.com\/de\/wp-json\/wp\/v2\/pages\/1849580\/?avia-element-paging=2' class='inactive next_page' >2<\/a><a href='https:\/\/www.livingonthecotedazur.com\/de\/wp-json\/wp\/v2\/pages\/1849580\/?avia-element-paging=3' class='inactive' >3<\/a><a href='https:\/\/www.livingonthecotedazur.com\/de\/wp-json\/wp\/v2\/pages\/1849580\/?avia-element-paging=2'>&rsaquo;<\/a><a href='https:\/\/www.livingonthecotedazur.com\/de\/wp-json\/wp\/v2\/pages\/1849580\/?avia-element-paging=45'>&raquo;<\/a><\/nav>\n<\/div><\/div><br \/>\n<div  data-slideshow-options=\"{&quot;animation&quot;:&quot;fade&quot;,&quot;autoplay&quot;:false,&quot;loop_autoplay&quot;:&quot;once&quot;,&quot;interval&quot;:5,&quot;loop_manual&quot;:&quot;manual-endless&quot;,&quot;autoplay_stopper&quot;:false,&quot;noNavigation&quot;:false,&quot;show_slide_delay&quot;:90}\" class='avia-content-slider avia-content-grid-active avia-content-slider2 avia-content-slider-odd  avia-builder-el-3  el_after_av_blog  avia-builder-el-last  av-slideshow-ui av-control-default   av-no-slider-navigation av-slideshow-manual av-loop-once av-loop-manual-endless  av-desktop-hide'  itemscope=\"itemscope\" itemtype=\"https:\/\/schema.org\/Blog\" ><div class=\"avia-content-slider-inner\"><div class=\"slide-entry-wrap\"><article class='slide-entry flex_column  post-entry post-entry-3897555 slide-entry-overview slide-loop-1 slide-parity-odd  av_fullwidth first real-thumbnail posttype-post post-format-standard'  itemscope=\"itemscope\" itemtype=\"https:\/\/schema.org\/CreativeWork\" ><a href='https:\/\/www.livingonthecotedazur.com\/de\/leben-in-chateauneuf-de-grasse-der-bestgehutete-geheimtipp-der-riviera\/' data-rel='slide-2' class='slide-image' title='Leben in Ch\u00e2teauneuf de Grasse: Der bestgeh\u00fctete Geheimtipp der Riviera'><img decoding=\"async\" fetchpriority=\"high\" width=\"1000\" height=\"558\" src=\"https:\/\/www.livingonthecotedazur.com\/wp-content\/uploads\/2026\/09\/chateauneuf-de-grasse.jpg\" class=\"wp-image-3897556 avia-img-lazy-loading-not-3897556 attachment-large size-large wp-post-image\" alt=\"\" srcset=\"https:\/\/www.livingonthecotedazur.com\/wp-content\/uploads\/2026\/09\/chateauneuf-de-grasse.jpg 1000w, https:\/\/www.livingonthecotedazur.com\/wp-content\/uploads\/2026\/09\/chateauneuf-de-grasse-300x167.jpg 300w, https:\/\/www.livingonthecotedazur.com\/wp-content\/uploads\/2026\/09\/chateauneuf-de-grasse-768x429.jpg 768w, https:\/\/www.livingonthecotedazur.com\/wp-content\/uploads\/2026\/09\/chateauneuf-de-grasse-705x393.jpg 705w\" sizes=\"(max-width: 1000px) 100vw, 1000px\" \/><\/a><div class=\"slide-content\"><header class=\"entry-content-header\"><h2 class='slide-entry-title entry-title '  itemprop=\"headline\" ><a href='https:\/\/www.livingonthecotedazur.com\/de\/leben-in-chateauneuf-de-grasse-der-bestgehutete-geheimtipp-der-riviera\/' title='Leben in Ch\u00e2teauneuf de Grasse: Der bestgeh\u00fctete Geheimtipp der Riviera'>Leben in Ch\u00e2teauneuf de Grasse: Der bestgeh\u00fctete Geheimtipp der Riviera<\/a><\/h2><span class=\"blog-categories minor-meta\"><span class=\"blog-author minor-meta\"><span class=\"author\">von Ab Kuijer<\/span><\/span><span class=\"text-sep\">\/<\/span><time class='slide-meta-time updated'  itemprop=\"datePublished\" datetime=\"2026-09-03T09:53:57+02:00\" >3. September 2026<\/time><span class=\"text-sep\">\/<\/span>in Blog <\/span><span class=\"av-vertical-delimiter\"><\/span><\/header><div class='slide-entry-excerpt entry-content'  itemprop=\"text\" >TL;DR \u2013 Warum Ch\u00e2teauneuf-de-Grasse?\n\nCh\u00e2teauneuf-de-Grasse ist ein attraktiver Wohnort in den H\u00fcgeln der C\u00f4te d\u2019Azur, unweit von Grasse, Opio, Valbonne, Mougins und Sophia Antipolis. Der Ort bietet etwas, das an der franz\u00f6sischen Riviera\u2026<div class=\"read-more-link\"><a href=\"https:\/\/www.livingonthecotedazur.com\/de\/leben-in-chateauneuf-de-grasse-der-bestgehutete-geheimtipp-der-riviera\/\" class=\"more-link\">Weiterlesen<span class=\"more-link-arrow\"><\/span><\/a><\/div><\/div><\/div><footer class=\"entry-footer\"><div class=\"slide-meta\"><time class='slide-meta-time updated'  itemprop=\"datePublished\" datetime=\"2026-09-03T09:53:57+02:00\" >3. September 2026<\/time><\/div><\/footer><span class='hidden'>\n\t\t\t\t<span class='av-structured-data'  itemprop=\"image\" itemscope=\"itemscope\" itemtype=\"https:\/\/schema.org\/ImageObject\" >\n\t\t\t\t\t\t<span itemprop='url'>https:\/\/www.livingonthecotedazur.com\/wp-content\/uploads\/2026\/09\/chateauneuf-de-grasse.jpg<\/span>\n\t\t\t\t\t\t<span itemprop='height'>558<\/span>\n\t\t\t\t\t\t<span itemprop='width'>1000<\/span>\n\t\t\t\t<\/span>\n\t\t\t\t<span class='av-structured-data'  itemprop=\"publisher\" itemtype=\"https:\/\/schema.org\/Organization\" itemscope=\"itemscope\" >\n\t\t\t\t\t\t<span itemprop='name'>Ab Kuijer<\/span>\n\t\t\t\t\t\t<span itemprop='logo' itemscope itemtype='https:\/\/schema.org\/ImageObject'>\n\t\t\t\t\t\t\t<span itemprop='url'>https:\/\/www.livingonthecotedazur.com\/wp-content\/uploads\/2024\/02\/sitelogo150.png<\/span>\n\t\t\t\t\t\t<\/span>\n\t\t\t\t<\/span><span class='av-structured-data'  itemprop=\"author\" itemscope=\"itemscope\" itemtype=\"https:\/\/schema.org\/Person\" ><span itemprop='name'>Ab Kuijer<\/span><\/span><span class='av-structured-data'  itemprop=\"datePublished\" datetime=\"2023-09-06T08:07:08+02:00\" >2026-09-03 09:53:57<\/span><span class='av-structured-data'  itemprop=\"dateModified\" itemtype=\"https:\/\/schema.org\/dateModified\" >2026-09-03 10:00:22<\/span><span class='av-structured-data'  itemprop=\"mainEntityOfPage\" itemtype=\"https:\/\/schema.org\/mainEntityOfPage\" ><span itemprop='name'>Leben in Ch\u00e2teauneuf de Grasse: Der bestgeh\u00fctete Geheimtipp der Riviera<\/span><\/span><\/span><\/article><\/div><div class=\"slide-entry-wrap\"><article class='slide-entry flex_column  post-entry post-entry-3892650 slide-entry-overview slide-loop-2 slide-parity-odd  av_fullwidth first real-thumbnail posttype-post post-format-standard'  itemscope=\"itemscope\" itemtype=\"https:\/\/schema.org\/CreativeWork\" ><a href='https:\/\/www.livingonthecotedazur.com\/de\/die-franzoesische-riviera-dominiert-den-europaeischen-markt-fuer-ultra-luxusimmobilien\/' data-rel='slide-2' class='slide-image' title='Die franz\u00f6sische Riviera dominiert den europ\u00e4ischen Markt f\u00fcr Ultra-Luxusimmobilien'><img decoding=\"async\" fetchpriority=\"high\" width=\"1000\" height=\"700\" src=\"https:\/\/www.livingonthecotedazur.com\/wp-content\/uploads\/2026\/08\/ultra-luxury-property-market-French-Riviera.jpg\" class=\"wp-image-3892651 avia-img-lazy-loading-not-3892651 attachment-large size-large wp-post-image\" alt=\"French Riviera Dominates Europe\u2019s Ultra-Luxury Property Market\" srcset=\"https:\/\/www.livingonthecotedazur.com\/wp-content\/uploads\/2026\/08\/ultra-luxury-property-market-French-Riviera.jpg 1000w, https:\/\/www.livingonthecotedazur.com\/wp-content\/uploads\/2026\/08\/ultra-luxury-property-market-French-Riviera-300x210.jpg 300w, https:\/\/www.livingonthecotedazur.com\/wp-content\/uploads\/2026\/08\/ultra-luxury-property-market-French-Riviera-768x538.jpg 768w, https:\/\/www.livingonthecotedazur.com\/wp-content\/uploads\/2026\/08\/ultra-luxury-property-market-French-Riviera-705x494.jpg 705w\" sizes=\"(max-width: 1000px) 100vw, 1000px\" \/><\/a><div class=\"slide-content\"><header class=\"entry-content-header\"><h2 class='slide-entry-title entry-title '  itemprop=\"headline\" ><a href='https:\/\/www.livingonthecotedazur.com\/de\/die-franzoesische-riviera-dominiert-den-europaeischen-markt-fuer-ultra-luxusimmobilien\/' title='Die franz\u00f6sische Riviera dominiert den europ\u00e4ischen Markt f\u00fcr Ultra-Luxusimmobilien'>Die franz\u00f6sische Riviera dominiert den europ\u00e4ischen Markt f\u00fcr Ultra-Luxusimmobilien<\/a><\/h2><span class=\"blog-categories minor-meta\"><span class=\"blog-author minor-meta\"><span class=\"author\">von Ab Kuijer<\/span><\/span><span class=\"text-sep\">\/<\/span><time class='slide-meta-time updated'  itemprop=\"datePublished\" datetime=\"2026-08-31T09:45:49+02:00\" >31. August 2026<\/time><span class=\"text-sep\">\/<\/span>in Blog <\/span><span class=\"av-vertical-delimiter\"><\/span><\/header><div class='slide-entry-excerpt entry-content'  itemprop=\"text\" >\nDrei Reiseziele an der franz\u00f6sischen Riviera z\u00e4hlen zu den f\u00fcnf exklusivsten Standorten Europas f\u00fcr luxuri\u00f6se Villen am Meer. Die franz\u00f6sische Riviera hat damit erneut ihre Spitzenposition auf dem europ\u00e4ischen Luxusimmobilienmarkt untermauert.\u2026<div class=\"read-more-link\"><a href=\"https:\/\/www.livingonthecotedazur.com\/de\/die-franzoesische-riviera-dominiert-den-europaeischen-markt-fuer-ultra-luxusimmobilien\/\" class=\"more-link\">Weiterlesen<span class=\"more-link-arrow\"><\/span><\/a><\/div><\/div><\/div><footer class=\"entry-footer\"><div class=\"slide-meta\"><time class='slide-meta-time updated'  itemprop=\"datePublished\" datetime=\"2026-08-31T09:45:49+02:00\" >31. August 2026<\/time><\/div><\/footer><span class='hidden'>\n\t\t\t\t<span class='av-structured-data'  itemprop=\"image\" itemscope=\"itemscope\" itemtype=\"https:\/\/schema.org\/ImageObject\" >\n\t\t\t\t\t\t<span itemprop='url'>https:\/\/www.livingonthecotedazur.com\/wp-content\/uploads\/2026\/08\/ultra-luxury-property-market-French-Riviera.jpg<\/span>\n\t\t\t\t\t\t<span itemprop='height'>700<\/span>\n\t\t\t\t\t\t<span itemprop='width'>1000<\/span>\n\t\t\t\t<\/span>\n\t\t\t\t<span class='av-structured-data'  itemprop=\"publisher\" itemtype=\"https:\/\/schema.org\/Organization\" itemscope=\"itemscope\" >\n\t\t\t\t\t\t<span itemprop='name'>Ab Kuijer<\/span>\n\t\t\t\t\t\t<span itemprop='logo' itemscope itemtype='https:\/\/schema.org\/ImageObject'>\n\t\t\t\t\t\t\t<span itemprop='url'>https:\/\/www.livingonthecotedazur.com\/wp-content\/uploads\/2024\/02\/sitelogo150.png<\/span>\n\t\t\t\t\t\t<\/span>\n\t\t\t\t<\/span><span class='av-structured-data'  itemprop=\"author\" itemscope=\"itemscope\" itemtype=\"https:\/\/schema.org\/Person\" ><span itemprop='name'>Ab Kuijer<\/span><\/span><span class='av-structured-data'  itemprop=\"datePublished\" datetime=\"2023-09-06T08:07:08+02:00\" >2026-08-31 09:45:49<\/span><span class='av-structured-data'  itemprop=\"dateModified\" itemtype=\"https:\/\/schema.org\/dateModified\" >2026-08-31 09:58:08<\/span><span class='av-structured-data'  itemprop=\"mainEntityOfPage\" itemtype=\"https:\/\/schema.org\/mainEntityOfPage\" ><span itemprop='name'>Die franz\u00f6sische Riviera dominiert den europ\u00e4ischen Markt f\u00fcr Ultra-Luxusimmobilien<\/span><\/span><\/span><\/article><\/div><div class=\"slide-entry-wrap\"><article class='slide-entry flex_column  post-entry post-entry-3888908 slide-entry-overview slide-loop-3 slide-parity-odd  av_fullwidth first real-thumbnail posttype-post post-format-standard'  itemscope=\"itemscope\" itemtype=\"https:\/\/schema.org\/CreativeWork\" ><a href='https:\/\/www.livingonthecotedazur.com\/de\/neu-in-unserem-nordzypern-portfolio-ein-verstecktes-paradies-in-esentepe\/' data-rel='slide-2' class='slide-image' title='Neu in unserem Nordzypern-Portfolio: Ein verstecktes Paradies in Esentepe'><img decoding=\"async\" fetchpriority=\"high\" width=\"1024\" height=\"768\" src=\"https:\/\/www.livingonthecotedazur.com\/wp-content\/uploads\/2026\/08\/secret-paradise-north-cyprus.jpg\" class=\"wp-image-3888910 avia-img-lazy-loading-not-3888910 attachment-large size-large wp-post-image\" alt=\"secret paradise north cyprus\" srcset=\"https:\/\/www.livingonthecotedazur.com\/wp-content\/uploads\/2026\/08\/secret-paradise-north-cyprus.jpg 1024w, https:\/\/www.livingonthecotedazur.com\/wp-content\/uploads\/2026\/08\/secret-paradise-north-cyprus-300x225.jpg 300w, https:\/\/www.livingonthecotedazur.com\/wp-content\/uploads\/2026\/08\/secret-paradise-north-cyprus-768x576.jpg 768w, https:\/\/www.livingonthecotedazur.com\/wp-content\/uploads\/2026\/08\/secret-paradise-north-cyprus-705x529.jpg 705w, https:\/\/www.livingonthecotedazur.com\/wp-content\/uploads\/2026\/08\/secret-paradise-north-cyprus-460x345.jpg 460w, https:\/\/www.livingonthecotedazur.com\/wp-content\/uploads\/2026\/08\/secret-paradise-north-cyprus-320x240.jpg 320w, https:\/\/www.livingonthecotedazur.com\/wp-content\/uploads\/2026\/08\/secret-paradise-north-cyprus-960x720.jpg 960w\" sizes=\"(max-width: 1024px) 100vw, 1024px\" \/><\/a><div class=\"slide-content\"><header class=\"entry-content-header\"><h2 class='slide-entry-title entry-title '  itemprop=\"headline\" ><a href='https:\/\/www.livingonthecotedazur.com\/de\/neu-in-unserem-nordzypern-portfolio-ein-verstecktes-paradies-in-esentepe\/' title='Neu in unserem Nordzypern-Portfolio: Ein verstecktes Paradies in Esentepe'>Neu in unserem Nordzypern-Portfolio: Ein verstecktes Paradies in Esentepe<\/a><\/h2><span class=\"blog-categories minor-meta\"><span class=\"blog-author minor-meta\"><span class=\"author\">von Ab Kuijer<\/span><\/span><span class=\"text-sep\">\/<\/span><time class='slide-meta-time updated'  itemprop=\"datePublished\" datetime=\"2026-08-28T11:08:19+02:00\" >28. August 2026<\/time><span class=\"text-sep\">\/<\/span>in Blog <\/span><span class=\"av-vertical-delimiter\"><\/span><\/header><div class='slide-entry-excerpt entry-content'  itemprop=\"text\" >\u201eSecret Paradise\u201c besteht aus lediglich 16 luxuri\u00f6sen Reihenh\u00e4usern, die etwa 100 Meter vom Mittelmeer entfernt liegen und einen Panoramablick auf das Meer bieten, \u00fcber gro\u00dfz\u00fcgige Au\u00dfenbereiche verf\u00fcgen und vor der Kulisse des imposanten Kyrenia-Gebirges liegen.<div class=\"read-more-link\"><a href=\"https:\/\/www.livingonthecotedazur.com\/de\/neu-in-unserem-nordzypern-portfolio-ein-verstecktes-paradies-in-esentepe\/\" class=\"more-link\">Weiterlesen<span class=\"more-link-arrow\"><\/span><\/a><\/div><\/div><\/div><footer class=\"entry-footer\"><div class=\"slide-meta\"><time class='slide-meta-time updated'  itemprop=\"datePublished\" datetime=\"2026-08-28T11:08:19+02:00\" >28. August 2026<\/time><\/div><\/footer><span class='hidden'>\n\t\t\t\t<span class='av-structured-data'  itemprop=\"image\" itemscope=\"itemscope\" itemtype=\"https:\/\/schema.org\/ImageObject\" >\n\t\t\t\t\t\t<span itemprop='url'>https:\/\/www.livingonthecotedazur.com\/wp-content\/uploads\/2026\/08\/secret-paradise-north-cyprus.jpg<\/span>\n\t\t\t\t\t\t<span itemprop='height'>768<\/span>\n\t\t\t\t\t\t<span itemprop='width'>1024<\/span>\n\t\t\t\t<\/span>\n\t\t\t\t<span class='av-structured-data'  itemprop=\"publisher\" itemtype=\"https:\/\/schema.org\/Organization\" itemscope=\"itemscope\" >\n\t\t\t\t\t\t<span itemprop='name'>Ab Kuijer<\/span>\n\t\t\t\t\t\t<span itemprop='logo' itemscope itemtype='https:\/\/schema.org\/ImageObject'>\n\t\t\t\t\t\t\t<span itemprop='url'>https:\/\/www.livingonthecotedazur.com\/wp-content\/uploads\/2024\/02\/sitelogo150.png<\/span>\n\t\t\t\t\t\t<\/span>\n\t\t\t\t<\/span><span class='av-structured-data'  itemprop=\"author\" itemscope=\"itemscope\" itemtype=\"https:\/\/schema.org\/Person\" ><span itemprop='name'>Ab Kuijer<\/span><\/span><span class='av-structured-data'  itemprop=\"datePublished\" datetime=\"2023-09-06T08:07:08+02:00\" >2026-08-28 11:08:19<\/span><span class='av-structured-data'  itemprop=\"dateModified\" itemtype=\"https:\/\/schema.org\/dateModified\" >2026-08-28 11:14:59<\/span><span class='av-structured-data'  itemprop=\"mainEntityOfPage\" itemtype=\"https:\/\/schema.org\/mainEntityOfPage\" ><span itemprop='name'>Neu in unserem Nordzypern-Portfolio: Ein verstecktes Paradies in Esentepe<\/span><\/span><\/span><\/article><\/div><div class=\"slide-entry-wrap\"><article class='slide-entry flex_column  post-entry post-entry-3883802 slide-entry-overview slide-loop-4 slide-parity-odd  av_fullwidth first real-thumbnail posttype-post post-format-standard'  itemscope=\"itemscope\" itemtype=\"https:\/\/schema.org\/CreativeWork\" ><a href='https:\/\/www.livingonthecotedazur.com\/de\/leben-in-falicon-das-beste-aus-beiden-welten-oberhalb-von-nizza\/' data-rel='slide-2' class='slide-image' title='Leben in Falicon: Das Beste aus beiden Welten oberhalb von Nizza'><img decoding=\"async\" fetchpriority=\"high\" width=\"1000\" height=\"600\" src=\"https:\/\/www.livingonthecotedazur.com\/wp-content\/uploads\/2026\/08\/falicon.jpg\" class=\"wp-image-3883803 avia-img-lazy-loading-not-3883803 attachment-large size-large wp-post-image\" alt=\"falicon\" srcset=\"https:\/\/www.livingonthecotedazur.com\/wp-content\/uploads\/2026\/08\/falicon.jpg 1000w, https:\/\/www.livingonthecotedazur.com\/wp-content\/uploads\/2026\/08\/falicon-300x180.jpg 300w, https:\/\/www.livingonthecotedazur.com\/wp-content\/uploads\/2026\/08\/falicon-768x461.jpg 768w, https:\/\/www.livingonthecotedazur.com\/wp-content\/uploads\/2026\/08\/falicon-705x423.jpg 705w\" sizes=\"(max-width: 1000px) 100vw, 1000px\" \/><\/a><div class=\"slide-content\"><header class=\"entry-content-header\"><h2 class='slide-entry-title entry-title '  itemprop=\"headline\" ><a href='https:\/\/www.livingonthecotedazur.com\/de\/leben-in-falicon-das-beste-aus-beiden-welten-oberhalb-von-nizza\/' title='Leben in Falicon: Das Beste aus beiden Welten oberhalb von Nizza'>Leben in Falicon: Das Beste aus beiden Welten oberhalb von Nizza<\/a><\/h2><span class=\"blog-categories minor-meta\"><span class=\"blog-author minor-meta\"><span class=\"author\">von Ab Kuijer<\/span><\/span><span class=\"text-sep\">\/<\/span><time class='slide-meta-time updated'  itemprop=\"datePublished\" datetime=\"2026-08-26T12:30:55+02:00\" >26. August 2026<\/time><span class=\"text-sep\">\/<\/span>in Blog <\/span><span class=\"av-vertical-delimiter\"><\/span><\/header><div class='slide-entry-excerpt entry-content'  itemprop=\"text\" >\nNur zehn Kilometer vom Zentrum von Nizza entfernt erwartet Sie eine ganz andere C\u00f4te d\u2019Azur.\n\nKeine \u00fcberf\u00fcllten Boulevards. Keine Wohnblocks, die jede Stra\u00dfe s\u00e4umen. Stattdessen gibt es gr\u00fcne H\u00fcgel, Olivenb\u00e4ume, mediterrane Vegetation,\u2026<div class=\"read-more-link\"><a href=\"https:\/\/www.livingonthecotedazur.com\/de\/leben-in-falicon-das-beste-aus-beiden-welten-oberhalb-von-nizza\/\" class=\"more-link\">Weiterlesen<span class=\"more-link-arrow\"><\/span><\/a><\/div><\/div><\/div><footer class=\"entry-footer\"><div class=\"slide-meta\"><time class='slide-meta-time updated'  itemprop=\"datePublished\" datetime=\"2026-08-26T12:30:55+02:00\" >26. August 2026<\/time><\/div><\/footer><span class='hidden'>\n\t\t\t\t<span class='av-structured-data'  itemprop=\"image\" itemscope=\"itemscope\" itemtype=\"https:\/\/schema.org\/ImageObject\" >\n\t\t\t\t\t\t<span itemprop='url'>https:\/\/www.livingonthecotedazur.com\/wp-content\/uploads\/2026\/08\/falicon.jpg<\/span>\n\t\t\t\t\t\t<span itemprop='height'>600<\/span>\n\t\t\t\t\t\t<span itemprop='width'>1000<\/span>\n\t\t\t\t<\/span>\n\t\t\t\t<span class='av-structured-data'  itemprop=\"publisher\" itemtype=\"https:\/\/schema.org\/Organization\" itemscope=\"itemscope\" >\n\t\t\t\t\t\t<span itemprop='name'>Ab Kuijer<\/span>\n\t\t\t\t\t\t<span itemprop='logo' itemscope itemtype='https:\/\/schema.org\/ImageObject'>\n\t\t\t\t\t\t\t<span itemprop='url'>https:\/\/www.livingonthecotedazur.com\/wp-content\/uploads\/2024\/02\/sitelogo150.png<\/span>\n\t\t\t\t\t\t<\/span>\n\t\t\t\t<\/span><span class='av-structured-data'  itemprop=\"author\" itemscope=\"itemscope\" itemtype=\"https:\/\/schema.org\/Person\" ><span itemprop='name'>Ab Kuijer<\/span><\/span><span class='av-structured-data'  itemprop=\"datePublished\" datetime=\"2023-09-06T08:07:08+02:00\" >2026-08-26 12:30:55<\/span><span class='av-structured-data'  itemprop=\"dateModified\" itemtype=\"https:\/\/schema.org\/dateModified\" >2026-08-26 17:37:40<\/span><span class='av-structured-data'  itemprop=\"mainEntityOfPage\" itemtype=\"https:\/\/schema.org\/mainEntityOfPage\" ><span itemprop='name'>Leben in Falicon: Das Beste aus beiden Welten oberhalb von Nizza<\/span><\/span><\/span><\/article><\/div><div class=\"slide-entry-wrap\"><article class='slide-entry flex_column  post-entry post-entry-3881359 slide-entry-overview slide-loop-5 slide-parity-odd  av_fullwidth first real-thumbnail posttype-post post-format-standard'  itemscope=\"itemscope\" itemtype=\"https:\/\/schema.org\/CreativeWork\" ><a href='https:\/\/www.livingonthecotedazur.com\/de\/warum-wir-unsere-meinung-zum-thema-solarenergie-geaendert-haben\/' data-rel='slide-2' class='slide-image' title='Warum wir unsere Meinung zum Thema Solarenergie ge\u00e4ndert haben'><img decoding=\"async\" fetchpriority=\"high\" width=\"1000\" height=\"600\" src=\"https:\/\/www.livingonthecotedazur.com\/wp-content\/uploads\/2026\/08\/zonnepanelen.jpg\" class=\"wp-image-3878814 avia-img-lazy-loading-not-3878814 attachment-large size-large wp-post-image\" alt=\"Solar Panels on the French Riviera\" srcset=\"https:\/\/www.livingonthecotedazur.com\/wp-content\/uploads\/2026\/08\/zonnepanelen.jpg 1000w, https:\/\/www.livingonthecotedazur.com\/wp-content\/uploads\/2026\/08\/zonnepanelen-300x180.jpg 300w, https:\/\/www.livingonthecotedazur.com\/wp-content\/uploads\/2026\/08\/zonnepanelen-768x461.jpg 768w, https:\/\/www.livingonthecotedazur.com\/wp-content\/uploads\/2026\/08\/zonnepanelen-705x423.jpg 705w\" sizes=\"(max-width: 1000px) 100vw, 1000px\" \/><\/a><div class=\"slide-content\"><header class=\"entry-content-header\"><h2 class='slide-entry-title entry-title '  itemprop=\"headline\" ><a href='https:\/\/www.livingonthecotedazur.com\/de\/warum-wir-unsere-meinung-zum-thema-solarenergie-geaendert-haben\/' title='Warum wir unsere Meinung zum Thema Solarenergie ge\u00e4ndert haben'>Warum wir unsere Meinung zum Thema Solarenergie ge\u00e4ndert haben<\/a><\/h2><span class=\"blog-categories minor-meta\"><span class=\"blog-author minor-meta\"><span class=\"author\">von Ab Kuijer<\/span><\/span><span class=\"text-sep\">\/<\/span><time class='slide-meta-time updated'  itemprop=\"datePublished\" datetime=\"2026-08-25T12:44:13+02:00\" >25. August 2026<\/time><span class=\"text-sep\">\/<\/span>in Blog <\/span><span class=\"av-vertical-delimiter\"><\/span><\/header><div class='slide-entry-excerpt entry-content'  itemprop=\"text\" >\nAls wir vor etwa 20 Jahren nach S\u00fcdfrankreich zogen, schien die Installation von Solarmodulen eine naheliegende Entscheidung zu sein.\n\nSchlie\u00dflich waren wir in eine der sonnigsten Regionen Frankreichs gezogen. Warum sollten wir all diese\u2026<div class=\"read-more-link\"><a href=\"https:\/\/www.livingonthecotedazur.com\/de\/warum-wir-unsere-meinung-zum-thema-solarenergie-geaendert-haben\/\" class=\"more-link\">Weiterlesen<span class=\"more-link-arrow\"><\/span><\/a><\/div><\/div><\/div><footer class=\"entry-footer\"><div class=\"slide-meta\"><time class='slide-meta-time updated'  itemprop=\"datePublished\" datetime=\"2026-08-25T12:44:13+02:00\" >25. August 2026<\/time><\/div><\/footer><span class='hidden'>\n\t\t\t\t<span class='av-structured-data'  itemprop=\"image\" itemscope=\"itemscope\" itemtype=\"https:\/\/schema.org\/ImageObject\" >\n\t\t\t\t\t\t<span itemprop='url'>https:\/\/www.livingonthecotedazur.com\/wp-content\/uploads\/2026\/08\/zonnepanelen.jpg<\/span>\n\t\t\t\t\t\t<span itemprop='height'>600<\/span>\n\t\t\t\t\t\t<span itemprop='width'>1000<\/span>\n\t\t\t\t<\/span>\n\t\t\t\t<span class='av-structured-data'  itemprop=\"publisher\" itemtype=\"https:\/\/schema.org\/Organization\" itemscope=\"itemscope\" >\n\t\t\t\t\t\t<span itemprop='name'>Ab Kuijer<\/span>\n\t\t\t\t\t\t<span itemprop='logo' itemscope itemtype='https:\/\/schema.org\/ImageObject'>\n\t\t\t\t\t\t\t<span itemprop='url'>https:\/\/www.livingonthecotedazur.com\/wp-content\/uploads\/2024\/02\/sitelogo150.png<\/span>\n\t\t\t\t\t\t<\/span>\n\t\t\t\t<\/span><span class='av-structured-data'  itemprop=\"author\" itemscope=\"itemscope\" itemtype=\"https:\/\/schema.org\/Person\" ><span itemprop='name'>Ab Kuijer<\/span><\/span><span class='av-structured-data'  itemprop=\"datePublished\" datetime=\"2023-09-06T08:07:08+02:00\" >2026-08-25 12:44:13<\/span><span class='av-structured-data'  itemprop=\"dateModified\" itemtype=\"https:\/\/schema.org\/dateModified\" >2026-08-25 12:50:12<\/span><span class='av-structured-data'  itemprop=\"mainEntityOfPage\" itemtype=\"https:\/\/schema.org\/mainEntityOfPage\" ><span itemprop='name'>Warum wir unsere Meinung zum Thema Solarenergie ge\u00e4ndert haben<\/span><\/span><\/span><\/article><\/div><div class=\"slide-entry-wrap\"><article class='slide-entry flex_column  post-entry post-entry-3845275 slide-entry-overview slide-loop-6 slide-parity-odd  av_fullwidth first real-thumbnail posttype-post post-format-standard'  itemscope=\"itemscope\" itemtype=\"https:\/\/schema.org\/CreativeWork\" ><a href='https:\/\/www.livingonthecotedazur.com\/de\/das-beste-geschenk-fuer-ihr-kind-fuer-die-zukunft\/' data-rel='slide-2' class='slide-image' title='Das beste Geschenk f\u00fcr Ihr Kind. F\u00fcr die Zukunft.'><img decoding=\"async\" fetchpriority=\"high\" width=\"1000\" height=\"667\" src=\"https:\/\/www.livingonthecotedazur.com\/wp-content\/uploads\/2026\/08\/legacy-vastgoed-later-familie-cotedazur.jpg\" class=\"wp-image-3845277 avia-img-lazy-loading-not-3845277 attachment-large size-large wp-post-image\" alt=\"\" srcset=\"https:\/\/www.livingonthecotedazur.com\/wp-content\/uploads\/2026\/08\/legacy-vastgoed-later-familie-cotedazur.jpg 1000w, https:\/\/www.livingonthecotedazur.com\/wp-content\/uploads\/2026\/08\/legacy-vastgoed-later-familie-cotedazur-300x200.jpg 300w, https:\/\/www.livingonthecotedazur.com\/wp-content\/uploads\/2026\/08\/legacy-vastgoed-later-familie-cotedazur-768x512.jpg 768w, https:\/\/www.livingonthecotedazur.com\/wp-content\/uploads\/2026\/08\/legacy-vastgoed-later-familie-cotedazur-705x470.jpg 705w\" sizes=\"(max-width: 1000px) 100vw, 1000px\" \/><\/a><div class=\"slide-content\"><header class=\"entry-content-header\"><h2 class='slide-entry-title entry-title '  itemprop=\"headline\" ><a href='https:\/\/www.livingonthecotedazur.com\/de\/das-beste-geschenk-fuer-ihr-kind-fuer-die-zukunft\/' title='Das beste Geschenk f\u00fcr Ihr Kind. F\u00fcr die Zukunft.'>Das beste Geschenk f\u00fcr Ihr Kind. F\u00fcr die Zukunft.<\/a><\/h2><span class=\"blog-categories minor-meta\"><span class=\"blog-author minor-meta\"><span class=\"author\">von Ab Kuijer<\/span><\/span><span class=\"text-sep\">\/<\/span><time class='slide-meta-time updated'  itemprop=\"datePublished\" datetime=\"2026-08-07T17:48:44+02:00\" >7. August 2026<\/time><span class=\"text-sep\">\/<\/span>in Blog <\/span><span class=\"av-vertical-delimiter\"><\/span><\/header><div class='slide-entry-excerpt entry-content'  itemprop=\"text\" >Ein Haus in S\u00fcdfrankreich kann ein Familienverm\u00f6gen darstellen, das Erinnerungen schafft, Wohlstand aufbaut und k\u00fcnftigen Generationen einen finanziellen Vorsprung verschafft.  <div class=\"read-more-link\"><a href=\"https:\/\/www.livingonthecotedazur.com\/de\/das-beste-geschenk-fuer-ihr-kind-fuer-die-zukunft\/\" class=\"more-link\">Weiterlesen<span class=\"more-link-arrow\"><\/span><\/a><\/div><\/div><\/div><footer class=\"entry-footer\"><div class=\"slide-meta\"><time class='slide-meta-time updated'  itemprop=\"datePublished\" datetime=\"2026-08-07T17:48:44+02:00\" >7. August 2026<\/time><\/div><\/footer><span class='hidden'>\n\t\t\t\t<span class='av-structured-data'  itemprop=\"image\" itemscope=\"itemscope\" itemtype=\"https:\/\/schema.org\/ImageObject\" >\n\t\t\t\t\t\t<span itemprop='url'>https:\/\/www.livingonthecotedazur.com\/wp-content\/uploads\/2026\/08\/legacy-vastgoed-later-familie-cotedazur.jpg<\/span>\n\t\t\t\t\t\t<span itemprop='height'>667<\/span>\n\t\t\t\t\t\t<span itemprop='width'>1000<\/span>\n\t\t\t\t<\/span>\n\t\t\t\t<span class='av-structured-data'  itemprop=\"publisher\" itemtype=\"https:\/\/schema.org\/Organization\" itemscope=\"itemscope\" >\n\t\t\t\t\t\t<span itemprop='name'>Ab Kuijer<\/span>\n\t\t\t\t\t\t<span itemprop='logo' itemscope itemtype='https:\/\/schema.org\/ImageObject'>\n\t\t\t\t\t\t\t<span itemprop='url'>https:\/\/www.livingonthecotedazur.com\/wp-content\/uploads\/2024\/02\/sitelogo150.png<\/span>\n\t\t\t\t\t\t<\/span>\n\t\t\t\t<\/span><span class='av-structured-data'  itemprop=\"author\" itemscope=\"itemscope\" itemtype=\"https:\/\/schema.org\/Person\" ><span itemprop='name'>Ab Kuijer<\/span><\/span><span class='av-structured-data'  itemprop=\"datePublished\" datetime=\"2023-09-06T08:07:08+02:00\" >2026-08-07 17:48:44<\/span><span class='av-structured-data'  itemprop=\"dateModified\" itemtype=\"https:\/\/schema.org\/dateModified\" >2026-08-09 11:53:59<\/span><span class='av-structured-data'  itemprop=\"mainEntityOfPage\" itemtype=\"https:\/\/schema.org\/mainEntityOfPage\" ><span itemprop='name'>Das beste Geschenk f\u00fcr Ihr Kind. F\u00fcr die Zukunft.<\/span><\/span><\/span><\/article><\/div><div class=\"slide-entry-wrap\"><article class='slide-entry flex_column  post-entry post-entry-3852032 slide-entry-overview slide-loop-7 slide-parity-odd  av_fullwidth first real-thumbnail posttype-post post-format-standard'  itemscope=\"itemscope\" itemtype=\"https:\/\/schema.org\/CreativeWork\" ><a href='https:\/\/www.livingonthecotedazur.com\/de\/villen-und-wohnungen-zum-verkauf-in-theoule-sur-mer\/' data-rel='slide-2' class='slide-image' title='Villen und Wohnungen zum Verkauf in Th\u00e9oule-sur-Mer'><img decoding=\"async\" fetchpriority=\"high\" width=\"1000\" height=\"681\" src=\"https:\/\/www.livingonthecotedazur.com\/wp-content\/uploads\/2026\/08\/Theoule-sur-MEr.jpg\" class=\"wp-image-3852033 avia-img-lazy-loading-not-3852033 attachment-large size-large wp-post-image\" alt=\"\" srcset=\"https:\/\/www.livingonthecotedazur.com\/wp-content\/uploads\/2026\/08\/Theoule-sur-MEr.jpg 1000w, https:\/\/www.livingonthecotedazur.com\/wp-content\/uploads\/2026\/08\/Theoule-sur-MEr-300x204.jpg 300w, https:\/\/www.livingonthecotedazur.com\/wp-content\/uploads\/2026\/08\/Theoule-sur-MEr-768x523.jpg 768w, https:\/\/www.livingonthecotedazur.com\/wp-content\/uploads\/2026\/08\/Theoule-sur-MEr-705x480.jpg 705w\" sizes=\"(max-width: 1000px) 100vw, 1000px\" \/><\/a><div class=\"slide-content\"><header class=\"entry-content-header\"><h2 class='slide-entry-title entry-title '  itemprop=\"headline\" ><a href='https:\/\/www.livingonthecotedazur.com\/de\/villen-und-wohnungen-zum-verkauf-in-theoule-sur-mer\/' title='Villen und Wohnungen zum Verkauf in Th\u00e9oule-sur-Mer'>Villen und Wohnungen zum Verkauf in Th\u00e9oule-sur-Mer<\/a><\/h2><span class=\"blog-categories minor-meta\"><span class=\"blog-author minor-meta\"><span class=\"author\">von Feline Kuijer<\/span><\/span><span class=\"text-sep\">\/<\/span><time class='slide-meta-time updated'  itemprop=\"datePublished\" datetime=\"2026-08-01T21:01:45+02:00\" >1. August 2026<\/time><span class=\"text-sep\">\/<\/span>in Blog, Landingpage <\/span><span class=\"av-vertical-delimiter\"><\/span><\/header><div class='slide-entry-excerpt entry-content'  itemprop=\"text\" >\n\nTL;DR\n\n\n\nTh\u00e9oule-sur-Mer ist ein \u00e4u\u00dferst charakteristischer Immobilienmarkt an der K\u00fcste unmittelbar westlich von Cannes, der zwischen dem Mittelmeer und den roten H\u00fcgeln des Est\u00e9rel liegt.  Die h\u00fcgelige Landschaft, die weit verbreitete\u2026<div class=\"read-more-link\"><a href=\"https:\/\/www.livingonthecotedazur.com\/de\/villen-und-wohnungen-zum-verkauf-in-theoule-sur-mer\/\" class=\"more-link\">Weiterlesen<span class=\"more-link-arrow\"><\/span><\/a><\/div><\/div><\/div><footer class=\"entry-footer\"><div class=\"slide-meta\"><time class='slide-meta-time updated'  itemprop=\"datePublished\" datetime=\"2026-08-01T21:01:45+02:00\" >1. August 2026<\/time><\/div><\/footer><span class='hidden'>\n\t\t\t\t<span class='av-structured-data'  itemprop=\"image\" itemscope=\"itemscope\" itemtype=\"https:\/\/schema.org\/ImageObject\" >\n\t\t\t\t\t\t<span itemprop='url'>https:\/\/www.livingonthecotedazur.com\/wp-content\/uploads\/2026\/08\/Theoule-sur-MEr.jpg<\/span>\n\t\t\t\t\t\t<span itemprop='height'>681<\/span>\n\t\t\t\t\t\t<span itemprop='width'>1000<\/span>\n\t\t\t\t<\/span>\n\t\t\t\t<span class='av-structured-data'  itemprop=\"publisher\" itemtype=\"https:\/\/schema.org\/Organization\" itemscope=\"itemscope\" >\n\t\t\t\t\t\t<span itemprop='name'>Feline Kuijer<\/span>\n\t\t\t\t\t\t<span itemprop='logo' itemscope itemtype='https:\/\/schema.org\/ImageObject'>\n\t\t\t\t\t\t\t<span itemprop='url'>https:\/\/www.livingonthecotedazur.com\/wp-content\/uploads\/2024\/02\/sitelogo150.png<\/span>\n\t\t\t\t\t\t<\/span>\n\t\t\t\t<\/span><span class='av-structured-data'  itemprop=\"author\" itemscope=\"itemscope\" itemtype=\"https:\/\/schema.org\/Person\" ><span itemprop='name'>Feline Kuijer<\/span><\/span><span class='av-structured-data'  itemprop=\"datePublished\" datetime=\"2023-09-06T08:07:08+02:00\" >2026-08-01 21:01:45<\/span><span class='av-structured-data'  itemprop=\"dateModified\" itemtype=\"https:\/\/schema.org\/dateModified\" >2026-08-11 21:23:51<\/span><span class='av-structured-data'  itemprop=\"mainEntityOfPage\" itemtype=\"https:\/\/schema.org\/mainEntityOfPage\" ><span itemprop='name'>Villen und Wohnungen zum Verkauf in Th\u00e9oule-sur-Mer<\/span><\/span><\/span><\/article><\/div><div class=\"slide-entry-wrap\"><article class='slide-entry flex_column  post-entry post-entry-3820902 slide-entry-overview slide-loop-8 slide-parity-odd  av_fullwidth first real-thumbnail posttype-post post-format-standard'  itemscope=\"itemscope\" itemtype=\"https:\/\/schema.org\/CreativeWork\" ><a href='https:\/\/www.livingonthecotedazur.com\/de\/erwerben-sie-eine-immobilie-an-der-franzosischen-riviera-uber-einen-vertrauenswurdigen-kaufermakler\/' data-rel='slide-2' class='slide-image' title='Erwerben Sie eine Immobilie an der franz\u00f6sischen Riviera \u00fcber einen vertrauensw\u00fcrdigen K\u00e4ufermakler'><img decoding=\"async\" fetchpriority=\"high\" width=\"1000\" height=\"667\" src=\"https:\/\/www.livingonthecotedazur.com\/wp-content\/uploads\/2026\/07\/buyer-agent-dutch-french-riviera-ab-and-jo-kuijer.jpg\" class=\"wp-image-3820903 avia-img-lazy-loading-not-3820903 attachment-large size-large wp-post-image\" alt=\"buyer agent dutch french riviera ab and jo kuijer\" srcset=\"https:\/\/www.livingonthecotedazur.com\/wp-content\/uploads\/2026\/07\/buyer-agent-dutch-french-riviera-ab-and-jo-kuijer.jpg 1000w, https:\/\/www.livingonthecotedazur.com\/wp-content\/uploads\/2026\/07\/buyer-agent-dutch-french-riviera-ab-and-jo-kuijer-300x200.jpg 300w, https:\/\/www.livingonthecotedazur.com\/wp-content\/uploads\/2026\/07\/buyer-agent-dutch-french-riviera-ab-and-jo-kuijer-768x512.jpg 768w, https:\/\/www.livingonthecotedazur.com\/wp-content\/uploads\/2026\/07\/buyer-agent-dutch-french-riviera-ab-and-jo-kuijer-705x470.jpg 705w\" sizes=\"(max-width: 1000px) 100vw, 1000px\" \/><\/a><div class=\"slide-content\"><header class=\"entry-content-header\"><h2 class='slide-entry-title entry-title '  itemprop=\"headline\" ><a href='https:\/\/www.livingonthecotedazur.com\/de\/erwerben-sie-eine-immobilie-an-der-franzosischen-riviera-uber-einen-vertrauenswurdigen-kaufermakler\/' title='Erwerben Sie eine Immobilie an der franz\u00f6sischen Riviera \u00fcber einen vertrauensw\u00fcrdigen K\u00e4ufermakler'>Erwerben Sie eine Immobilie an der franz\u00f6sischen Riviera \u00fcber einen vertrauensw\u00fcrdigen K\u00e4ufermakler<\/a><\/h2><span class=\"blog-categories minor-meta\"><span class=\"blog-author minor-meta\"><span class=\"author\">von Ab Kuijer<\/span><\/span><span class=\"text-sep\">\/<\/span><time class='slide-meta-time updated'  itemprop=\"datePublished\" datetime=\"2026-07-28T13:09:02+02:00\" >28. Juli 2026<\/time><span class=\"text-sep\">\/<\/span>in Blog, Landingpage <\/span><span class=\"av-vertical-delimiter\"><\/span><\/header><div class='slide-entry-excerpt entry-content'  itemprop=\"text\" >\nDer unabh\u00e4ngige Makler f\u00fcr K\u00e4ufer an der C\u00f4te d\u2019Azur und in Frankreich\n\n\n\nDer Kauf einer Immobilie in Frankreich sollte spannend sein, nicht kompliziert. Ganz gleich, ob Sie auf der Suche nach einer Luxusvilla mit Blick auf das Mittelmeer,\u2026<div class=\"read-more-link\"><a href=\"https:\/\/www.livingonthecotedazur.com\/de\/erwerben-sie-eine-immobilie-an-der-franzosischen-riviera-uber-einen-vertrauenswurdigen-kaufermakler\/\" class=\"more-link\">Weiterlesen<span class=\"more-link-arrow\"><\/span><\/a><\/div><\/div><\/div><footer class=\"entry-footer\"><div class=\"slide-meta\"><time class='slide-meta-time updated'  itemprop=\"datePublished\" datetime=\"2026-07-28T13:09:02+02:00\" >28. Juli 2026<\/time><\/div><\/footer><span class='hidden'>\n\t\t\t\t<span class='av-structured-data'  itemprop=\"image\" itemscope=\"itemscope\" itemtype=\"https:\/\/schema.org\/ImageObject\" >\n\t\t\t\t\t\t<span itemprop='url'>https:\/\/www.livingonthecotedazur.com\/wp-content\/uploads\/2026\/07\/buyer-agent-dutch-french-riviera-ab-and-jo-kuijer.jpg<\/span>\n\t\t\t\t\t\t<span itemprop='height'>667<\/span>\n\t\t\t\t\t\t<span itemprop='width'>1000<\/span>\n\t\t\t\t<\/span>\n\t\t\t\t<span class='av-structured-data'  itemprop=\"publisher\" itemtype=\"https:\/\/schema.org\/Organization\" itemscope=\"itemscope\" >\n\t\t\t\t\t\t<span itemprop='name'>Ab Kuijer<\/span>\n\t\t\t\t\t\t<span itemprop='logo' itemscope itemtype='https:\/\/schema.org\/ImageObject'>\n\t\t\t\t\t\t\t<span itemprop='url'>https:\/\/www.livingonthecotedazur.com\/wp-content\/uploads\/2024\/02\/sitelogo150.png<\/span>\n\t\t\t\t\t\t<\/span>\n\t\t\t\t<\/span><span class='av-structured-data'  itemprop=\"author\" itemscope=\"itemscope\" itemtype=\"https:\/\/schema.org\/Person\" ><span itemprop='name'>Ab Kuijer<\/span><\/span><span class='av-structured-data'  itemprop=\"datePublished\" datetime=\"2023-09-06T08:07:08+02:00\" >2026-07-28 13:09:02<\/span><span class='av-structured-data'  itemprop=\"dateModified\" itemtype=\"https:\/\/schema.org\/dateModified\" >2026-07-28 13:09:07<\/span><span class='av-structured-data'  itemprop=\"mainEntityOfPage\" itemtype=\"https:\/\/schema.org\/mainEntityOfPage\" ><span itemprop='name'>Erwerben Sie eine Immobilie an der franz\u00f6sischen Riviera \u00fcber einen vertrauensw\u00fcrdigen K\u00e4ufermakler<\/span><\/span><\/span><\/article><\/div><div class=\"slide-entry-wrap\"><article class='slide-entry flex_column  post-entry post-entry-3849725 slide-entry-overview slide-loop-9 slide-parity-odd  av_fullwidth first real-thumbnail posttype-post post-format-standard'  itemscope=\"itemscope\" itemtype=\"https:\/\/schema.org\/CreativeWork\" ><a href='https:\/\/www.livingonthecotedazur.com\/de\/villen-und-wohnungen-zum-verkauf-in-peymeinade\/' data-rel='slide-2' class='slide-image' title='Villen und Wohnungen zum Verkauf in Peymeinade'><img decoding=\"async\" fetchpriority=\"high\" width=\"1000\" height=\"667\" src=\"https:\/\/www.livingonthecotedazur.com\/wp-content\/uploads\/2026\/08\/Peymeinade.jpg\" class=\"wp-image-3849726 avia-img-lazy-loading-not-3849726 attachment-large size-large wp-post-image\" alt=\"\" srcset=\"https:\/\/www.livingonthecotedazur.com\/wp-content\/uploads\/2026\/08\/Peymeinade.jpg 1000w, https:\/\/www.livingonthecotedazur.com\/wp-content\/uploads\/2026\/08\/Peymeinade-300x200.jpg 300w, https:\/\/www.livingonthecotedazur.com\/wp-content\/uploads\/2026\/08\/Peymeinade-768x512.jpg 768w, https:\/\/www.livingonthecotedazur.com\/wp-content\/uploads\/2026\/08\/Peymeinade-705x470.jpg 705w\" sizes=\"(max-width: 1000px) 100vw, 1000px\" \/><\/a><div class=\"slide-content\"><header class=\"entry-content-header\"><h2 class='slide-entry-title entry-title '  itemprop=\"headline\" ><a href='https:\/\/www.livingonthecotedazur.com\/de\/villen-und-wohnungen-zum-verkauf-in-peymeinade\/' title='Villen und Wohnungen zum Verkauf in Peymeinade'>Villen und Wohnungen zum Verkauf in Peymeinade<\/a><\/h2><span class=\"blog-categories minor-meta\"><span class=\"blog-author minor-meta\"><span class=\"author\">von Feline Kuijer<\/span><\/span><span class=\"text-sep\">\/<\/span><time class='slide-meta-time updated'  itemprop=\"datePublished\" datetime=\"2026-07-26T09:35:07+02:00\" >26. Juli 2026<\/time><span class=\"text-sep\">\/<\/span>in Blog, Landingpage <\/span><span class=\"av-vertical-delimiter\"><\/span><\/header><div class='slide-entry-excerpt entry-content'  itemprop=\"text\" >\n\nTL;DR\n\n\n\nPeymeinade ist eine etablierte Wohnstadt in den H\u00fcgeln westlich von Grasse, die Villen, Einfamilienh\u00e4user und Anwesen auf dem Land in praktischer N\u00e4he zu Cannes und der Mittelmeerk\u00fcste bietet.  Die ans\u00e4ssige Bev\u00f6lkerung, die\u2026<div class=\"read-more-link\"><a href=\"https:\/\/www.livingonthecotedazur.com\/de\/villen-und-wohnungen-zum-verkauf-in-peymeinade\/\" class=\"more-link\">Weiterlesen<span class=\"more-link-arrow\"><\/span><\/a><\/div><\/div><\/div><footer class=\"entry-footer\"><div class=\"slide-meta\"><time class='slide-meta-time updated'  itemprop=\"datePublished\" datetime=\"2026-07-26T09:35:07+02:00\" >26. Juli 2026<\/time><\/div><\/footer><span class='hidden'>\n\t\t\t\t<span class='av-structured-data'  itemprop=\"image\" itemscope=\"itemscope\" itemtype=\"https:\/\/schema.org\/ImageObject\" >\n\t\t\t\t\t\t<span itemprop='url'>https:\/\/www.livingonthecotedazur.com\/wp-content\/uploads\/2026\/08\/Peymeinade.jpg<\/span>\n\t\t\t\t\t\t<span itemprop='height'>667<\/span>\n\t\t\t\t\t\t<span itemprop='width'>1000<\/span>\n\t\t\t\t<\/span>\n\t\t\t\t<span class='av-structured-data'  itemprop=\"publisher\" itemtype=\"https:\/\/schema.org\/Organization\" itemscope=\"itemscope\" >\n\t\t\t\t\t\t<span itemprop='name'>Feline Kuijer<\/span>\n\t\t\t\t\t\t<span itemprop='logo' itemscope itemtype='https:\/\/schema.org\/ImageObject'>\n\t\t\t\t\t\t\t<span itemprop='url'>https:\/\/www.livingonthecotedazur.com\/wp-content\/uploads\/2024\/02\/sitelogo150.png<\/span>\n\t\t\t\t\t\t<\/span>\n\t\t\t\t<\/span><span class='av-structured-data'  itemprop=\"author\" itemscope=\"itemscope\" itemtype=\"https:\/\/schema.org\/Person\" ><span itemprop='name'>Feline Kuijer<\/span><\/span><span class='av-structured-data'  itemprop=\"datePublished\" datetime=\"2023-09-06T08:07:08+02:00\" >2026-07-26 09:35:07<\/span><span class='av-structured-data'  itemprop=\"dateModified\" itemtype=\"https:\/\/schema.org\/dateModified\" >2026-08-11 10:02:07<\/span><span class='av-structured-data'  itemprop=\"mainEntityOfPage\" itemtype=\"https:\/\/schema.org\/mainEntityOfPage\" ><span itemprop='name'>Villen und Wohnungen zum Verkauf in Peymeinade<\/span><\/span><\/span><\/article><\/div><div class=\"slide-entry-wrap\"><article class='slide-entry flex_column  post-entry post-entry-3806779 slide-entry-overview slide-loop-10 slide-parity-odd  post-entry-last  av_fullwidth first real-thumbnail posttype-post post-format-standard'  itemscope=\"itemscope\" itemtype=\"https:\/\/schema.org\/CreativeWork\" ><a href='https:\/\/www.livingonthecotedazur.com\/de\/ein-unternehmen-gruenden-und-an-der-franzoesischen-riviera-arbeiten\/' data-rel='slide-2' class='slide-image' title='Ein Unternehmen gr\u00fcnden und an der franz\u00f6sischen Riviera arbeiten'><img decoding=\"async\" fetchpriority=\"high\" width=\"1000\" height=\"583\" src=\"https:\/\/www.livingonthecotedazur.com\/wp-content\/uploads\/2026\/07\/workinfrenchriviera.jpg\" class=\"wp-image-3806780 avia-img-lazy-loading-not-3806780 attachment-large size-large wp-post-image\" alt=\"The Complete Guide for Expats Everything you need to know about starting a business, choosing the right legal structure, and building a successful life on the French Riviera.\" srcset=\"https:\/\/www.livingonthecotedazur.com\/wp-content\/uploads\/2026\/07\/workinfrenchriviera.jpg 1000w, https:\/\/www.livingonthecotedazur.com\/wp-content\/uploads\/2026\/07\/workinfrenchriviera-300x175.jpg 300w, https:\/\/www.livingonthecotedazur.com\/wp-content\/uploads\/2026\/07\/workinfrenchriviera-768x448.jpg 768w, https:\/\/www.livingonthecotedazur.com\/wp-content\/uploads\/2026\/07\/workinfrenchriviera-705x411.jpg 705w\" sizes=\"(max-width: 1000px) 100vw, 1000px\" \/><\/a><div class=\"slide-content\"><header class=\"entry-content-header\"><h2 class='slide-entry-title entry-title '  itemprop=\"headline\" ><a href='https:\/\/www.livingonthecotedazur.com\/de\/ein-unternehmen-gruenden-und-an-der-franzoesischen-riviera-arbeiten\/' title='Ein Unternehmen gr\u00fcnden und an der franz\u00f6sischen Riviera arbeiten'>Ein Unternehmen gr\u00fcnden und an der franz\u00f6sischen Riviera arbeiten<\/a><\/h2><span class=\"blog-categories minor-meta\"><span class=\"blog-author minor-meta\"><span class=\"author\">von Ab Kuijer<\/span><\/span><span class=\"text-sep\">\/<\/span><time class='slide-meta-time updated'  itemprop=\"datePublished\" datetime=\"2026-07-20T11:09:40+02:00\" >20. Juli 2026<\/time><span class=\"text-sep\">\/<\/span>in Blog, Landingpage <\/span><span class=\"av-vertical-delimiter\"><\/span><\/header><div class='slide-entry-excerpt entry-content'  itemprop=\"text\" >Der umfassende Leitfaden f\u00fcr Expats. Alles, was Sie \u00fcber die Gr\u00fcndung eines Unternehmens, die Wahl der richtigen Rechtsform und den Aufbau eines erfolgreichen Lebens an der franz\u00f6sischen Riviera wissen m\u00fcssen. <div class=\"read-more-link\"><a href=\"https:\/\/www.livingonthecotedazur.com\/de\/ein-unternehmen-gruenden-und-an-der-franzoesischen-riviera-arbeiten\/\" class=\"more-link\">Weiterlesen<span class=\"more-link-arrow\"><\/span><\/a><\/div><\/div><\/div><footer class=\"entry-footer\"><div class=\"slide-meta\"><time class='slide-meta-time updated'  itemprop=\"datePublished\" datetime=\"2026-07-20T11:09:40+02:00\" >20. Juli 2026<\/time><\/div><\/footer><span class='hidden'>\n\t\t\t\t<span class='av-structured-data'  itemprop=\"image\" itemscope=\"itemscope\" itemtype=\"https:\/\/schema.org\/ImageObject\" >\n\t\t\t\t\t\t<span itemprop='url'>https:\/\/www.livingonthecotedazur.com\/wp-content\/uploads\/2026\/07\/workinfrenchriviera.jpg<\/span>\n\t\t\t\t\t\t<span itemprop='height'>583<\/span>\n\t\t\t\t\t\t<span itemprop='width'>1000<\/span>\n\t\t\t\t<\/span>\n\t\t\t\t<span class='av-structured-data'  itemprop=\"publisher\" itemtype=\"https:\/\/schema.org\/Organization\" itemscope=\"itemscope\" >\n\t\t\t\t\t\t<span itemprop='name'>Ab Kuijer<\/span>\n\t\t\t\t\t\t<span itemprop='logo' itemscope itemtype='https:\/\/schema.org\/ImageObject'>\n\t\t\t\t\t\t\t<span itemprop='url'>https:\/\/www.livingonthecotedazur.com\/wp-content\/uploads\/2024\/02\/sitelogo150.png<\/span>\n\t\t\t\t\t\t<\/span>\n\t\t\t\t<\/span><span class='av-structured-data'  itemprop=\"author\" itemscope=\"itemscope\" itemtype=\"https:\/\/schema.org\/Person\" ><span itemprop='name'>Ab Kuijer<\/span><\/span><span class='av-structured-data'  itemprop=\"datePublished\" datetime=\"2023-09-06T08:07:08+02:00\" >2026-07-20 11:09:40<\/span><span class='av-structured-data'  itemprop=\"dateModified\" itemtype=\"https:\/\/schema.org\/dateModified\" >2026-07-20 11:24:44<\/span><span class='av-structured-data'  itemprop=\"mainEntityOfPage\" itemtype=\"https:\/\/schema.org\/mainEntityOfPage\" ><span itemprop='name'>Ein Unternehmen gr\u00fcnden und an der franz\u00f6sischen Riviera arbeiten<\/span><\/span><\/span><\/article><\/div><\/div><div class='pagination-wrap pagination-slider'><nav class='pagination'><span class='pagination-meta'>Seite 1 von 45<\/span><span class='current'>1<\/span><a href='https:\/\/www.livingonthecotedazur.com\/de\/wp-json\/wp\/v2\/pages\/1849580\/?avia-element-paging=2' class='inactive next_page' >2<\/a><a href='https:\/\/www.livingonthecotedazur.com\/de\/wp-json\/wp\/v2\/pages\/1849580\/?avia-element-paging=3' class='inactive' >3<\/a><a href='https:\/\/www.livingonthecotedazur.com\/de\/wp-json\/wp\/v2\/pages\/1849580\/?avia-element-paging=2'>&rsaquo;<\/a><a href='https:\/\/www.livingonthecotedazur.com\/de\/wp-json\/wp\/v2\/pages\/1849580\/?avia-element-paging=45'>&raquo;<\/a><\/nav>\n<\/div><\/div><\/p><\/div>\n","protected":false},"excerpt":{"rendered":"","protected":false},"author":1,"featured_media":0,"parent":0,"menu_order":0,"comment_status":"closed","ping_status":"closed","template":"","meta":{"_acf_changed":false,"footnotes":""},"class_list":["post-1849580","page","type-page","status-publish","hentry"],"acf":[],"_links":{"self":[{"href":"https:\/\/www.livingonthecotedazur.com\/de\/wp-json\/wp\/v2\/pages\/1849580","targetHints":{"allow":["GET"]}}],"collection":[{"href":"https:\/\/www.livingonthecotedazur.com\/de\/wp-json\/wp\/v2\/pages"}],"about":[{"href":"https:\/\/www.livingonthecotedazur.com\/de\/wp-json\/wp\/v2\/types\/page"}],"author":[{"embeddable":true,"href":"https:\/\/www.livingonthecotedazur.com\/de\/wp-json\/wp\/v2\/users\/1"}],"replies":[{"embeddable":true,"href":"https:\/\/www.livingonthecotedazur.com\/de\/wp-json\/wp\/v2\/comments?post=1849580"}],"version-history":[{"count":1,"href":"https:\/\/www.livingonthecotedazur.com\/de\/wp-json\/wp\/v2\/pages\/1849580\/revisions"}],"predecessor-version":[{"id":3545887,"href":"https:\/\/www.livingonthecotedazur.com\/de\/wp-json\/wp\/v2\/pages\/1849580\/revisions\/3545887"}],"wp:attachment":[{"href":"https:\/\/www.livingonthecotedazur.com\/de\/wp-json\/wp\/v2\/media?parent=1849580"}],"curies":[{"name":"wp","href":"https:\/\/api.w.org\/{rel}","templated":true}]}}