{"id":1849345,"date":"2023-09-06T08:07:08","date_gmt":"2023-09-06T06:07:08","guid":{"rendered":"https:\/\/staging.livingonthecotedazur.com\/news\/"},"modified":"2023-12-15T16:01:11","modified_gmt":"2023-12-15T15:01:11","slug":"actualites-sud-france","status":"publish","type":"page","link":"https:\/\/www.livingonthecotedazur.com\/fr\/actualites-sud-france\/","title":{"rendered":"News"},"content":{"rendered":"<div  class='flex_column av-128zn-5037479d06055bf935cdab40c34c25c6 av_one_full  avia-builder-el-0  avia-builder-el-no-sibling  first flex_column_div  '     ><p>\n<style type=\"text\/css\" data-created_by=\"avia_inline_auto\" id=\"style-css-av-ln0fy3np-4ac184f2dc22747371134b58ecad92f7\">\n#top .av-special-heading.av-ln0fy3np-4ac184f2dc22747371134b58ecad92f7{\npadding-bottom:10px;\n}\nbody .av-special-heading.av-ln0fy3np-4ac184f2dc22747371134b58ecad92f7 .av-special-heading-tag .heading-char{\nfont-size:25px;\n}\n.av-special-heading.av-ln0fy3np-4ac184f2dc22747371134b58ecad92f7 .av-subheading{\nfont-size:15px;\n}\n<\/style>\n<div  class='av-special-heading av-ln0fy3np-4ac184f2dc22747371134b58ecad92f7 av-special-heading-h1 blockquote modern-quote  avia-builder-el-1  el_before_av_blog  avia-builder-el-first '><h1 class='av-special-heading-tag '  itemprop=\"headline\"  >News<\/h1><div class=\"special-heading-border\"><div class=\"special-heading-inner-border\"><\/div><\/div><\/div><br \/>\n<div  data-slideshow-options=\"{&quot;animation&quot;:&quot;fade&quot;,&quot;autoplay&quot;:false,&quot;loop_autoplay&quot;:&quot;once&quot;,&quot;interval&quot;:5,&quot;loop_manual&quot;:&quot;manual-endless&quot;,&quot;autoplay_stopper&quot;:false,&quot;noNavigation&quot;:false,&quot;show_slide_delay&quot;:90}\" class='avia-content-slider avia-content-grid-active avia-content-slider1 avia-content-slider-even  avia-builder-el-2  el_after_av_heading  el_before_av_blog  av-slideshow-ui av-control-default   av-no-slider-navigation av-slideshow-manual av-loop-once av-loop-manual-endless  av-medium-hide av-small-hide av-mini-hide'  itemscope=\"itemscope\" itemtype=\"https:\/\/schema.org\/Blog\" ><div class=\"avia-content-slider-inner\"><div class=\"slide-entry-wrap\"><article class='slide-entry flex_column  post-entry post-entry-3888890 slide-entry-overview slide-loop-1 slide-parity-odd  av_one_half first real-thumbnail posttype-post post-format-standard'  itemscope=\"itemscope\" itemtype=\"https:\/\/schema.org\/CreativeWork\" ><a href='https:\/\/www.livingonthecotedazur.com\/fr\/nouveaute-dans-notre-portefeuille-de-biens-immobiliers-a-chypre-nord-un-paradis-secret-a-esentepe\/' data-rel='slide-1' class='slide-image' title='Nouveaut\u00e9 dans notre portefeuille de biens immobiliers \u00e0 Chypre-Nord : un paradis secret \u00e0 Esentepe'><img decoding=\"async\" fetchpriority=\"high\" width=\"495\" height=\"400\" src=\"https:\/\/www.livingonthecotedazur.com\/wp-content\/uploads\/2026\/08\/secret-paradise-north-cyprus-495x400.jpg\" class=\"wp-image-3888893 avia-img-lazy-loading-not-3888893 attachment-portfolio size-portfolio wp-post-image\" alt=\"secret paradise north cyprus\" srcset=\"https:\/\/www.livingonthecotedazur.com\/wp-content\/uploads\/2026\/08\/secret-paradise-north-cyprus-495x400.jpg 495w, https:\/\/www.livingonthecotedazur.com\/wp-content\/uploads\/2026\/08\/secret-paradise-north-cyprus-845x684.jpg 845w\" sizes=\"(max-width: 495px) 100vw, 495px\" \/><\/a><div class=\"slide-content\"><header class=\"entry-content-header\"><h2 class='slide-entry-title entry-title '  itemprop=\"headline\" ><a href='https:\/\/www.livingonthecotedazur.com\/fr\/nouveaute-dans-notre-portefeuille-de-biens-immobiliers-a-chypre-nord-un-paradis-secret-a-esentepe\/' title='Nouveaut\u00e9 dans notre portefeuille de biens immobiliers \u00e0 Chypre-Nord : un paradis secret \u00e0 Esentepe'>Nouveaut\u00e9 dans notre portefeuille de biens immobiliers \u00e0 Chypre-Nord : un paradis secret \u00e0 Esentepe<\/a><\/h2><span class=\"blog-categories minor-meta\"><span class=\"blog-author minor-meta\"><span class=\"author\">par Ab Kuijer<\/span><\/span><span class=\"text-sep\">\/<\/span><time class='slide-meta-time updated'  itemprop=\"datePublished\" datetime=\"2026-08-28T11:08:19+02:00\" >28 ao\u00fbt 2026<\/time><span class=\"text-sep\">\/<\/span>dans Blog <\/span><span class=\"av-vertical-delimiter\"><\/span><\/header><div class='slide-entry-excerpt entry-content'  itemprop=\"text\" >Secret Paradise se compose de seulement 16 maisons de ville de luxe, situ\u00e9es \u00e0 environ 100 m\u00e8tres de la mer M\u00e9diterran\u00e9e, offrant une vue panoramique sur la mer, de vastes espaces de vie ext\u00e9rieurs et, en toile de fond, les impressionnantes montagnes de Kyrenia.<div class=\"read-more-link\"><a href=\"https:\/\/www.livingonthecotedazur.com\/fr\/nouveaute-dans-notre-portefeuille-de-biens-immobiliers-a-chypre-nord-un-paradis-secret-a-esentepe\/\" class=\"more-link\">Lire la suite<span class=\"more-link-arrow\"><\/span><\/a><\/div><\/div><\/div><footer class=\"entry-footer\"><div class=\"slide-meta\"><time class='slide-meta-time updated'  itemprop=\"datePublished\" datetime=\"2026-08-28T11:08:19+02:00\" >28 ao\u00fbt 2026<\/time><\/div><\/footer><span class='hidden'>\n\t\t\t\t<span class='av-structured-data'  itemprop=\"image\" itemscope=\"itemscope\" itemtype=\"https:\/\/schema.org\/ImageObject\" >\n\t\t\t\t\t\t<span itemprop='url'>https:\/\/www.livingonthecotedazur.com\/wp-content\/uploads\/2026\/08\/secret-paradise-north-cyprus.jpg<\/span>\n\t\t\t\t\t\t<span itemprop='height'>768<\/span>\n\t\t\t\t\t\t<span itemprop='width'>1024<\/span>\n\t\t\t\t<\/span>\n\t\t\t\t<span class='av-structured-data'  itemprop=\"publisher\" itemtype=\"https:\/\/schema.org\/Organization\" itemscope=\"itemscope\" >\n\t\t\t\t\t\t<span itemprop='name'>Ab Kuijer<\/span>\n\t\t\t\t\t\t<span itemprop='logo' itemscope itemtype='https:\/\/schema.org\/ImageObject'>\n\t\t\t\t\t\t\t<span itemprop='url'>https:\/\/www.livingonthecotedazur.com\/wp-content\/uploads\/2024\/02\/sitelogo150.png<\/span>\n\t\t\t\t\t\t<\/span>\n\t\t\t\t<\/span><span class='av-structured-data'  itemprop=\"author\" itemscope=\"itemscope\" itemtype=\"https:\/\/schema.org\/Person\" ><span itemprop='name'>Ab Kuijer<\/span><\/span><span class='av-structured-data'  itemprop=\"datePublished\" datetime=\"2023-09-06T08:07:08+02:00\" >2026-08-28 11:08:19<\/span><span class='av-structured-data'  itemprop=\"dateModified\" itemtype=\"https:\/\/schema.org\/dateModified\" >2026-08-28 11:13:36<\/span><span class='av-structured-data'  itemprop=\"mainEntityOfPage\" itemtype=\"https:\/\/schema.org\/mainEntityOfPage\" ><span itemprop='name'>Nouveaut\u00e9 dans notre portefeuille de biens immobiliers \u00e0 Chypre-Nord : un paradis secret \u00e0 Esentepe<\/span><\/span><\/span><\/article><article class='slide-entry flex_column  post-entry post-entry-3881743 slide-entry-overview slide-loop-2 slide-parity-even  av_one_half  real-thumbnail posttype-post post-format-standard'  itemscope=\"itemscope\" itemtype=\"https:\/\/schema.org\/CreativeWork\" ><a href='https:\/\/www.livingonthecotedazur.com\/fr\/decouvrez-falicon-les-collines-verdoyantes-au-dessus-de-nice\/' data-rel='slide-1' class='slide-image' title='D\u00e9couvrez Falicon, les collines verdoyantes au-dessus de Nice'><img decoding=\"async\" fetchpriority=\"high\" width=\"495\" height=\"400\" src=\"https:\/\/www.livingonthecotedazur.com\/wp-content\/uploads\/2026\/08\/falicon-495x400.jpg\" class=\"wp-image-3881789 avia-img-lazy-loading-not-3881789 attachment-portfolio size-portfolio wp-post-image\" alt=\"falicon\" \/><\/a><div class=\"slide-content\"><header class=\"entry-content-header\"><h2 class='slide-entry-title entry-title '  itemprop=\"headline\" ><a href='https:\/\/www.livingonthecotedazur.com\/fr\/decouvrez-falicon-les-collines-verdoyantes-au-dessus-de-nice\/' title='D\u00e9couvrez Falicon, les collines verdoyantes au-dessus de Nice'>D\u00e9couvrez Falicon, les collines verdoyantes au-dessus de Nice<\/a><\/h2><span class=\"blog-categories minor-meta\"><span class=\"blog-author minor-meta\"><span class=\"author\">par Ab Kuijer<\/span><\/span><span class=\"text-sep\">\/<\/span><time class='slide-meta-time updated'  itemprop=\"datePublished\" datetime=\"2026-08-26T12:30:55+02:00\" >26 ao\u00fbt 2026<\/time><span class=\"text-sep\">\/<\/span>dans Blog <\/span><span class=\"av-vertical-delimiter\"><\/span><\/header><div class='slide-entry-excerpt entry-content'  itemprop=\"text\" >\u00c0 seulement dix kilom\u00e8tres du centre de Nice, il existe une C\u00f4te d\u2019Azur totalement diff\u00e9rente.\n\nPas de boulevards bond\u00e9s. Pas d\u2019immeubles bordant chaque rue. \u00c0 la place, vous trouverez des collines verdoyantes, des oliviers, une v\u00e9g\u00e9tation\u2026<div class=\"read-more-link\"><a href=\"https:\/\/www.livingonthecotedazur.com\/fr\/decouvrez-falicon-les-collines-verdoyantes-au-dessus-de-nice\/\" class=\"more-link\">Lire la suite<span class=\"more-link-arrow\"><\/span><\/a><\/div><\/div><\/div><footer class=\"entry-footer\"><div class=\"slide-meta\"><time class='slide-meta-time updated'  itemprop=\"datePublished\" datetime=\"2026-08-26T12:30:55+02:00\" >26 ao\u00fbt 2026<\/time><\/div><\/footer><span class='hidden'>\n\t\t\t\t<span class='av-structured-data'  itemprop=\"image\" itemscope=\"itemscope\" itemtype=\"https:\/\/schema.org\/ImageObject\" >\n\t\t\t\t\t\t<span itemprop='url'>https:\/\/www.livingonthecotedazur.com\/wp-content\/uploads\/2026\/08\/falicon.jpg<\/span>\n\t\t\t\t\t\t<span itemprop='height'>600<\/span>\n\t\t\t\t\t\t<span itemprop='width'>1000<\/span>\n\t\t\t\t<\/span>\n\t\t\t\t<span class='av-structured-data'  itemprop=\"publisher\" itemtype=\"https:\/\/schema.org\/Organization\" itemscope=\"itemscope\" >\n\t\t\t\t\t\t<span itemprop='name'>Ab Kuijer<\/span>\n\t\t\t\t\t\t<span itemprop='logo' itemscope itemtype='https:\/\/schema.org\/ImageObject'>\n\t\t\t\t\t\t\t<span itemprop='url'>https:\/\/www.livingonthecotedazur.com\/wp-content\/uploads\/2024\/02\/sitelogo150.png<\/span>\n\t\t\t\t\t\t<\/span>\n\t\t\t\t<\/span><span class='av-structured-data'  itemprop=\"author\" itemscope=\"itemscope\" itemtype=\"https:\/\/schema.org\/Person\" ><span itemprop='name'>Ab Kuijer<\/span><\/span><span class='av-structured-data'  itemprop=\"datePublished\" datetime=\"2023-09-06T08:07:08+02:00\" >2026-08-26 12:30:55<\/span><span class='av-structured-data'  itemprop=\"dateModified\" itemtype=\"https:\/\/schema.org\/dateModified\" >2026-08-26 16:23:57<\/span><span class='av-structured-data'  itemprop=\"mainEntityOfPage\" itemtype=\"https:\/\/schema.org\/mainEntityOfPage\" ><span itemprop='name'>D\u00e9couvrez Falicon, les collines verdoyantes au-dessus de Nice<\/span><\/span><\/span><\/article><\/div><div class=\"slide-entry-wrap\"><article class='slide-entry flex_column  post-entry post-entry-3881381 slide-entry-overview slide-loop-3 slide-parity-odd  av_one_half first real-thumbnail posttype-post post-format-standard'  itemscope=\"itemscope\" itemtype=\"https:\/\/schema.org\/CreativeWork\" ><a href='https:\/\/www.livingonthecotedazur.com\/fr\/pourquoi-nous-avons-change-davis-sur-lenergie-solaire\/' data-rel='slide-1' class='slide-image' title='Pourquoi nous avons chang\u00e9 d&rsquo;avis sur l&rsquo;\u00e9nergie solaire'><img decoding=\"async\" fetchpriority=\"high\" width=\"495\" height=\"400\" src=\"https:\/\/www.livingonthecotedazur.com\/wp-content\/uploads\/2026\/08\/zonnepanelen-495x400.jpg\" class=\"wp-image-3878834 avia-img-lazy-loading-not-3878834 attachment-portfolio size-portfolio wp-post-image\" alt=\"Solar Panels on the French Riviera\" \/><\/a><div class=\"slide-content\"><header class=\"entry-content-header\"><h2 class='slide-entry-title entry-title '  itemprop=\"headline\" ><a href='https:\/\/www.livingonthecotedazur.com\/fr\/pourquoi-nous-avons-change-davis-sur-lenergie-solaire\/' title='Pourquoi nous avons chang\u00e9 d&rsquo;avis sur l&rsquo;\u00e9nergie solaire'>Pourquoi nous avons chang\u00e9 d&rsquo;avis sur l&rsquo;\u00e9nergie solaire<\/a><\/h2><span class=\"blog-categories minor-meta\"><span class=\"blog-author minor-meta\"><span class=\"author\">par Ab Kuijer<\/span><\/span><span class=\"text-sep\">\/<\/span><time class='slide-meta-time updated'  itemprop=\"datePublished\" datetime=\"2026-08-25T12:44:13+02:00\" >25 ao\u00fbt 2026<\/time><span class=\"text-sep\">\/<\/span>dans Blog <\/span><span class=\"av-vertical-delimiter\"><\/span><\/header><div class='slide-entry-excerpt entry-content'  itemprop=\"text\" >\nLorsque nous nous sommes install\u00e9s dans le sud de la France il y a environ 20 ans, l'installation de panneaux solaires nous a sembl\u00e9 \u00eatre un choix \u00e9vident.\n\nApr\u00e8s tout, nous avions emm\u00e9nag\u00e9 dans l'une des r\u00e9gions les plus ensoleill\u00e9es\u2026<div class=\"read-more-link\"><a href=\"https:\/\/www.livingonthecotedazur.com\/fr\/pourquoi-nous-avons-change-davis-sur-lenergie-solaire\/\" class=\"more-link\">Lire la suite<span class=\"more-link-arrow\"><\/span><\/a><\/div><\/div><\/div><footer class=\"entry-footer\"><div class=\"slide-meta\"><time class='slide-meta-time updated'  itemprop=\"datePublished\" datetime=\"2026-08-25T12:44:13+02:00\" >25 ao\u00fbt 2026<\/time><\/div><\/footer><span class='hidden'>\n\t\t\t\t<span class='av-structured-data'  itemprop=\"image\" itemscope=\"itemscope\" itemtype=\"https:\/\/schema.org\/ImageObject\" >\n\t\t\t\t\t\t<span itemprop='url'>https:\/\/www.livingonthecotedazur.com\/wp-content\/uploads\/2026\/08\/zonnepanelen.jpg<\/span>\n\t\t\t\t\t\t<span itemprop='height'>600<\/span>\n\t\t\t\t\t\t<span itemprop='width'>1000<\/span>\n\t\t\t\t<\/span>\n\t\t\t\t<span class='av-structured-data'  itemprop=\"publisher\" itemtype=\"https:\/\/schema.org\/Organization\" itemscope=\"itemscope\" >\n\t\t\t\t\t\t<span itemprop='name'>Ab Kuijer<\/span>\n\t\t\t\t\t\t<span itemprop='logo' itemscope itemtype='https:\/\/schema.org\/ImageObject'>\n\t\t\t\t\t\t\t<span itemprop='url'>https:\/\/www.livingonthecotedazur.com\/wp-content\/uploads\/2024\/02\/sitelogo150.png<\/span>\n\t\t\t\t\t\t<\/span>\n\t\t\t\t<\/span><span class='av-structured-data'  itemprop=\"author\" itemscope=\"itemscope\" itemtype=\"https:\/\/schema.org\/Person\" ><span itemprop='name'>Ab Kuijer<\/span><\/span><span class='av-structured-data'  itemprop=\"datePublished\" datetime=\"2023-09-06T08:07:08+02:00\" >2026-08-25 12:44:13<\/span><span class='av-structured-data'  itemprop=\"dateModified\" itemtype=\"https:\/\/schema.org\/dateModified\" >2026-08-25 12:50:15<\/span><span class='av-structured-data'  itemprop=\"mainEntityOfPage\" itemtype=\"https:\/\/schema.org\/mainEntityOfPage\" ><span itemprop='name'>Pourquoi nous avons chang\u00e9 d&rsquo;avis sur l&rsquo;\u00e9nergie solaire<\/span><\/span><\/span><\/article><article class='slide-entry flex_column  post-entry post-entry-3878833 slide-entry-overview slide-loop-4 slide-parity-even  av_one_half  real-thumbnail posttype-post post-format-standard'  itemscope=\"itemscope\" itemtype=\"https:\/\/schema.org\/CreativeWork\" ><a href='https:\/\/www.livingonthecotedazur.com\/fr\/panneaux-solaires-sur-la-cote-dazur\/' data-rel='slide-1' class='slide-image' title='Panneaux solaires sur la C\u00f4te d&rsquo;Azur'><img decoding=\"async\" fetchpriority=\"high\" width=\"495\" height=\"400\" src=\"https:\/\/www.livingonthecotedazur.com\/wp-content\/uploads\/2026\/08\/zonnepanelen-495x400.jpg\" class=\"wp-image-3878834 avia-img-lazy-loading-not-3878834 attachment-portfolio size-portfolio wp-post-image\" alt=\"Solar Panels on the French Riviera\" \/><\/a><div class=\"slide-content\"><header class=\"entry-content-header\"><h2 class='slide-entry-title entry-title '  itemprop=\"headline\" ><a href='https:\/\/www.livingonthecotedazur.com\/fr\/panneaux-solaires-sur-la-cote-dazur\/' title='Panneaux solaires sur la C\u00f4te d&rsquo;Azur'>Panneaux solaires sur la C\u00f4te d&rsquo;Azur<\/a><\/h2><span class=\"blog-categories minor-meta\"><span class=\"blog-author minor-meta\"><span class=\"author\">par Ab Kuijer<\/span><\/span><span class=\"text-sep\">\/<\/span><time class='slide-meta-time updated'  itemprop=\"datePublished\" datetime=\"2026-08-24T15:53:07+02:00\" >24 ao\u00fbt 2026<\/time><span class=\"text-sep\">\/<\/span>dans Page d'atterrissage <\/span><span class=\"av-vertical-delimiter\"><\/span><\/header><div class='slide-entry-excerpt entry-content'  itemprop=\"text\" >\nUne solution solaire fiable pour les propri\u00e9taires immobiliers de la C\u00f4te d\u2019Azur\n\nR\u00e9duisez vos d\u00e9penses d'\u00e9lectricit\u00e9. Produisez votre propre \u00e9nergie. Et \u00e9vitez les \u00ab cowboys \u00bb du solaire.  \n\nAvec environ 300 jours d'ensoleillement\u2026<div class=\"read-more-link\"><a href=\"https:\/\/www.livingonthecotedazur.com\/fr\/panneaux-solaires-sur-la-cote-dazur\/\" class=\"more-link\">Lire la suite<span class=\"more-link-arrow\"><\/span><\/a><\/div><\/div><\/div><footer class=\"entry-footer\"><div class=\"slide-meta\"><time class='slide-meta-time updated'  itemprop=\"datePublished\" datetime=\"2026-08-24T15:53:07+02:00\" >24 ao\u00fbt 2026<\/time><\/div><\/footer><span class='hidden'>\n\t\t\t\t<span class='av-structured-data'  itemprop=\"image\" itemscope=\"itemscope\" itemtype=\"https:\/\/schema.org\/ImageObject\" >\n\t\t\t\t\t\t<span itemprop='url'>https:\/\/www.livingonthecotedazur.com\/wp-content\/uploads\/2026\/08\/zonnepanelen.jpg<\/span>\n\t\t\t\t\t\t<span itemprop='height'>600<\/span>\n\t\t\t\t\t\t<span itemprop='width'>1000<\/span>\n\t\t\t\t<\/span>\n\t\t\t\t<span class='av-structured-data'  itemprop=\"publisher\" itemtype=\"https:\/\/schema.org\/Organization\" itemscope=\"itemscope\" >\n\t\t\t\t\t\t<span itemprop='name'>Ab Kuijer<\/span>\n\t\t\t\t\t\t<span itemprop='logo' itemscope itemtype='https:\/\/schema.org\/ImageObject'>\n\t\t\t\t\t\t\t<span itemprop='url'>https:\/\/www.livingonthecotedazur.com\/wp-content\/uploads\/2024\/02\/sitelogo150.png<\/span>\n\t\t\t\t\t\t<\/span>\n\t\t\t\t<\/span><span class='av-structured-data'  itemprop=\"author\" itemscope=\"itemscope\" itemtype=\"https:\/\/schema.org\/Person\" ><span itemprop='name'>Ab Kuijer<\/span><\/span><span class='av-structured-data'  itemprop=\"datePublished\" datetime=\"2023-09-06T08:07:08+02:00\" >2026-08-24 15:53:07<\/span><span class='av-structured-data'  itemprop=\"dateModified\" itemtype=\"https:\/\/schema.org\/dateModified\" >2026-08-24 16:05:19<\/span><span class='av-structured-data'  itemprop=\"mainEntityOfPage\" itemtype=\"https:\/\/schema.org\/mainEntityOfPage\" ><span itemprop='name'>Panneaux solaires sur la C\u00f4te d&rsquo;Azur<\/span><\/span><\/span><\/article><\/div><div class=\"slide-entry-wrap\"><article class='slide-entry flex_column  post-entry post-entry-3896514 slide-entry-overview slide-loop-5 slide-parity-odd  av_one_half first real-thumbnail posttype-post post-format-standard'  itemscope=\"itemscope\" itemtype=\"https:\/\/schema.org\/CreativeWork\" ><a href='https:\/\/www.livingonthecotedazur.com\/fr\/villas-et-appartements-a-vendre-a-beausoleil-pres-de-monaco\/' data-rel='slide-1' class='slide-image' title='Villas et appartements \u00e0 vendre \u00e0 Beausoleil (pr\u00e8s de Monaco)'><img decoding=\"async\" fetchpriority=\"high\" width=\"495\" height=\"400\" src=\"https:\/\/www.livingonthecotedazur.com\/wp-content\/uploads\/2026\/09\/Beausoleil-495x400.jpg\" class=\"wp-image-3896515 avia-img-lazy-loading-not-3896515 attachment-portfolio size-portfolio wp-post-image\" alt=\"Villas and apartments for sale Beausoleil\" srcset=\"https:\/\/www.livingonthecotedazur.com\/wp-content\/uploads\/2026\/09\/Beausoleil-495x400.jpg 495w, https:\/\/www.livingonthecotedazur.com\/wp-content\/uploads\/2026\/09\/Beausoleil-845x684.jpg 845w\" sizes=\"(max-width: 495px) 100vw, 495px\" \/><\/a><div class=\"slide-content\"><header class=\"entry-content-header\"><h2 class='slide-entry-title entry-title '  itemprop=\"headline\" ><a href='https:\/\/www.livingonthecotedazur.com\/fr\/villas-et-appartements-a-vendre-a-beausoleil-pres-de-monaco\/' title='Villas et appartements \u00e0 vendre \u00e0 Beausoleil (pr\u00e8s de Monaco)'>Villas et appartements \u00e0 vendre \u00e0 Beausoleil (pr\u00e8s de Monaco)<\/a><\/h2><span class=\"blog-categories minor-meta\"><span class=\"blog-author minor-meta\"><span class=\"author\">par Ab Kuijer<\/span><\/span><span class=\"text-sep\">\/<\/span><time class='slide-meta-time updated'  itemprop=\"datePublished\" datetime=\"2026-08-10T11:13:15+02:00\" >10 ao\u00fbt 2026<\/time><span class=\"text-sep\">\/<\/span>dans Page d'atterrissage <\/span><span class=\"av-vertical-delimiter\"><\/span><\/header><div class='slide-entry-excerpt entry-content'  itemprop=\"text\" >D\u00e9couvrez des biens immobiliers \u00e0 vendre \u00e0 Beausoleil, en bordure imm\u00e9diate de Monaco. D\u00e9couvrez des appartements, des attiques et des programmes immobiliers neufs \u00e0 proximit\u00e9 de Monte-Carlo. <div class=\"read-more-link\"><a href=\"https:\/\/www.livingonthecotedazur.com\/fr\/villas-et-appartements-a-vendre-a-beausoleil-pres-de-monaco\/\" class=\"more-link\">Lire la suite<span class=\"more-link-arrow\"><\/span><\/a><\/div><\/div><\/div><footer class=\"entry-footer\"><div class=\"slide-meta\"><time class='slide-meta-time updated'  itemprop=\"datePublished\" datetime=\"2026-08-10T11:13:15+02:00\" >10 ao\u00fbt 2026<\/time><\/div><\/footer><span class='hidden'>\n\t\t\t\t<span class='av-structured-data'  itemprop=\"image\" itemscope=\"itemscope\" itemtype=\"https:\/\/schema.org\/ImageObject\" >\n\t\t\t\t\t\t<span itemprop='url'>https:\/\/www.livingonthecotedazur.com\/wp-content\/uploads\/2026\/09\/Beausoleil.jpg<\/span>\n\t\t\t\t\t\t<span itemprop='height'>700<\/span>\n\t\t\t\t\t\t<span itemprop='width'>1000<\/span>\n\t\t\t\t<\/span>\n\t\t\t\t<span class='av-structured-data'  itemprop=\"publisher\" itemtype=\"https:\/\/schema.org\/Organization\" itemscope=\"itemscope\" >\n\t\t\t\t\t\t<span itemprop='name'>Ab Kuijer<\/span>\n\t\t\t\t\t\t<span itemprop='logo' itemscope itemtype='https:\/\/schema.org\/ImageObject'>\n\t\t\t\t\t\t\t<span itemprop='url'>https:\/\/www.livingonthecotedazur.com\/wp-content\/uploads\/2024\/02\/sitelogo150.png<\/span>\n\t\t\t\t\t\t<\/span>\n\t\t\t\t<\/span><span class='av-structured-data'  itemprop=\"author\" itemscope=\"itemscope\" itemtype=\"https:\/\/schema.org\/Person\" ><span itemprop='name'>Ab Kuijer<\/span><\/span><span class='av-structured-data'  itemprop=\"datePublished\" datetime=\"2023-09-06T08:07:08+02:00\" >2026-08-10 11:13:15<\/span><span class='av-structured-data'  itemprop=\"dateModified\" itemtype=\"https:\/\/schema.org\/dateModified\" >2026-09-02 11:37:48<\/span><span class='av-structured-data'  itemprop=\"mainEntityOfPage\" itemtype=\"https:\/\/schema.org\/mainEntityOfPage\" ><span itemprop='name'>Villas et appartements \u00e0 vendre \u00e0 Beausoleil (pr\u00e8s de Monaco)<\/span><\/span><\/span><\/article><article class='slide-entry flex_column  post-entry post-entry-3852014 slide-entry-overview slide-loop-6 slide-parity-even  av_one_half  real-thumbnail posttype-post post-format-standard'  itemscope=\"itemscope\" itemtype=\"https:\/\/schema.org\/CreativeWork\" ><a href='https:\/\/www.livingonthecotedazur.com\/fr\/villas-et-appartements-a-vendre-a-theoule-sur-mer\/' data-rel='slide-1' class='slide-image' title='Villas et appartements \u00e0 vendre \u00e0 Th\u00e9oule-sur-Mer'><img decoding=\"async\" fetchpriority=\"high\" width=\"495\" height=\"400\" src=\"https:\/\/www.livingonthecotedazur.com\/wp-content\/uploads\/2026\/08\/Theoule-sur-MEr-495x400.jpg\" class=\"wp-image-3852015 avia-img-lazy-loading-not-3852015 attachment-portfolio size-portfolio wp-post-image\" alt=\"\" srcset=\"https:\/\/www.livingonthecotedazur.com\/wp-content\/uploads\/2026\/08\/Theoule-sur-MEr-495x400.jpg 495w, https:\/\/www.livingonthecotedazur.com\/wp-content\/uploads\/2026\/08\/Theoule-sur-MEr-845x681.jpg 845w\" sizes=\"(max-width: 495px) 100vw, 495px\" \/><\/a><div class=\"slide-content\"><header class=\"entry-content-header\"><h2 class='slide-entry-title entry-title '  itemprop=\"headline\" ><a href='https:\/\/www.livingonthecotedazur.com\/fr\/villas-et-appartements-a-vendre-a-theoule-sur-mer\/' title='Villas et appartements \u00e0 vendre \u00e0 Th\u00e9oule-sur-Mer'>Villas et appartements \u00e0 vendre \u00e0 Th\u00e9oule-sur-Mer<\/a><\/h2><span class=\"blog-categories minor-meta\"><span class=\"blog-author minor-meta\"><span class=\"author\">par Feline Kuijer<\/span><\/span><span class=\"text-sep\">\/<\/span><time class='slide-meta-time updated'  itemprop=\"datePublished\" datetime=\"2026-08-01T21:01:45+02:00\" >1 ao\u00fbt 2026<\/time><span class=\"text-sep\">\/<\/span>dans Blog, Page d'atterrissage <\/span><span class=\"av-vertical-delimiter\"><\/span><\/header><div class='slide-entry-excerpt entry-content'  itemprop=\"text\" >\n\nTL;DR\n\n\n\nTh\u00e9oule-sur-Mer est un march\u00e9 immobilier baln\u00e9aire tr\u00e8s particulier, situ\u00e9 juste \u00e0 l'ouest de Cannes, entre la M\u00e9diterran\u00e9e et les collines rouges de l'Est\u00e9rel.  Son relief escarp\u00e9, le nombre important de r\u00e9sidences secondaires,\u2026<div class=\"read-more-link\"><a href=\"https:\/\/www.livingonthecotedazur.com\/fr\/villas-et-appartements-a-vendre-a-theoule-sur-mer\/\" class=\"more-link\">Lire la suite<span class=\"more-link-arrow\"><\/span><\/a><\/div><\/div><\/div><footer class=\"entry-footer\"><div class=\"slide-meta\"><time class='slide-meta-time updated'  itemprop=\"datePublished\" datetime=\"2026-08-01T21:01:45+02:00\" >1 ao\u00fbt 2026<\/time><\/div><\/footer><span class='hidden'>\n\t\t\t\t<span class='av-structured-data'  itemprop=\"image\" itemscope=\"itemscope\" itemtype=\"https:\/\/schema.org\/ImageObject\" >\n\t\t\t\t\t\t<span itemprop='url'>https:\/\/www.livingonthecotedazur.com\/wp-content\/uploads\/2026\/08\/Theoule-sur-MEr.jpg<\/span>\n\t\t\t\t\t\t<span itemprop='height'>681<\/span>\n\t\t\t\t\t\t<span itemprop='width'>1000<\/span>\n\t\t\t\t<\/span>\n\t\t\t\t<span class='av-structured-data'  itemprop=\"publisher\" itemtype=\"https:\/\/schema.org\/Organization\" itemscope=\"itemscope\" >\n\t\t\t\t\t\t<span itemprop='name'>Feline Kuijer<\/span>\n\t\t\t\t\t\t<span itemprop='logo' itemscope itemtype='https:\/\/schema.org\/ImageObject'>\n\t\t\t\t\t\t\t<span itemprop='url'>https:\/\/www.livingonthecotedazur.com\/wp-content\/uploads\/2024\/02\/sitelogo150.png<\/span>\n\t\t\t\t\t\t<\/span>\n\t\t\t\t<\/span><span class='av-structured-data'  itemprop=\"author\" itemscope=\"itemscope\" itemtype=\"https:\/\/schema.org\/Person\" ><span itemprop='name'>Feline Kuijer<\/span><\/span><span class='av-structured-data'  itemprop=\"datePublished\" datetime=\"2023-09-06T08:07:08+02:00\" >2026-08-01 21:01:45<\/span><span class='av-structured-data'  itemprop=\"dateModified\" itemtype=\"https:\/\/schema.org\/dateModified\" >2026-08-11 21:23:49<\/span><span class='av-structured-data'  itemprop=\"mainEntityOfPage\" itemtype=\"https:\/\/schema.org\/mainEntityOfPage\" ><span itemprop='name'>Villas et appartements \u00e0 vendre \u00e0 Th\u00e9oule-sur-Mer<\/span><\/span><\/span><\/article><\/div><div class=\"slide-entry-wrap\"><article class='slide-entry flex_column  post-entry post-entry-3820215 slide-entry-overview slide-loop-7 slide-parity-odd  av_one_half first real-thumbnail posttype-post post-format-standard'  itemscope=\"itemscope\" itemtype=\"https:\/\/schema.org\/CreativeWork\" ><a href='https:\/\/www.livingonthecotedazur.com\/fr\/achetez-un-bien-immobilier-sur-la-cote-dazur-par-lintermediaire-dun-agent-immobilier-de-confiance\/' data-rel='slide-1' class='slide-image' title='Achetez un bien immobilier sur la C\u00f4te d&rsquo;Azur par l&rsquo;interm\u00e9diaire d&rsquo;un agent immobilier de confiance'><img decoding=\"async\" fetchpriority=\"high\" width=\"495\" height=\"400\" src=\"https:\/\/www.livingonthecotedazur.com\/wp-content\/uploads\/2026\/07\/buyer-agent-dutch-french-riviera-ab-and-jo-kuijer-495x400.jpg\" class=\"wp-image-3820216 avia-img-lazy-loading-not-3820216 attachment-portfolio size-portfolio wp-post-image\" alt=\"buyer agent dutch french riviera ab and jo kuijer\" \/><\/a><div class=\"slide-content\"><header class=\"entry-content-header\"><h2 class='slide-entry-title entry-title '  itemprop=\"headline\" ><a href='https:\/\/www.livingonthecotedazur.com\/fr\/achetez-un-bien-immobilier-sur-la-cote-dazur-par-lintermediaire-dun-agent-immobilier-de-confiance\/' title='Achetez un bien immobilier sur la C\u00f4te d&rsquo;Azur par l&rsquo;interm\u00e9diaire d&rsquo;un agent immobilier de confiance'>Achetez un bien immobilier sur la C\u00f4te d&rsquo;Azur par l&rsquo;interm\u00e9diaire d&rsquo;un agent immobilier de confiance<\/a><\/h2><span class=\"blog-categories minor-meta\"><span class=\"blog-author minor-meta\"><span class=\"author\">par Ab Kuijer<\/span><\/span><span class=\"text-sep\">\/<\/span><time class='slide-meta-time updated'  itemprop=\"datePublished\" datetime=\"2026-07-28T13:09:02+02:00\" >28 juillet 2026<\/time><span class=\"text-sep\">\/<\/span>dans Blog, Page d'atterrissage <\/span><span class=\"av-vertical-delimiter\"><\/span><\/header><div class='slide-entry-excerpt entry-content'  itemprop=\"text\" >\nL'agent immobilier ind\u00e9pendant sp\u00e9cialis\u00e9 dans l'accompagnement des acheteurs sur la C\u00f4te d'Azur et en France\n\n\n\nL'achat d'un bien immobilier en France devrait \u00eatre une exp\u00e9rience passionnante, et non une source de complications. Que\u2026<div class=\"read-more-link\"><a href=\"https:\/\/www.livingonthecotedazur.com\/fr\/achetez-un-bien-immobilier-sur-la-cote-dazur-par-lintermediaire-dun-agent-immobilier-de-confiance\/\" class=\"more-link\">Lire la suite<span class=\"more-link-arrow\"><\/span><\/a><\/div><\/div><\/div><footer class=\"entry-footer\"><div class=\"slide-meta\"><time class='slide-meta-time updated'  itemprop=\"datePublished\" datetime=\"2026-07-28T13:09:02+02:00\" >28 juillet 2026<\/time><\/div><\/footer><span class='hidden'>\n\t\t\t\t<span class='av-structured-data'  itemprop=\"image\" itemscope=\"itemscope\" itemtype=\"https:\/\/schema.org\/ImageObject\" >\n\t\t\t\t\t\t<span itemprop='url'>https:\/\/www.livingonthecotedazur.com\/wp-content\/uploads\/2026\/07\/buyer-agent-dutch-french-riviera-ab-and-jo-kuijer.jpg<\/span>\n\t\t\t\t\t\t<span itemprop='height'>667<\/span>\n\t\t\t\t\t\t<span itemprop='width'>1000<\/span>\n\t\t\t\t<\/span>\n\t\t\t\t<span class='av-structured-data'  itemprop=\"publisher\" itemtype=\"https:\/\/schema.org\/Organization\" itemscope=\"itemscope\" >\n\t\t\t\t\t\t<span itemprop='name'>Ab Kuijer<\/span>\n\t\t\t\t\t\t<span itemprop='logo' itemscope itemtype='https:\/\/schema.org\/ImageObject'>\n\t\t\t\t\t\t\t<span itemprop='url'>https:\/\/www.livingonthecotedazur.com\/wp-content\/uploads\/2024\/02\/sitelogo150.png<\/span>\n\t\t\t\t\t\t<\/span>\n\t\t\t\t<\/span><span class='av-structured-data'  itemprop=\"author\" itemscope=\"itemscope\" itemtype=\"https:\/\/schema.org\/Person\" ><span itemprop='name'>Ab Kuijer<\/span><\/span><span class='av-structured-data'  itemprop=\"datePublished\" datetime=\"2023-09-06T08:07:08+02:00\" >2026-07-28 13:09:02<\/span><span class='av-structured-data'  itemprop=\"dateModified\" itemtype=\"https:\/\/schema.org\/dateModified\" >2026-07-28 13:09:03<\/span><span class='av-structured-data'  itemprop=\"mainEntityOfPage\" itemtype=\"https:\/\/schema.org\/mainEntityOfPage\" ><span itemprop='name'>Achetez un bien immobilier sur la C\u00f4te d&rsquo;Azur par l&rsquo;interm\u00e9diaire d&rsquo;un agent immobilier de confiance<\/span><\/span><\/span><\/article><article class='slide-entry flex_column  post-entry post-entry-3818529 slide-entry-overview slide-loop-8 slide-parity-even  av_one_half  real-thumbnail posttype-post post-format-standard'  itemscope=\"itemscope\" itemtype=\"https:\/\/schema.org\/CreativeWork\" ><a href='https:\/\/www.livingonthecotedazur.com\/fr\/pourquoi-opter-pour-un-logement-neuf-sur-la-cote-dazur\/' data-rel='slide-1' class='slide-image' title='Pourquoi opter pour un logement neuf sur la C\u00f4te d&rsquo;Azur ?'><img decoding=\"async\" fetchpriority=\"high\" width=\"495\" height=\"400\" src=\"https:\/\/www.livingonthecotedazur.com\/wp-content\/uploads\/2026\/07\/1784922941267_Couple-enjoying-drinks-on-sunny-terrace-by-sea-1-495x400.jpeg\" class=\"wp-image-3884304 avia-img-lazy-loading-not-3884304 attachment-portfolio size-portfolio wp-post-image\" alt=\"Couple enjoying drinks on sunny terrace by sea\" srcset=\"https:\/\/www.livingonthecotedazur.com\/wp-content\/uploads\/2026\/07\/1784922941267_Couple-enjoying-drinks-on-sunny-terrace-by-sea-1-495x400.jpeg 495w, https:\/\/www.livingonthecotedazur.com\/wp-content\/uploads\/2026\/07\/1784922941267_Couple-enjoying-drinks-on-sunny-terrace-by-sea-1-845x684.jpeg 845w\" sizes=\"(max-width: 495px) 100vw, 495px\" \/><\/a><div class=\"slide-content\"><header class=\"entry-content-header\"><h2 class='slide-entry-title entry-title '  itemprop=\"headline\" ><a href='https:\/\/www.livingonthecotedazur.com\/fr\/pourquoi-opter-pour-un-logement-neuf-sur-la-cote-dazur\/' title='Pourquoi opter pour un logement neuf sur la C\u00f4te d&rsquo;Azur ?'>Pourquoi opter pour un logement neuf sur la C\u00f4te d&rsquo;Azur ?<\/a><\/h2><span class=\"blog-categories minor-meta\"><span class=\"blog-author minor-meta\"><span class=\"author\">par Websols Servicedesk<\/span><\/span><span class=\"text-sep\">\/<\/span><time class='slide-meta-time updated'  itemprop=\"datePublished\" datetime=\"2026-07-27T02:31:24+02:00\" >27 juillet 2026<\/time><span class=\"text-sep\">\/<\/span>dans Page d'atterrissage <\/span><span class=\"av-vertical-delimiter\"><\/span><\/header><div class='slide-entry-excerpt entry-content'  itemprop=\"text\" >D\u00e9couvrez pourquoi opter pour une construction neuve sur la C\u00f4te d'Azur pour un cadre de vie luxueux. Profitez d'\u00e9conomies, d'un design moderne et d'une efficacit\u00e9 \u00e9nerg\u00e9tique. <div class=\"read-more-link\"><a href=\"https:\/\/www.livingonthecotedazur.com\/fr\/pourquoi-opter-pour-un-logement-neuf-sur-la-cote-dazur\/\" class=\"more-link\">Lire la suite<span class=\"more-link-arrow\"><\/span><\/a><\/div><\/div><\/div><footer class=\"entry-footer\"><div class=\"slide-meta\"><time class='slide-meta-time updated'  itemprop=\"datePublished\" datetime=\"2026-07-27T02:31:24+02:00\" >27 juillet 2026<\/time><\/div><\/footer><span class='hidden'>\n\t\t\t\t<span class='av-structured-data'  itemprop=\"image\" itemscope=\"itemscope\" itemtype=\"https:\/\/schema.org\/ImageObject\" >\n\t\t\t\t\t\t<span itemprop='url'>https:\/\/www.livingonthecotedazur.com\/wp-content\/uploads\/2026\/07\/1784922941267_Couple-enjoying-drinks-on-sunny-terrace-by-sea-1.jpeg<\/span>\n\t\t\t\t\t\t<span itemprop='height'>720<\/span>\n\t\t\t\t\t\t<span itemprop='width'>1260<\/span>\n\t\t\t\t<\/span>\n\t\t\t\t<span class='av-structured-data'  itemprop=\"publisher\" itemtype=\"https:\/\/schema.org\/Organization\" itemscope=\"itemscope\" >\n\t\t\t\t\t\t<span itemprop='name'>Websols Servicedesk<\/span>\n\t\t\t\t\t\t<span itemprop='logo' itemscope itemtype='https:\/\/schema.org\/ImageObject'>\n\t\t\t\t\t\t\t<span itemprop='url'>https:\/\/www.livingonthecotedazur.com\/wp-content\/uploads\/2024\/02\/sitelogo150.png<\/span>\n\t\t\t\t\t\t<\/span>\n\t\t\t\t<\/span><span class='av-structured-data'  itemprop=\"author\" itemscope=\"itemscope\" itemtype=\"https:\/\/schema.org\/Person\" ><span itemprop='name'>Websols Servicedesk<\/span><\/span><span class='av-structured-data'  itemprop=\"datePublished\" datetime=\"2023-09-06T08:07:08+02:00\" >2026-07-27 02:31:24<\/span><span class='av-structured-data'  itemprop=\"dateModified\" itemtype=\"https:\/\/schema.org\/dateModified\" >2026-08-26 17:45:48<\/span><span class='av-structured-data'  itemprop=\"mainEntityOfPage\" itemtype=\"https:\/\/schema.org\/mainEntityOfPage\" ><span itemprop='name'>Pourquoi opter pour un logement neuf sur la C\u00f4te d&rsquo;Azur ?<\/span><\/span><\/span><\/article><\/div><div class=\"slide-entry-wrap\"><article class='slide-entry flex_column  post-entry post-entry-3849675 slide-entry-overview slide-loop-9 slide-parity-odd  av_one_half first real-thumbnail posttype-post post-format-standard'  itemscope=\"itemscope\" itemtype=\"https:\/\/schema.org\/CreativeWork\" ><a href='https:\/\/www.livingonthecotedazur.com\/fr\/villas-et-appartements-a-vendre-a-peymeinade\/' data-rel='slide-1' class='slide-image' title='Villas et appartements \u00e0 vendre \u00e0 Peymeinade'><img decoding=\"async\" fetchpriority=\"high\" width=\"495\" height=\"400\" src=\"https:\/\/www.livingonthecotedazur.com\/wp-content\/uploads\/2026\/08\/Peymeinade-495x400.jpg\" class=\"wp-image-3849676 avia-img-lazy-loading-not-3849676 attachment-portfolio size-portfolio wp-post-image\" alt=\"\" \/><\/a><div class=\"slide-content\"><header class=\"entry-content-header\"><h2 class='slide-entry-title entry-title '  itemprop=\"headline\" ><a href='https:\/\/www.livingonthecotedazur.com\/fr\/villas-et-appartements-a-vendre-a-peymeinade\/' title='Villas et appartements \u00e0 vendre \u00e0 Peymeinade'>Villas et appartements \u00e0 vendre \u00e0 Peymeinade<\/a><\/h2><span class=\"blog-categories minor-meta\"><span class=\"blog-author minor-meta\"><span class=\"author\">par Feline Kuijer<\/span><\/span><span class=\"text-sep\">\/<\/span><time class='slide-meta-time updated'  itemprop=\"datePublished\" datetime=\"2026-07-26T09:35:07+02:00\" >26 juillet 2026<\/time><span class=\"text-sep\">\/<\/span>dans Blog, Page d'atterrissage <\/span><span class=\"av-vertical-delimiter\"><\/span><\/header><div class='slide-entry-excerpt entry-content'  itemprop=\"text\" >\n\nTL;DR\n\n\n\nPeymeinade est une ville r\u00e9sidentielle bien \u00e9tablie, situ\u00e9e dans les collines \u00e0 l'ouest de Grasse, qui propose des villas, des maisons familiales et des propri\u00e9t\u00e9s \u00e0 la campagne, \u00e0 proximit\u00e9 de Cannes et de la c\u00f4te m\u00e9diterran\u00e9enne.\u2026<div class=\"read-more-link\"><a href=\"https:\/\/www.livingonthecotedazur.com\/fr\/villas-et-appartements-a-vendre-a-peymeinade\/\" class=\"more-link\">Lire la suite<span class=\"more-link-arrow\"><\/span><\/a><\/div><\/div><\/div><footer class=\"entry-footer\"><div class=\"slide-meta\"><time class='slide-meta-time updated'  itemprop=\"datePublished\" datetime=\"2026-07-26T09:35:07+02:00\" >26 juillet 2026<\/time><\/div><\/footer><span class='hidden'>\n\t\t\t\t<span class='av-structured-data'  itemprop=\"image\" itemscope=\"itemscope\" itemtype=\"https:\/\/schema.org\/ImageObject\" >\n\t\t\t\t\t\t<span itemprop='url'>https:\/\/www.livingonthecotedazur.com\/wp-content\/uploads\/2026\/08\/Peymeinade.jpg<\/span>\n\t\t\t\t\t\t<span itemprop='height'>667<\/span>\n\t\t\t\t\t\t<span itemprop='width'>1000<\/span>\n\t\t\t\t<\/span>\n\t\t\t\t<span class='av-structured-data'  itemprop=\"publisher\" itemtype=\"https:\/\/schema.org\/Organization\" itemscope=\"itemscope\" >\n\t\t\t\t\t\t<span itemprop='name'>Feline Kuijer<\/span>\n\t\t\t\t\t\t<span itemprop='logo' itemscope itemtype='https:\/\/schema.org\/ImageObject'>\n\t\t\t\t\t\t\t<span itemprop='url'>https:\/\/www.livingonthecotedazur.com\/wp-content\/uploads\/2024\/02\/sitelogo150.png<\/span>\n\t\t\t\t\t\t<\/span>\n\t\t\t\t<\/span><span class='av-structured-data'  itemprop=\"author\" itemscope=\"itemscope\" itemtype=\"https:\/\/schema.org\/Person\" ><span itemprop='name'>Feline Kuijer<\/span><\/span><span class='av-structured-data'  itemprop=\"datePublished\" datetime=\"2023-09-06T08:07:08+02:00\" >2026-07-26 09:35:07<\/span><span class='av-structured-data'  itemprop=\"dateModified\" itemtype=\"https:\/\/schema.org\/dateModified\" >2026-08-11 10:02:04<\/span><span class='av-structured-data'  itemprop=\"mainEntityOfPage\" itemtype=\"https:\/\/schema.org\/mainEntityOfPage\" ><span itemprop='name'>Villas et appartements \u00e0 vendre \u00e0 Peymeinade<\/span><\/span><\/span><\/article><article class='slide-entry flex_column  post-entry post-entry-3809300 slide-entry-overview slide-loop-10 slide-parity-even  post-entry-last  av_one_half  real-thumbnail posttype-post post-format-standard'  itemscope=\"itemscope\" itemtype=\"https:\/\/schema.org\/CreativeWork\" ><a href='https:\/\/www.livingonthecotedazur.com\/fr\/villas-et-appartements-a-vendre-a-cap-dail\/' data-rel='slide-1' class='slide-image' title='Immobilier \u00e0 Cap d&rsquo;Ail : march\u00e9 immobilier et guide d&rsquo;achat'><img decoding=\"async\" fetchpriority=\"high\" width=\"495\" height=\"400\" src=\"https:\/\/www.livingonthecotedazur.com\/wp-content\/uploads\/2026\/07\/cap-dail-495x400.jpeg\" class=\"wp-image-3809301 avia-img-lazy-loading-not-3809301 attachment-portfolio size-portfolio wp-post-image\" alt=\"\" \/><\/a><div class=\"slide-content\"><header class=\"entry-content-header\"><h2 class='slide-entry-title entry-title '  itemprop=\"headline\" ><a href='https:\/\/www.livingonthecotedazur.com\/fr\/villas-et-appartements-a-vendre-a-cap-dail\/' title='Immobilier \u00e0 Cap d&rsquo;Ail : march\u00e9 immobilier et guide d&rsquo;achat'>Immobilier \u00e0 Cap d&rsquo;Ail : march\u00e9 immobilier et guide d&rsquo;achat<\/a><\/h2><span class=\"blog-categories minor-meta\"><span class=\"blog-author minor-meta\"><span class=\"author\">par Feline Kuijer<\/span><\/span><span class=\"text-sep\">\/<\/span><time class='slide-meta-time updated'  itemprop=\"datePublished\" datetime=\"2026-07-22T13:21:07+02:00\" >22 juillet 2026<\/time><span class=\"text-sep\">\/<\/span>dans Page d'atterrissage <\/span><span class=\"av-vertical-delimiter\"><\/span><\/header><div class='slide-entry-excerpt entry-content'  itemprop=\"text\" >\nTL;DR\n\nCap d\u2019Ail est l\u2019un des quartiers r\u00e9sidentiels les plus prestigieux aux alentours de Monaco.  Situ\u00e9e juste \u00e0 l'ouest de la Principaut\u00e9, cette \u00e9l\u00e9gante ville de la C\u00f4te d'Azur allie des paysages m\u00e9diterran\u00e9ens spectaculaires,\u2026<div class=\"read-more-link\"><a href=\"https:\/\/www.livingonthecotedazur.com\/fr\/villas-et-appartements-a-vendre-a-cap-dail\/\" class=\"more-link\">Lire la suite<span class=\"more-link-arrow\"><\/span><\/a><\/div><\/div><\/div><footer class=\"entry-footer\"><div class=\"slide-meta\"><time class='slide-meta-time updated'  itemprop=\"datePublished\" datetime=\"2026-07-22T13:21:07+02:00\" >22 juillet 2026<\/time><\/div><\/footer><span class='hidden'>\n\t\t\t\t<span class='av-structured-data'  itemprop=\"image\" itemscope=\"itemscope\" itemtype=\"https:\/\/schema.org\/ImageObject\" >\n\t\t\t\t\t\t<span itemprop='url'>https:\/\/www.livingonthecotedazur.com\/wp-content\/uploads\/2026\/07\/cap-dail.jpeg<\/span>\n\t\t\t\t\t\t<span itemprop='height'>667<\/span>\n\t\t\t\t\t\t<span itemprop='width'>1000<\/span>\n\t\t\t\t<\/span>\n\t\t\t\t<span class='av-structured-data'  itemprop=\"publisher\" itemtype=\"https:\/\/schema.org\/Organization\" itemscope=\"itemscope\" >\n\t\t\t\t\t\t<span itemprop='name'>Feline Kuijer<\/span>\n\t\t\t\t\t\t<span itemprop='logo' itemscope itemtype='https:\/\/schema.org\/ImageObject'>\n\t\t\t\t\t\t\t<span itemprop='url'>https:\/\/www.livingonthecotedazur.com\/wp-content\/uploads\/2024\/02\/sitelogo150.png<\/span>\n\t\t\t\t\t\t<\/span>\n\t\t\t\t<\/span><span class='av-structured-data'  itemprop=\"author\" itemscope=\"itemscope\" itemtype=\"https:\/\/schema.org\/Person\" ><span itemprop='name'>Feline Kuijer<\/span><\/span><span class='av-structured-data'  itemprop=\"datePublished\" datetime=\"2023-09-06T08:07:08+02:00\" >2026-07-22 13:21:07<\/span><span class='av-structured-data'  itemprop=\"dateModified\" itemtype=\"https:\/\/schema.org\/dateModified\" >2026-09-03 12:31:46<\/span><span class='av-structured-data'  itemprop=\"mainEntityOfPage\" itemtype=\"https:\/\/schema.org\/mainEntityOfPage\" ><span itemprop='name'>Immobilier \u00e0 Cap d&rsquo;Ail : march\u00e9 immobilier et guide d&rsquo;achat<\/span><\/span><\/span><\/article><\/div><\/div><div class='pagination-wrap pagination-slider'><nav class='pagination'><span class='pagination-meta'>Page 1 sur 26<\/span><span class='current'>1<\/span><a href='https:\/\/www.livingonthecotedazur.com\/fr\/wp-json\/wp\/v2\/pages\/1849345\/?avia-element-paging=2' class='inactive next_page' >2<\/a><a href='https:\/\/www.livingonthecotedazur.com\/fr\/wp-json\/wp\/v2\/pages\/1849345\/?avia-element-paging=3' class='inactive' >3<\/a><a href='https:\/\/www.livingonthecotedazur.com\/fr\/wp-json\/wp\/v2\/pages\/1849345\/?avia-element-paging=2'>&rsaquo;<\/a><a href='https:\/\/www.livingonthecotedazur.com\/fr\/wp-json\/wp\/v2\/pages\/1849345\/?avia-element-paging=26'>&raquo;<\/a><\/nav>\n<\/div><\/div><br \/>\n<div  data-slideshow-options=\"{&quot;animation&quot;:&quot;fade&quot;,&quot;autoplay&quot;:false,&quot;loop_autoplay&quot;:&quot;once&quot;,&quot;interval&quot;:5,&quot;loop_manual&quot;:&quot;manual-endless&quot;,&quot;autoplay_stopper&quot;:false,&quot;noNavigation&quot;:false,&quot;show_slide_delay&quot;:90}\" class='avia-content-slider avia-content-grid-active avia-content-slider2 avia-content-slider-odd  avia-builder-el-3  el_after_av_blog  avia-builder-el-last  av-slideshow-ui av-control-default   av-no-slider-navigation av-slideshow-manual av-loop-once av-loop-manual-endless  av-desktop-hide'  itemscope=\"itemscope\" itemtype=\"https:\/\/schema.org\/Blog\" ><div class=\"avia-content-slider-inner\"><div class=\"slide-entry-wrap\"><article class='slide-entry flex_column  post-entry post-entry-3888890 slide-entry-overview slide-loop-1 slide-parity-odd  av_fullwidth first real-thumbnail posttype-post post-format-standard'  itemscope=\"itemscope\" itemtype=\"https:\/\/schema.org\/CreativeWork\" ><a href='https:\/\/www.livingonthecotedazur.com\/fr\/nouveaute-dans-notre-portefeuille-de-biens-immobiliers-a-chypre-nord-un-paradis-secret-a-esentepe\/' data-rel='slide-2' class='slide-image' title='Nouveaut\u00e9 dans notre portefeuille de biens immobiliers \u00e0 Chypre-Nord : un paradis secret \u00e0 Esentepe'><img decoding=\"async\" fetchpriority=\"high\" width=\"1024\" height=\"768\" src=\"https:\/\/www.livingonthecotedazur.com\/wp-content\/uploads\/2026\/08\/secret-paradise-north-cyprus.jpg\" class=\"wp-image-3888893 avia-img-lazy-loading-not-3888893 attachment-large size-large wp-post-image\" alt=\"secret paradise north cyprus\" srcset=\"https:\/\/www.livingonthecotedazur.com\/wp-content\/uploads\/2026\/08\/secret-paradise-north-cyprus.jpg 1024w, https:\/\/www.livingonthecotedazur.com\/wp-content\/uploads\/2026\/08\/secret-paradise-north-cyprus-300x225.jpg 300w, https:\/\/www.livingonthecotedazur.com\/wp-content\/uploads\/2026\/08\/secret-paradise-north-cyprus-768x576.jpg 768w, https:\/\/www.livingonthecotedazur.com\/wp-content\/uploads\/2026\/08\/secret-paradise-north-cyprus-705x529.jpg 705w, https:\/\/www.livingonthecotedazur.com\/wp-content\/uploads\/2026\/08\/secret-paradise-north-cyprus-460x345.jpg 460w, https:\/\/www.livingonthecotedazur.com\/wp-content\/uploads\/2026\/08\/secret-paradise-north-cyprus-320x240.jpg 320w, https:\/\/www.livingonthecotedazur.com\/wp-content\/uploads\/2026\/08\/secret-paradise-north-cyprus-960x720.jpg 960w\" sizes=\"(max-width: 1024px) 100vw, 1024px\" \/><\/a><div class=\"slide-content\"><header class=\"entry-content-header\"><h2 class='slide-entry-title entry-title '  itemprop=\"headline\" ><a href='https:\/\/www.livingonthecotedazur.com\/fr\/nouveaute-dans-notre-portefeuille-de-biens-immobiliers-a-chypre-nord-un-paradis-secret-a-esentepe\/' title='Nouveaut\u00e9 dans notre portefeuille de biens immobiliers \u00e0 Chypre-Nord : un paradis secret \u00e0 Esentepe'>Nouveaut\u00e9 dans notre portefeuille de biens immobiliers \u00e0 Chypre-Nord : un paradis secret \u00e0 Esentepe<\/a><\/h2><span class=\"blog-categories minor-meta\"><span class=\"blog-author minor-meta\"><span class=\"author\">par Ab Kuijer<\/span><\/span><span class=\"text-sep\">\/<\/span><time class='slide-meta-time updated'  itemprop=\"datePublished\" datetime=\"2026-08-28T11:08:19+02:00\" >28 ao\u00fbt 2026<\/time><span class=\"text-sep\">\/<\/span>dans Blog <\/span><span class=\"av-vertical-delimiter\"><\/span><\/header><div class='slide-entry-excerpt entry-content'  itemprop=\"text\" >Secret Paradise se compose de seulement 16 maisons de ville de luxe, situ\u00e9es \u00e0 environ 100 m\u00e8tres de la mer M\u00e9diterran\u00e9e, offrant une vue panoramique sur la mer, de vastes espaces de vie ext\u00e9rieurs et, en toile de fond, les impressionnantes montagnes de Kyrenia.<div class=\"read-more-link\"><a href=\"https:\/\/www.livingonthecotedazur.com\/fr\/nouveaute-dans-notre-portefeuille-de-biens-immobiliers-a-chypre-nord-un-paradis-secret-a-esentepe\/\" class=\"more-link\">Lire la suite<span class=\"more-link-arrow\"><\/span><\/a><\/div><\/div><\/div><footer class=\"entry-footer\"><div class=\"slide-meta\"><time class='slide-meta-time updated'  itemprop=\"datePublished\" datetime=\"2026-08-28T11:08:19+02:00\" >28 ao\u00fbt 2026<\/time><\/div><\/footer><span class='hidden'>\n\t\t\t\t<span class='av-structured-data'  itemprop=\"image\" itemscope=\"itemscope\" itemtype=\"https:\/\/schema.org\/ImageObject\" >\n\t\t\t\t\t\t<span itemprop='url'>https:\/\/www.livingonthecotedazur.com\/wp-content\/uploads\/2026\/08\/secret-paradise-north-cyprus.jpg<\/span>\n\t\t\t\t\t\t<span itemprop='height'>768<\/span>\n\t\t\t\t\t\t<span itemprop='width'>1024<\/span>\n\t\t\t\t<\/span>\n\t\t\t\t<span class='av-structured-data'  itemprop=\"publisher\" itemtype=\"https:\/\/schema.org\/Organization\" itemscope=\"itemscope\" >\n\t\t\t\t\t\t<span itemprop='name'>Ab Kuijer<\/span>\n\t\t\t\t\t\t<span itemprop='logo' itemscope itemtype='https:\/\/schema.org\/ImageObject'>\n\t\t\t\t\t\t\t<span itemprop='url'>https:\/\/www.livingonthecotedazur.com\/wp-content\/uploads\/2024\/02\/sitelogo150.png<\/span>\n\t\t\t\t\t\t<\/span>\n\t\t\t\t<\/span><span class='av-structured-data'  itemprop=\"author\" itemscope=\"itemscope\" itemtype=\"https:\/\/schema.org\/Person\" ><span itemprop='name'>Ab Kuijer<\/span><\/span><span class='av-structured-data'  itemprop=\"datePublished\" datetime=\"2023-09-06T08:07:08+02:00\" >2026-08-28 11:08:19<\/span><span class='av-structured-data'  itemprop=\"dateModified\" itemtype=\"https:\/\/schema.org\/dateModified\" >2026-08-28 11:13:36<\/span><span class='av-structured-data'  itemprop=\"mainEntityOfPage\" itemtype=\"https:\/\/schema.org\/mainEntityOfPage\" ><span itemprop='name'>Nouveaut\u00e9 dans notre portefeuille de biens immobiliers \u00e0 Chypre-Nord : un paradis secret \u00e0 Esentepe<\/span><\/span><\/span><\/article><\/div><div class=\"slide-entry-wrap\"><article class='slide-entry flex_column  post-entry post-entry-3881743 slide-entry-overview slide-loop-2 slide-parity-odd  av_fullwidth first real-thumbnail posttype-post post-format-standard'  itemscope=\"itemscope\" itemtype=\"https:\/\/schema.org\/CreativeWork\" ><a href='https:\/\/www.livingonthecotedazur.com\/fr\/decouvrez-falicon-les-collines-verdoyantes-au-dessus-de-nice\/' data-rel='slide-2' class='slide-image' title='D\u00e9couvrez Falicon, les collines verdoyantes au-dessus de Nice'><img decoding=\"async\" fetchpriority=\"high\" width=\"1000\" height=\"600\" src=\"https:\/\/www.livingonthecotedazur.com\/wp-content\/uploads\/2026\/08\/falicon.jpg\" class=\"wp-image-3881789 avia-img-lazy-loading-not-3881789 attachment-large size-large wp-post-image\" alt=\"falicon\" srcset=\"https:\/\/www.livingonthecotedazur.com\/wp-content\/uploads\/2026\/08\/falicon.jpg 1000w, https:\/\/www.livingonthecotedazur.com\/wp-content\/uploads\/2026\/08\/falicon-300x180.jpg 300w, https:\/\/www.livingonthecotedazur.com\/wp-content\/uploads\/2026\/08\/falicon-768x461.jpg 768w, https:\/\/www.livingonthecotedazur.com\/wp-content\/uploads\/2026\/08\/falicon-705x423.jpg 705w\" sizes=\"(max-width: 1000px) 100vw, 1000px\" \/><\/a><div class=\"slide-content\"><header class=\"entry-content-header\"><h2 class='slide-entry-title entry-title '  itemprop=\"headline\" ><a href='https:\/\/www.livingonthecotedazur.com\/fr\/decouvrez-falicon-les-collines-verdoyantes-au-dessus-de-nice\/' title='D\u00e9couvrez Falicon, les collines verdoyantes au-dessus de Nice'>D\u00e9couvrez Falicon, les collines verdoyantes au-dessus de Nice<\/a><\/h2><span class=\"blog-categories minor-meta\"><span class=\"blog-author minor-meta\"><span class=\"author\">par Ab Kuijer<\/span><\/span><span class=\"text-sep\">\/<\/span><time class='slide-meta-time updated'  itemprop=\"datePublished\" datetime=\"2026-08-26T12:30:55+02:00\" >26 ao\u00fbt 2026<\/time><span class=\"text-sep\">\/<\/span>dans Blog <\/span><span class=\"av-vertical-delimiter\"><\/span><\/header><div class='slide-entry-excerpt entry-content'  itemprop=\"text\" >\u00c0 seulement dix kilom\u00e8tres du centre de Nice, il existe une C\u00f4te d\u2019Azur totalement diff\u00e9rente.\n\nPas de boulevards bond\u00e9s. Pas d\u2019immeubles bordant chaque rue. \u00c0 la place, vous trouverez des collines verdoyantes, des oliviers, une v\u00e9g\u00e9tation\u2026<div class=\"read-more-link\"><a href=\"https:\/\/www.livingonthecotedazur.com\/fr\/decouvrez-falicon-les-collines-verdoyantes-au-dessus-de-nice\/\" class=\"more-link\">Lire la suite<span class=\"more-link-arrow\"><\/span><\/a><\/div><\/div><\/div><footer class=\"entry-footer\"><div class=\"slide-meta\"><time class='slide-meta-time updated'  itemprop=\"datePublished\" datetime=\"2026-08-26T12:30:55+02:00\" >26 ao\u00fbt 2026<\/time><\/div><\/footer><span class='hidden'>\n\t\t\t\t<span class='av-structured-data'  itemprop=\"image\" itemscope=\"itemscope\" itemtype=\"https:\/\/schema.org\/ImageObject\" >\n\t\t\t\t\t\t<span itemprop='url'>https:\/\/www.livingonthecotedazur.com\/wp-content\/uploads\/2026\/08\/falicon.jpg<\/span>\n\t\t\t\t\t\t<span itemprop='height'>600<\/span>\n\t\t\t\t\t\t<span itemprop='width'>1000<\/span>\n\t\t\t\t<\/span>\n\t\t\t\t<span class='av-structured-data'  itemprop=\"publisher\" itemtype=\"https:\/\/schema.org\/Organization\" itemscope=\"itemscope\" >\n\t\t\t\t\t\t<span itemprop='name'>Ab Kuijer<\/span>\n\t\t\t\t\t\t<span itemprop='logo' itemscope itemtype='https:\/\/schema.org\/ImageObject'>\n\t\t\t\t\t\t\t<span itemprop='url'>https:\/\/www.livingonthecotedazur.com\/wp-content\/uploads\/2024\/02\/sitelogo150.png<\/span>\n\t\t\t\t\t\t<\/span>\n\t\t\t\t<\/span><span class='av-structured-data'  itemprop=\"author\" itemscope=\"itemscope\" itemtype=\"https:\/\/schema.org\/Person\" ><span itemprop='name'>Ab Kuijer<\/span><\/span><span class='av-structured-data'  itemprop=\"datePublished\" datetime=\"2023-09-06T08:07:08+02:00\" >2026-08-26 12:30:55<\/span><span class='av-structured-data'  itemprop=\"dateModified\" itemtype=\"https:\/\/schema.org\/dateModified\" >2026-08-26 16:23:57<\/span><span class='av-structured-data'  itemprop=\"mainEntityOfPage\" itemtype=\"https:\/\/schema.org\/mainEntityOfPage\" ><span itemprop='name'>D\u00e9couvrez Falicon, les collines verdoyantes au-dessus de Nice<\/span><\/span><\/span><\/article><\/div><div class=\"slide-entry-wrap\"><article class='slide-entry flex_column  post-entry post-entry-3881381 slide-entry-overview slide-loop-3 slide-parity-odd  av_fullwidth first real-thumbnail posttype-post post-format-standard'  itemscope=\"itemscope\" itemtype=\"https:\/\/schema.org\/CreativeWork\" ><a href='https:\/\/www.livingonthecotedazur.com\/fr\/pourquoi-nous-avons-change-davis-sur-lenergie-solaire\/' data-rel='slide-2' class='slide-image' title='Pourquoi nous avons chang\u00e9 d&rsquo;avis sur l&rsquo;\u00e9nergie solaire'><img decoding=\"async\" fetchpriority=\"high\" width=\"1000\" height=\"600\" src=\"https:\/\/www.livingonthecotedazur.com\/wp-content\/uploads\/2026\/08\/zonnepanelen.jpg\" class=\"wp-image-3878834 avia-img-lazy-loading-not-3878834 attachment-large size-large wp-post-image\" alt=\"Solar Panels on the French Riviera\" srcset=\"https:\/\/www.livingonthecotedazur.com\/wp-content\/uploads\/2026\/08\/zonnepanelen.jpg 1000w, https:\/\/www.livingonthecotedazur.com\/wp-content\/uploads\/2026\/08\/zonnepanelen-300x180.jpg 300w, https:\/\/www.livingonthecotedazur.com\/wp-content\/uploads\/2026\/08\/zonnepanelen-768x461.jpg 768w, https:\/\/www.livingonthecotedazur.com\/wp-content\/uploads\/2026\/08\/zonnepanelen-705x423.jpg 705w\" sizes=\"(max-width: 1000px) 100vw, 1000px\" \/><\/a><div class=\"slide-content\"><header class=\"entry-content-header\"><h2 class='slide-entry-title entry-title '  itemprop=\"headline\" ><a href='https:\/\/www.livingonthecotedazur.com\/fr\/pourquoi-nous-avons-change-davis-sur-lenergie-solaire\/' title='Pourquoi nous avons chang\u00e9 d&rsquo;avis sur l&rsquo;\u00e9nergie solaire'>Pourquoi nous avons chang\u00e9 d&rsquo;avis sur l&rsquo;\u00e9nergie solaire<\/a><\/h2><span class=\"blog-categories minor-meta\"><span class=\"blog-author minor-meta\"><span class=\"author\">par Ab Kuijer<\/span><\/span><span class=\"text-sep\">\/<\/span><time class='slide-meta-time updated'  itemprop=\"datePublished\" datetime=\"2026-08-25T12:44:13+02:00\" >25 ao\u00fbt 2026<\/time><span class=\"text-sep\">\/<\/span>dans Blog <\/span><span class=\"av-vertical-delimiter\"><\/span><\/header><div class='slide-entry-excerpt entry-content'  itemprop=\"text\" >\nLorsque nous nous sommes install\u00e9s dans le sud de la France il y a environ 20 ans, l'installation de panneaux solaires nous a sembl\u00e9 \u00eatre un choix \u00e9vident.\n\nApr\u00e8s tout, nous avions emm\u00e9nag\u00e9 dans l'une des r\u00e9gions les plus ensoleill\u00e9es\u2026<div class=\"read-more-link\"><a href=\"https:\/\/www.livingonthecotedazur.com\/fr\/pourquoi-nous-avons-change-davis-sur-lenergie-solaire\/\" class=\"more-link\">Lire la suite<span class=\"more-link-arrow\"><\/span><\/a><\/div><\/div><\/div><footer class=\"entry-footer\"><div class=\"slide-meta\"><time class='slide-meta-time updated'  itemprop=\"datePublished\" datetime=\"2026-08-25T12:44:13+02:00\" >25 ao\u00fbt 2026<\/time><\/div><\/footer><span class='hidden'>\n\t\t\t\t<span class='av-structured-data'  itemprop=\"image\" itemscope=\"itemscope\" itemtype=\"https:\/\/schema.org\/ImageObject\" >\n\t\t\t\t\t\t<span itemprop='url'>https:\/\/www.livingonthecotedazur.com\/wp-content\/uploads\/2026\/08\/zonnepanelen.jpg<\/span>\n\t\t\t\t\t\t<span itemprop='height'>600<\/span>\n\t\t\t\t\t\t<span itemprop='width'>1000<\/span>\n\t\t\t\t<\/span>\n\t\t\t\t<span class='av-structured-data'  itemprop=\"publisher\" itemtype=\"https:\/\/schema.org\/Organization\" itemscope=\"itemscope\" >\n\t\t\t\t\t\t<span itemprop='name'>Ab Kuijer<\/span>\n\t\t\t\t\t\t<span itemprop='logo' itemscope itemtype='https:\/\/schema.org\/ImageObject'>\n\t\t\t\t\t\t\t<span itemprop='url'>https:\/\/www.livingonthecotedazur.com\/wp-content\/uploads\/2024\/02\/sitelogo150.png<\/span>\n\t\t\t\t\t\t<\/span>\n\t\t\t\t<\/span><span class='av-structured-data'  itemprop=\"author\" itemscope=\"itemscope\" itemtype=\"https:\/\/schema.org\/Person\" ><span itemprop='name'>Ab Kuijer<\/span><\/span><span class='av-structured-data'  itemprop=\"datePublished\" datetime=\"2023-09-06T08:07:08+02:00\" >2026-08-25 12:44:13<\/span><span class='av-structured-data'  itemprop=\"dateModified\" itemtype=\"https:\/\/schema.org\/dateModified\" >2026-08-25 12:50:15<\/span><span class='av-structured-data'  itemprop=\"mainEntityOfPage\" itemtype=\"https:\/\/schema.org\/mainEntityOfPage\" ><span itemprop='name'>Pourquoi nous avons chang\u00e9 d&rsquo;avis sur l&rsquo;\u00e9nergie solaire<\/span><\/span><\/span><\/article><\/div><div class=\"slide-entry-wrap\"><article class='slide-entry flex_column  post-entry post-entry-3878833 slide-entry-overview slide-loop-4 slide-parity-odd  av_fullwidth first real-thumbnail posttype-post post-format-standard'  itemscope=\"itemscope\" itemtype=\"https:\/\/schema.org\/CreativeWork\" ><a href='https:\/\/www.livingonthecotedazur.com\/fr\/panneaux-solaires-sur-la-cote-dazur\/' data-rel='slide-2' class='slide-image' title='Panneaux solaires sur la C\u00f4te d&rsquo;Azur'><img decoding=\"async\" fetchpriority=\"high\" width=\"1000\" height=\"600\" src=\"https:\/\/www.livingonthecotedazur.com\/wp-content\/uploads\/2026\/08\/zonnepanelen.jpg\" class=\"wp-image-3878834 avia-img-lazy-loading-not-3878834 attachment-large size-large wp-post-image\" alt=\"Solar Panels on the French Riviera\" srcset=\"https:\/\/www.livingonthecotedazur.com\/wp-content\/uploads\/2026\/08\/zonnepanelen.jpg 1000w, https:\/\/www.livingonthecotedazur.com\/wp-content\/uploads\/2026\/08\/zonnepanelen-300x180.jpg 300w, https:\/\/www.livingonthecotedazur.com\/wp-content\/uploads\/2026\/08\/zonnepanelen-768x461.jpg 768w, https:\/\/www.livingonthecotedazur.com\/wp-content\/uploads\/2026\/08\/zonnepanelen-705x423.jpg 705w\" sizes=\"(max-width: 1000px) 100vw, 1000px\" \/><\/a><div class=\"slide-content\"><header class=\"entry-content-header\"><h2 class='slide-entry-title entry-title '  itemprop=\"headline\" ><a href='https:\/\/www.livingonthecotedazur.com\/fr\/panneaux-solaires-sur-la-cote-dazur\/' title='Panneaux solaires sur la C\u00f4te d&rsquo;Azur'>Panneaux solaires sur la C\u00f4te d&rsquo;Azur<\/a><\/h2><span class=\"blog-categories minor-meta\"><span class=\"blog-author minor-meta\"><span class=\"author\">par Ab Kuijer<\/span><\/span><span class=\"text-sep\">\/<\/span><time class='slide-meta-time updated'  itemprop=\"datePublished\" datetime=\"2026-08-24T15:53:07+02:00\" >24 ao\u00fbt 2026<\/time><span class=\"text-sep\">\/<\/span>dans Page d'atterrissage <\/span><span class=\"av-vertical-delimiter\"><\/span><\/header><div class='slide-entry-excerpt entry-content'  itemprop=\"text\" >\nUne solution solaire fiable pour les propri\u00e9taires immobiliers de la C\u00f4te d\u2019Azur\n\nR\u00e9duisez vos d\u00e9penses d'\u00e9lectricit\u00e9. Produisez votre propre \u00e9nergie. Et \u00e9vitez les \u00ab cowboys \u00bb du solaire.  \n\nAvec environ 300 jours d'ensoleillement\u2026<div class=\"read-more-link\"><a href=\"https:\/\/www.livingonthecotedazur.com\/fr\/panneaux-solaires-sur-la-cote-dazur\/\" class=\"more-link\">Lire la suite<span class=\"more-link-arrow\"><\/span><\/a><\/div><\/div><\/div><footer class=\"entry-footer\"><div class=\"slide-meta\"><time class='slide-meta-time updated'  itemprop=\"datePublished\" datetime=\"2026-08-24T15:53:07+02:00\" >24 ao\u00fbt 2026<\/time><\/div><\/footer><span class='hidden'>\n\t\t\t\t<span class='av-structured-data'  itemprop=\"image\" itemscope=\"itemscope\" itemtype=\"https:\/\/schema.org\/ImageObject\" >\n\t\t\t\t\t\t<span itemprop='url'>https:\/\/www.livingonthecotedazur.com\/wp-content\/uploads\/2026\/08\/zonnepanelen.jpg<\/span>\n\t\t\t\t\t\t<span itemprop='height'>600<\/span>\n\t\t\t\t\t\t<span itemprop='width'>1000<\/span>\n\t\t\t\t<\/span>\n\t\t\t\t<span class='av-structured-data'  itemprop=\"publisher\" itemtype=\"https:\/\/schema.org\/Organization\" itemscope=\"itemscope\" >\n\t\t\t\t\t\t<span itemprop='name'>Ab Kuijer<\/span>\n\t\t\t\t\t\t<span itemprop='logo' itemscope itemtype='https:\/\/schema.org\/ImageObject'>\n\t\t\t\t\t\t\t<span itemprop='url'>https:\/\/www.livingonthecotedazur.com\/wp-content\/uploads\/2024\/02\/sitelogo150.png<\/span>\n\t\t\t\t\t\t<\/span>\n\t\t\t\t<\/span><span class='av-structured-data'  itemprop=\"author\" itemscope=\"itemscope\" itemtype=\"https:\/\/schema.org\/Person\" ><span itemprop='name'>Ab Kuijer<\/span><\/span><span class='av-structured-data'  itemprop=\"datePublished\" datetime=\"2023-09-06T08:07:08+02:00\" >2026-08-24 15:53:07<\/span><span class='av-structured-data'  itemprop=\"dateModified\" itemtype=\"https:\/\/schema.org\/dateModified\" >2026-08-24 16:05:19<\/span><span class='av-structured-data'  itemprop=\"mainEntityOfPage\" itemtype=\"https:\/\/schema.org\/mainEntityOfPage\" ><span itemprop='name'>Panneaux solaires sur la C\u00f4te d&rsquo;Azur<\/span><\/span><\/span><\/article><\/div><div class=\"slide-entry-wrap\"><article class='slide-entry flex_column  post-entry post-entry-3896514 slide-entry-overview slide-loop-5 slide-parity-odd  av_fullwidth first real-thumbnail posttype-post post-format-standard'  itemscope=\"itemscope\" itemtype=\"https:\/\/schema.org\/CreativeWork\" ><a href='https:\/\/www.livingonthecotedazur.com\/fr\/villas-et-appartements-a-vendre-a-beausoleil-pres-de-monaco\/' data-rel='slide-2' class='slide-image' title='Villas et appartements \u00e0 vendre \u00e0 Beausoleil (pr\u00e8s de Monaco)'><img decoding=\"async\" fetchpriority=\"high\" width=\"1000\" height=\"700\" src=\"https:\/\/www.livingonthecotedazur.com\/wp-content\/uploads\/2026\/09\/Beausoleil.jpg\" class=\"wp-image-3896515 avia-img-lazy-loading-not-3896515 attachment-large size-large wp-post-image\" alt=\"Villas and apartments for sale Beausoleil\" srcset=\"https:\/\/www.livingonthecotedazur.com\/wp-content\/uploads\/2026\/09\/Beausoleil.jpg 1000w, https:\/\/www.livingonthecotedazur.com\/wp-content\/uploads\/2026\/09\/Beausoleil-300x210.jpg 300w, https:\/\/www.livingonthecotedazur.com\/wp-content\/uploads\/2026\/09\/Beausoleil-768x538.jpg 768w, https:\/\/www.livingonthecotedazur.com\/wp-content\/uploads\/2026\/09\/Beausoleil-705x494.jpg 705w\" sizes=\"(max-width: 1000px) 100vw, 1000px\" \/><\/a><div class=\"slide-content\"><header class=\"entry-content-header\"><h2 class='slide-entry-title entry-title '  itemprop=\"headline\" ><a href='https:\/\/www.livingonthecotedazur.com\/fr\/villas-et-appartements-a-vendre-a-beausoleil-pres-de-monaco\/' title='Villas et appartements \u00e0 vendre \u00e0 Beausoleil (pr\u00e8s de Monaco)'>Villas et appartements \u00e0 vendre \u00e0 Beausoleil (pr\u00e8s de Monaco)<\/a><\/h2><span class=\"blog-categories minor-meta\"><span class=\"blog-author minor-meta\"><span class=\"author\">par Ab Kuijer<\/span><\/span><span class=\"text-sep\">\/<\/span><time class='slide-meta-time updated'  itemprop=\"datePublished\" datetime=\"2026-08-10T11:13:15+02:00\" >10 ao\u00fbt 2026<\/time><span class=\"text-sep\">\/<\/span>dans Page d'atterrissage <\/span><span class=\"av-vertical-delimiter\"><\/span><\/header><div class='slide-entry-excerpt entry-content'  itemprop=\"text\" >D\u00e9couvrez des biens immobiliers \u00e0 vendre \u00e0 Beausoleil, en bordure imm\u00e9diate de Monaco. D\u00e9couvrez des appartements, des attiques et des programmes immobiliers neufs \u00e0 proximit\u00e9 de Monte-Carlo. <div class=\"read-more-link\"><a href=\"https:\/\/www.livingonthecotedazur.com\/fr\/villas-et-appartements-a-vendre-a-beausoleil-pres-de-monaco\/\" class=\"more-link\">Lire la suite<span class=\"more-link-arrow\"><\/span><\/a><\/div><\/div><\/div><footer class=\"entry-footer\"><div class=\"slide-meta\"><time class='slide-meta-time updated'  itemprop=\"datePublished\" datetime=\"2026-08-10T11:13:15+02:00\" >10 ao\u00fbt 2026<\/time><\/div><\/footer><span class='hidden'>\n\t\t\t\t<span class='av-structured-data'  itemprop=\"image\" itemscope=\"itemscope\" itemtype=\"https:\/\/schema.org\/ImageObject\" >\n\t\t\t\t\t\t<span itemprop='url'>https:\/\/www.livingonthecotedazur.com\/wp-content\/uploads\/2026\/09\/Beausoleil.jpg<\/span>\n\t\t\t\t\t\t<span itemprop='height'>700<\/span>\n\t\t\t\t\t\t<span itemprop='width'>1000<\/span>\n\t\t\t\t<\/span>\n\t\t\t\t<span class='av-structured-data'  itemprop=\"publisher\" itemtype=\"https:\/\/schema.org\/Organization\" itemscope=\"itemscope\" >\n\t\t\t\t\t\t<span itemprop='name'>Ab Kuijer<\/span>\n\t\t\t\t\t\t<span itemprop='logo' itemscope itemtype='https:\/\/schema.org\/ImageObject'>\n\t\t\t\t\t\t\t<span itemprop='url'>https:\/\/www.livingonthecotedazur.com\/wp-content\/uploads\/2024\/02\/sitelogo150.png<\/span>\n\t\t\t\t\t\t<\/span>\n\t\t\t\t<\/span><span class='av-structured-data'  itemprop=\"author\" itemscope=\"itemscope\" itemtype=\"https:\/\/schema.org\/Person\" ><span itemprop='name'>Ab Kuijer<\/span><\/span><span class='av-structured-data'  itemprop=\"datePublished\" datetime=\"2023-09-06T08:07:08+02:00\" >2026-08-10 11:13:15<\/span><span class='av-structured-data'  itemprop=\"dateModified\" itemtype=\"https:\/\/schema.org\/dateModified\" >2026-09-02 11:37:48<\/span><span class='av-structured-data'  itemprop=\"mainEntityOfPage\" itemtype=\"https:\/\/schema.org\/mainEntityOfPage\" ><span itemprop='name'>Villas et appartements \u00e0 vendre \u00e0 Beausoleil (pr\u00e8s de Monaco)<\/span><\/span><\/span><\/article><\/div><div class=\"slide-entry-wrap\"><article class='slide-entry flex_column  post-entry post-entry-3852014 slide-entry-overview slide-loop-6 slide-parity-odd  av_fullwidth first real-thumbnail posttype-post post-format-standard'  itemscope=\"itemscope\" itemtype=\"https:\/\/schema.org\/CreativeWork\" ><a href='https:\/\/www.livingonthecotedazur.com\/fr\/villas-et-appartements-a-vendre-a-theoule-sur-mer\/' data-rel='slide-2' class='slide-image' title='Villas et appartements \u00e0 vendre \u00e0 Th\u00e9oule-sur-Mer'><img decoding=\"async\" fetchpriority=\"high\" width=\"1000\" height=\"681\" src=\"https:\/\/www.livingonthecotedazur.com\/wp-content\/uploads\/2026\/08\/Theoule-sur-MEr.jpg\" class=\"wp-image-3852015 avia-img-lazy-loading-not-3852015 attachment-large size-large wp-post-image\" alt=\"\" srcset=\"https:\/\/www.livingonthecotedazur.com\/wp-content\/uploads\/2026\/08\/Theoule-sur-MEr.jpg 1000w, https:\/\/www.livingonthecotedazur.com\/wp-content\/uploads\/2026\/08\/Theoule-sur-MEr-300x204.jpg 300w, https:\/\/www.livingonthecotedazur.com\/wp-content\/uploads\/2026\/08\/Theoule-sur-MEr-768x523.jpg 768w, https:\/\/www.livingonthecotedazur.com\/wp-content\/uploads\/2026\/08\/Theoule-sur-MEr-705x480.jpg 705w\" sizes=\"(max-width: 1000px) 100vw, 1000px\" \/><\/a><div class=\"slide-content\"><header class=\"entry-content-header\"><h2 class='slide-entry-title entry-title '  itemprop=\"headline\" ><a href='https:\/\/www.livingonthecotedazur.com\/fr\/villas-et-appartements-a-vendre-a-theoule-sur-mer\/' title='Villas et appartements \u00e0 vendre \u00e0 Th\u00e9oule-sur-Mer'>Villas et appartements \u00e0 vendre \u00e0 Th\u00e9oule-sur-Mer<\/a><\/h2><span class=\"blog-categories minor-meta\"><span class=\"blog-author minor-meta\"><span class=\"author\">par Feline Kuijer<\/span><\/span><span class=\"text-sep\">\/<\/span><time class='slide-meta-time updated'  itemprop=\"datePublished\" datetime=\"2026-08-01T21:01:45+02:00\" >1 ao\u00fbt 2026<\/time><span class=\"text-sep\">\/<\/span>dans Blog, Page d'atterrissage <\/span><span class=\"av-vertical-delimiter\"><\/span><\/header><div class='slide-entry-excerpt entry-content'  itemprop=\"text\" >\n\nTL;DR\n\n\n\nTh\u00e9oule-sur-Mer est un march\u00e9 immobilier baln\u00e9aire tr\u00e8s particulier, situ\u00e9 juste \u00e0 l'ouest de Cannes, entre la M\u00e9diterran\u00e9e et les collines rouges de l'Est\u00e9rel.  Son relief escarp\u00e9, le nombre important de r\u00e9sidences secondaires,\u2026<div class=\"read-more-link\"><a href=\"https:\/\/www.livingonthecotedazur.com\/fr\/villas-et-appartements-a-vendre-a-theoule-sur-mer\/\" class=\"more-link\">Lire la suite<span class=\"more-link-arrow\"><\/span><\/a><\/div><\/div><\/div><footer class=\"entry-footer\"><div class=\"slide-meta\"><time class='slide-meta-time updated'  itemprop=\"datePublished\" datetime=\"2026-08-01T21:01:45+02:00\" >1 ao\u00fbt 2026<\/time><\/div><\/footer><span class='hidden'>\n\t\t\t\t<span class='av-structured-data'  itemprop=\"image\" itemscope=\"itemscope\" itemtype=\"https:\/\/schema.org\/ImageObject\" >\n\t\t\t\t\t\t<span itemprop='url'>https:\/\/www.livingonthecotedazur.com\/wp-content\/uploads\/2026\/08\/Theoule-sur-MEr.jpg<\/span>\n\t\t\t\t\t\t<span itemprop='height'>681<\/span>\n\t\t\t\t\t\t<span itemprop='width'>1000<\/span>\n\t\t\t\t<\/span>\n\t\t\t\t<span class='av-structured-data'  itemprop=\"publisher\" itemtype=\"https:\/\/schema.org\/Organization\" itemscope=\"itemscope\" >\n\t\t\t\t\t\t<span itemprop='name'>Feline Kuijer<\/span>\n\t\t\t\t\t\t<span itemprop='logo' itemscope itemtype='https:\/\/schema.org\/ImageObject'>\n\t\t\t\t\t\t\t<span itemprop='url'>https:\/\/www.livingonthecotedazur.com\/wp-content\/uploads\/2024\/02\/sitelogo150.png<\/span>\n\t\t\t\t\t\t<\/span>\n\t\t\t\t<\/span><span class='av-structured-data'  itemprop=\"author\" itemscope=\"itemscope\" itemtype=\"https:\/\/schema.org\/Person\" ><span itemprop='name'>Feline Kuijer<\/span><\/span><span class='av-structured-data'  itemprop=\"datePublished\" datetime=\"2023-09-06T08:07:08+02:00\" >2026-08-01 21:01:45<\/span><span class='av-structured-data'  itemprop=\"dateModified\" itemtype=\"https:\/\/schema.org\/dateModified\" >2026-08-11 21:23:49<\/span><span class='av-structured-data'  itemprop=\"mainEntityOfPage\" itemtype=\"https:\/\/schema.org\/mainEntityOfPage\" ><span itemprop='name'>Villas et appartements \u00e0 vendre \u00e0 Th\u00e9oule-sur-Mer<\/span><\/span><\/span><\/article><\/div><div class=\"slide-entry-wrap\"><article class='slide-entry flex_column  post-entry post-entry-3820215 slide-entry-overview slide-loop-7 slide-parity-odd  av_fullwidth first real-thumbnail posttype-post post-format-standard'  itemscope=\"itemscope\" itemtype=\"https:\/\/schema.org\/CreativeWork\" ><a href='https:\/\/www.livingonthecotedazur.com\/fr\/achetez-un-bien-immobilier-sur-la-cote-dazur-par-lintermediaire-dun-agent-immobilier-de-confiance\/' data-rel='slide-2' class='slide-image' title='Achetez un bien immobilier sur la C\u00f4te d&rsquo;Azur par l&rsquo;interm\u00e9diaire d&rsquo;un agent immobilier de confiance'><img decoding=\"async\" fetchpriority=\"high\" width=\"1000\" height=\"667\" src=\"https:\/\/www.livingonthecotedazur.com\/wp-content\/uploads\/2026\/07\/buyer-agent-dutch-french-riviera-ab-and-jo-kuijer.jpg\" class=\"wp-image-3820216 avia-img-lazy-loading-not-3820216 attachment-large size-large wp-post-image\" alt=\"buyer agent dutch french riviera ab and jo kuijer\" srcset=\"https:\/\/www.livingonthecotedazur.com\/wp-content\/uploads\/2026\/07\/buyer-agent-dutch-french-riviera-ab-and-jo-kuijer.jpg 1000w, https:\/\/www.livingonthecotedazur.com\/wp-content\/uploads\/2026\/07\/buyer-agent-dutch-french-riviera-ab-and-jo-kuijer-300x200.jpg 300w, https:\/\/www.livingonthecotedazur.com\/wp-content\/uploads\/2026\/07\/buyer-agent-dutch-french-riviera-ab-and-jo-kuijer-768x512.jpg 768w, https:\/\/www.livingonthecotedazur.com\/wp-content\/uploads\/2026\/07\/buyer-agent-dutch-french-riviera-ab-and-jo-kuijer-705x470.jpg 705w\" sizes=\"(max-width: 1000px) 100vw, 1000px\" \/><\/a><div class=\"slide-content\"><header class=\"entry-content-header\"><h2 class='slide-entry-title entry-title '  itemprop=\"headline\" ><a href='https:\/\/www.livingonthecotedazur.com\/fr\/achetez-un-bien-immobilier-sur-la-cote-dazur-par-lintermediaire-dun-agent-immobilier-de-confiance\/' title='Achetez un bien immobilier sur la C\u00f4te d&rsquo;Azur par l&rsquo;interm\u00e9diaire d&rsquo;un agent immobilier de confiance'>Achetez un bien immobilier sur la C\u00f4te d&rsquo;Azur par l&rsquo;interm\u00e9diaire d&rsquo;un agent immobilier de confiance<\/a><\/h2><span class=\"blog-categories minor-meta\"><span class=\"blog-author minor-meta\"><span class=\"author\">par Ab Kuijer<\/span><\/span><span class=\"text-sep\">\/<\/span><time class='slide-meta-time updated'  itemprop=\"datePublished\" datetime=\"2026-07-28T13:09:02+02:00\" >28 juillet 2026<\/time><span class=\"text-sep\">\/<\/span>dans Blog, Page d'atterrissage <\/span><span class=\"av-vertical-delimiter\"><\/span><\/header><div class='slide-entry-excerpt entry-content'  itemprop=\"text\" >\nL'agent immobilier ind\u00e9pendant sp\u00e9cialis\u00e9 dans l'accompagnement des acheteurs sur la C\u00f4te d'Azur et en France\n\n\n\nL'achat d'un bien immobilier en France devrait \u00eatre une exp\u00e9rience passionnante, et non une source de complications. Que\u2026<div class=\"read-more-link\"><a href=\"https:\/\/www.livingonthecotedazur.com\/fr\/achetez-un-bien-immobilier-sur-la-cote-dazur-par-lintermediaire-dun-agent-immobilier-de-confiance\/\" class=\"more-link\">Lire la suite<span class=\"more-link-arrow\"><\/span><\/a><\/div><\/div><\/div><footer class=\"entry-footer\"><div class=\"slide-meta\"><time class='slide-meta-time updated'  itemprop=\"datePublished\" datetime=\"2026-07-28T13:09:02+02:00\" >28 juillet 2026<\/time><\/div><\/footer><span class='hidden'>\n\t\t\t\t<span class='av-structured-data'  itemprop=\"image\" itemscope=\"itemscope\" itemtype=\"https:\/\/schema.org\/ImageObject\" >\n\t\t\t\t\t\t<span itemprop='url'>https:\/\/www.livingonthecotedazur.com\/wp-content\/uploads\/2026\/07\/buyer-agent-dutch-french-riviera-ab-and-jo-kuijer.jpg<\/span>\n\t\t\t\t\t\t<span itemprop='height'>667<\/span>\n\t\t\t\t\t\t<span itemprop='width'>1000<\/span>\n\t\t\t\t<\/span>\n\t\t\t\t<span class='av-structured-data'  itemprop=\"publisher\" itemtype=\"https:\/\/schema.org\/Organization\" itemscope=\"itemscope\" >\n\t\t\t\t\t\t<span itemprop='name'>Ab Kuijer<\/span>\n\t\t\t\t\t\t<span itemprop='logo' itemscope itemtype='https:\/\/schema.org\/ImageObject'>\n\t\t\t\t\t\t\t<span itemprop='url'>https:\/\/www.livingonthecotedazur.com\/wp-content\/uploads\/2024\/02\/sitelogo150.png<\/span>\n\t\t\t\t\t\t<\/span>\n\t\t\t\t<\/span><span class='av-structured-data'  itemprop=\"author\" itemscope=\"itemscope\" itemtype=\"https:\/\/schema.org\/Person\" ><span itemprop='name'>Ab Kuijer<\/span><\/span><span class='av-structured-data'  itemprop=\"datePublished\" datetime=\"2023-09-06T08:07:08+02:00\" >2026-07-28 13:09:02<\/span><span class='av-structured-data'  itemprop=\"dateModified\" itemtype=\"https:\/\/schema.org\/dateModified\" >2026-07-28 13:09:03<\/span><span class='av-structured-data'  itemprop=\"mainEntityOfPage\" itemtype=\"https:\/\/schema.org\/mainEntityOfPage\" ><span itemprop='name'>Achetez un bien immobilier sur la C\u00f4te d&rsquo;Azur par l&rsquo;interm\u00e9diaire d&rsquo;un agent immobilier de confiance<\/span><\/span><\/span><\/article><\/div><div class=\"slide-entry-wrap\"><article class='slide-entry flex_column  post-entry post-entry-3818529 slide-entry-overview slide-loop-8 slide-parity-odd  av_fullwidth first real-thumbnail posttype-post post-format-standard'  itemscope=\"itemscope\" itemtype=\"https:\/\/schema.org\/CreativeWork\" ><a href='https:\/\/www.livingonthecotedazur.com\/fr\/pourquoi-opter-pour-un-logement-neuf-sur-la-cote-dazur\/' data-rel='slide-2' class='slide-image' title='Pourquoi opter pour un logement neuf sur la C\u00f4te d&rsquo;Azur ?'><img decoding=\"async\" fetchpriority=\"high\" width=\"1024\" height=\"585\" src=\"https:\/\/www.livingonthecotedazur.com\/wp-content\/uploads\/2026\/07\/1784922941267_Couple-enjoying-drinks-on-sunny-terrace-by-sea-1-1024x585.jpeg\" class=\"wp-image-3884304 avia-img-lazy-loading-not-3884304 attachment-large size-large wp-post-image\" alt=\"Couple enjoying drinks on sunny terrace by sea\" srcset=\"https:\/\/www.livingonthecotedazur.com\/wp-content\/uploads\/2026\/07\/1784922941267_Couple-enjoying-drinks-on-sunny-terrace-by-sea-1-1024x585.jpeg 1024w, https:\/\/www.livingonthecotedazur.com\/wp-content\/uploads\/2026\/07\/1784922941267_Couple-enjoying-drinks-on-sunny-terrace-by-sea-1-300x171.jpeg 300w, https:\/\/www.livingonthecotedazur.com\/wp-content\/uploads\/2026\/07\/1784922941267_Couple-enjoying-drinks-on-sunny-terrace-by-sea-1-768x439.jpeg 768w, https:\/\/www.livingonthecotedazur.com\/wp-content\/uploads\/2026\/07\/1784922941267_Couple-enjoying-drinks-on-sunny-terrace-by-sea-1-705x403.jpeg 705w, https:\/\/www.livingonthecotedazur.com\/wp-content\/uploads\/2026\/07\/1784922941267_Couple-enjoying-drinks-on-sunny-terrace-by-sea-1.jpeg 1260w\" sizes=\"(max-width: 1024px) 100vw, 1024px\" \/><\/a><div class=\"slide-content\"><header class=\"entry-content-header\"><h2 class='slide-entry-title entry-title '  itemprop=\"headline\" ><a href='https:\/\/www.livingonthecotedazur.com\/fr\/pourquoi-opter-pour-un-logement-neuf-sur-la-cote-dazur\/' title='Pourquoi opter pour un logement neuf sur la C\u00f4te d&rsquo;Azur ?'>Pourquoi opter pour un logement neuf sur la C\u00f4te d&rsquo;Azur ?<\/a><\/h2><span class=\"blog-categories minor-meta\"><span class=\"blog-author minor-meta\"><span class=\"author\">par Websols Servicedesk<\/span><\/span><span class=\"text-sep\">\/<\/span><time class='slide-meta-time updated'  itemprop=\"datePublished\" datetime=\"2026-07-27T02:31:24+02:00\" >27 juillet 2026<\/time><span class=\"text-sep\">\/<\/span>dans Page d'atterrissage <\/span><span class=\"av-vertical-delimiter\"><\/span><\/header><div class='slide-entry-excerpt entry-content'  itemprop=\"text\" >D\u00e9couvrez pourquoi opter pour une construction neuve sur la C\u00f4te d'Azur pour un cadre de vie luxueux. Profitez d'\u00e9conomies, d'un design moderne et d'une efficacit\u00e9 \u00e9nerg\u00e9tique. <div class=\"read-more-link\"><a href=\"https:\/\/www.livingonthecotedazur.com\/fr\/pourquoi-opter-pour-un-logement-neuf-sur-la-cote-dazur\/\" class=\"more-link\">Lire la suite<span class=\"more-link-arrow\"><\/span><\/a><\/div><\/div><\/div><footer class=\"entry-footer\"><div class=\"slide-meta\"><time class='slide-meta-time updated'  itemprop=\"datePublished\" datetime=\"2026-07-27T02:31:24+02:00\" >27 juillet 2026<\/time><\/div><\/footer><span class='hidden'>\n\t\t\t\t<span class='av-structured-data'  itemprop=\"image\" itemscope=\"itemscope\" itemtype=\"https:\/\/schema.org\/ImageObject\" >\n\t\t\t\t\t\t<span itemprop='url'>https:\/\/www.livingonthecotedazur.com\/wp-content\/uploads\/2026\/07\/1784922941267_Couple-enjoying-drinks-on-sunny-terrace-by-sea-1.jpeg<\/span>\n\t\t\t\t\t\t<span itemprop='height'>720<\/span>\n\t\t\t\t\t\t<span itemprop='width'>1260<\/span>\n\t\t\t\t<\/span>\n\t\t\t\t<span class='av-structured-data'  itemprop=\"publisher\" itemtype=\"https:\/\/schema.org\/Organization\" itemscope=\"itemscope\" >\n\t\t\t\t\t\t<span itemprop='name'>Websols Servicedesk<\/span>\n\t\t\t\t\t\t<span itemprop='logo' itemscope itemtype='https:\/\/schema.org\/ImageObject'>\n\t\t\t\t\t\t\t<span itemprop='url'>https:\/\/www.livingonthecotedazur.com\/wp-content\/uploads\/2024\/02\/sitelogo150.png<\/span>\n\t\t\t\t\t\t<\/span>\n\t\t\t\t<\/span><span class='av-structured-data'  itemprop=\"author\" itemscope=\"itemscope\" itemtype=\"https:\/\/schema.org\/Person\" ><span itemprop='name'>Websols Servicedesk<\/span><\/span><span class='av-structured-data'  itemprop=\"datePublished\" datetime=\"2023-09-06T08:07:08+02:00\" >2026-07-27 02:31:24<\/span><span class='av-structured-data'  itemprop=\"dateModified\" itemtype=\"https:\/\/schema.org\/dateModified\" >2026-08-26 17:45:48<\/span><span class='av-structured-data'  itemprop=\"mainEntityOfPage\" itemtype=\"https:\/\/schema.org\/mainEntityOfPage\" ><span itemprop='name'>Pourquoi opter pour un logement neuf sur la C\u00f4te d&rsquo;Azur ?<\/span><\/span><\/span><\/article><\/div><div class=\"slide-entry-wrap\"><article class='slide-entry flex_column  post-entry post-entry-3849675 slide-entry-overview slide-loop-9 slide-parity-odd  av_fullwidth first real-thumbnail posttype-post post-format-standard'  itemscope=\"itemscope\" itemtype=\"https:\/\/schema.org\/CreativeWork\" ><a href='https:\/\/www.livingonthecotedazur.com\/fr\/villas-et-appartements-a-vendre-a-peymeinade\/' data-rel='slide-2' class='slide-image' title='Villas et appartements \u00e0 vendre \u00e0 Peymeinade'><img decoding=\"async\" fetchpriority=\"high\" width=\"1000\" height=\"667\" src=\"https:\/\/www.livingonthecotedazur.com\/wp-content\/uploads\/2026\/08\/Peymeinade.jpg\" class=\"wp-image-3849676 avia-img-lazy-loading-not-3849676 attachment-large size-large wp-post-image\" alt=\"\" srcset=\"https:\/\/www.livingonthecotedazur.com\/wp-content\/uploads\/2026\/08\/Peymeinade.jpg 1000w, https:\/\/www.livingonthecotedazur.com\/wp-content\/uploads\/2026\/08\/Peymeinade-300x200.jpg 300w, https:\/\/www.livingonthecotedazur.com\/wp-content\/uploads\/2026\/08\/Peymeinade-768x512.jpg 768w, https:\/\/www.livingonthecotedazur.com\/wp-content\/uploads\/2026\/08\/Peymeinade-705x470.jpg 705w\" sizes=\"(max-width: 1000px) 100vw, 1000px\" \/><\/a><div class=\"slide-content\"><header class=\"entry-content-header\"><h2 class='slide-entry-title entry-title '  itemprop=\"headline\" ><a href='https:\/\/www.livingonthecotedazur.com\/fr\/villas-et-appartements-a-vendre-a-peymeinade\/' title='Villas et appartements \u00e0 vendre \u00e0 Peymeinade'>Villas et appartements \u00e0 vendre \u00e0 Peymeinade<\/a><\/h2><span class=\"blog-categories minor-meta\"><span class=\"blog-author minor-meta\"><span class=\"author\">par Feline Kuijer<\/span><\/span><span class=\"text-sep\">\/<\/span><time class='slide-meta-time updated'  itemprop=\"datePublished\" datetime=\"2026-07-26T09:35:07+02:00\" >26 juillet 2026<\/time><span class=\"text-sep\">\/<\/span>dans Blog, Page d'atterrissage <\/span><span class=\"av-vertical-delimiter\"><\/span><\/header><div class='slide-entry-excerpt entry-content'  itemprop=\"text\" >\n\nTL;DR\n\n\n\nPeymeinade est une ville r\u00e9sidentielle bien \u00e9tablie, situ\u00e9e dans les collines \u00e0 l'ouest de Grasse, qui propose des villas, des maisons familiales et des propri\u00e9t\u00e9s \u00e0 la campagne, \u00e0 proximit\u00e9 de Cannes et de la c\u00f4te m\u00e9diterran\u00e9enne.\u2026<div class=\"read-more-link\"><a href=\"https:\/\/www.livingonthecotedazur.com\/fr\/villas-et-appartements-a-vendre-a-peymeinade\/\" class=\"more-link\">Lire la suite<span class=\"more-link-arrow\"><\/span><\/a><\/div><\/div><\/div><footer class=\"entry-footer\"><div class=\"slide-meta\"><time class='slide-meta-time updated'  itemprop=\"datePublished\" datetime=\"2026-07-26T09:35:07+02:00\" >26 juillet 2026<\/time><\/div><\/footer><span class='hidden'>\n\t\t\t\t<span class='av-structured-data'  itemprop=\"image\" itemscope=\"itemscope\" itemtype=\"https:\/\/schema.org\/ImageObject\" >\n\t\t\t\t\t\t<span itemprop='url'>https:\/\/www.livingonthecotedazur.com\/wp-content\/uploads\/2026\/08\/Peymeinade.jpg<\/span>\n\t\t\t\t\t\t<span itemprop='height'>667<\/span>\n\t\t\t\t\t\t<span itemprop='width'>1000<\/span>\n\t\t\t\t<\/span>\n\t\t\t\t<span class='av-structured-data'  itemprop=\"publisher\" itemtype=\"https:\/\/schema.org\/Organization\" itemscope=\"itemscope\" >\n\t\t\t\t\t\t<span itemprop='name'>Feline Kuijer<\/span>\n\t\t\t\t\t\t<span itemprop='logo' itemscope itemtype='https:\/\/schema.org\/ImageObject'>\n\t\t\t\t\t\t\t<span itemprop='url'>https:\/\/www.livingonthecotedazur.com\/wp-content\/uploads\/2024\/02\/sitelogo150.png<\/span>\n\t\t\t\t\t\t<\/span>\n\t\t\t\t<\/span><span class='av-structured-data'  itemprop=\"author\" itemscope=\"itemscope\" itemtype=\"https:\/\/schema.org\/Person\" ><span itemprop='name'>Feline Kuijer<\/span><\/span><span class='av-structured-data'  itemprop=\"datePublished\" datetime=\"2023-09-06T08:07:08+02:00\" >2026-07-26 09:35:07<\/span><span class='av-structured-data'  itemprop=\"dateModified\" itemtype=\"https:\/\/schema.org\/dateModified\" >2026-08-11 10:02:04<\/span><span class='av-structured-data'  itemprop=\"mainEntityOfPage\" itemtype=\"https:\/\/schema.org\/mainEntityOfPage\" ><span itemprop='name'>Villas et appartements \u00e0 vendre \u00e0 Peymeinade<\/span><\/span><\/span><\/article><\/div><div class=\"slide-entry-wrap\"><article class='slide-entry flex_column  post-entry post-entry-3809300 slide-entry-overview slide-loop-10 slide-parity-odd  post-entry-last  av_fullwidth first real-thumbnail posttype-post post-format-standard'  itemscope=\"itemscope\" itemtype=\"https:\/\/schema.org\/CreativeWork\" ><a href='https:\/\/www.livingonthecotedazur.com\/fr\/villas-et-appartements-a-vendre-a-cap-dail\/' data-rel='slide-2' class='slide-image' title='Immobilier \u00e0 Cap d&rsquo;Ail : march\u00e9 immobilier et guide d&rsquo;achat'><img decoding=\"async\" fetchpriority=\"high\" width=\"1000\" height=\"667\" src=\"https:\/\/www.livingonthecotedazur.com\/wp-content\/uploads\/2026\/07\/cap-dail.jpeg\" class=\"wp-image-3809301 avia-img-lazy-loading-not-3809301 attachment-large size-large wp-post-image\" alt=\"\" srcset=\"https:\/\/www.livingonthecotedazur.com\/wp-content\/uploads\/2026\/07\/cap-dail.jpeg 1000w, https:\/\/www.livingonthecotedazur.com\/wp-content\/uploads\/2026\/07\/cap-dail-300x200.jpeg 300w, https:\/\/www.livingonthecotedazur.com\/wp-content\/uploads\/2026\/07\/cap-dail-768x512.jpeg 768w, https:\/\/www.livingonthecotedazur.com\/wp-content\/uploads\/2026\/07\/cap-dail-705x470.jpeg 705w\" sizes=\"(max-width: 1000px) 100vw, 1000px\" \/><\/a><div class=\"slide-content\"><header class=\"entry-content-header\"><h2 class='slide-entry-title entry-title '  itemprop=\"headline\" ><a href='https:\/\/www.livingonthecotedazur.com\/fr\/villas-et-appartements-a-vendre-a-cap-dail\/' title='Immobilier \u00e0 Cap d&rsquo;Ail : march\u00e9 immobilier et guide d&rsquo;achat'>Immobilier \u00e0 Cap d&rsquo;Ail : march\u00e9 immobilier et guide d&rsquo;achat<\/a><\/h2><span class=\"blog-categories minor-meta\"><span class=\"blog-author minor-meta\"><span class=\"author\">par Feline Kuijer<\/span><\/span><span class=\"text-sep\">\/<\/span><time class='slide-meta-time updated'  itemprop=\"datePublished\" datetime=\"2026-07-22T13:21:07+02:00\" >22 juillet 2026<\/time><span class=\"text-sep\">\/<\/span>dans Page d'atterrissage <\/span><span class=\"av-vertical-delimiter\"><\/span><\/header><div class='slide-entry-excerpt entry-content'  itemprop=\"text\" >\nTL;DR\n\nCap d\u2019Ail est l\u2019un des quartiers r\u00e9sidentiels les plus prestigieux aux alentours de Monaco.  Situ\u00e9e juste \u00e0 l'ouest de la Principaut\u00e9, cette \u00e9l\u00e9gante ville de la C\u00f4te d'Azur allie des paysages m\u00e9diterran\u00e9ens spectaculaires,\u2026<div class=\"read-more-link\"><a href=\"https:\/\/www.livingonthecotedazur.com\/fr\/villas-et-appartements-a-vendre-a-cap-dail\/\" class=\"more-link\">Lire la suite<span class=\"more-link-arrow\"><\/span><\/a><\/div><\/div><\/div><footer class=\"entry-footer\"><div class=\"slide-meta\"><time class='slide-meta-time updated'  itemprop=\"datePublished\" datetime=\"2026-07-22T13:21:07+02:00\" >22 juillet 2026<\/time><\/div><\/footer><span class='hidden'>\n\t\t\t\t<span class='av-structured-data'  itemprop=\"image\" itemscope=\"itemscope\" itemtype=\"https:\/\/schema.org\/ImageObject\" >\n\t\t\t\t\t\t<span itemprop='url'>https:\/\/www.livingonthecotedazur.com\/wp-content\/uploads\/2026\/07\/cap-dail.jpeg<\/span>\n\t\t\t\t\t\t<span itemprop='height'>667<\/span>\n\t\t\t\t\t\t<span itemprop='width'>1000<\/span>\n\t\t\t\t<\/span>\n\t\t\t\t<span class='av-structured-data'  itemprop=\"publisher\" itemtype=\"https:\/\/schema.org\/Organization\" itemscope=\"itemscope\" >\n\t\t\t\t\t\t<span itemprop='name'>Feline Kuijer<\/span>\n\t\t\t\t\t\t<span itemprop='logo' itemscope itemtype='https:\/\/schema.org\/ImageObject'>\n\t\t\t\t\t\t\t<span itemprop='url'>https:\/\/www.livingonthecotedazur.com\/wp-content\/uploads\/2024\/02\/sitelogo150.png<\/span>\n\t\t\t\t\t\t<\/span>\n\t\t\t\t<\/span><span class='av-structured-data'  itemprop=\"author\" itemscope=\"itemscope\" itemtype=\"https:\/\/schema.org\/Person\" ><span itemprop='name'>Feline Kuijer<\/span><\/span><span class='av-structured-data'  itemprop=\"datePublished\" datetime=\"2023-09-06T08:07:08+02:00\" >2026-07-22 13:21:07<\/span><span class='av-structured-data'  itemprop=\"dateModified\" itemtype=\"https:\/\/schema.org\/dateModified\" >2026-09-03 12:31:46<\/span><span class='av-structured-data'  itemprop=\"mainEntityOfPage\" itemtype=\"https:\/\/schema.org\/mainEntityOfPage\" ><span itemprop='name'>Immobilier \u00e0 Cap d&rsquo;Ail : march\u00e9 immobilier et guide d&rsquo;achat<\/span><\/span><\/span><\/article><\/div><\/div><div class='pagination-wrap pagination-slider'><nav class='pagination'><span class='pagination-meta'>Page 1 sur 26<\/span><span class='current'>1<\/span><a href='https:\/\/www.livingonthecotedazur.com\/fr\/wp-json\/wp\/v2\/pages\/1849345\/?avia-element-paging=2' class='inactive next_page' >2<\/a><a href='https:\/\/www.livingonthecotedazur.com\/fr\/wp-json\/wp\/v2\/pages\/1849345\/?avia-element-paging=3' class='inactive' >3<\/a><a href='https:\/\/www.livingonthecotedazur.com\/fr\/wp-json\/wp\/v2\/pages\/1849345\/?avia-element-paging=2'>&rsaquo;<\/a><a href='https:\/\/www.livingonthecotedazur.com\/fr\/wp-json\/wp\/v2\/pages\/1849345\/?avia-element-paging=26'>&raquo;<\/a><\/nav>\n<\/div><\/div><\/p><\/div>\n","protected":false},"excerpt":{"rendered":"","protected":false},"author":1,"featured_media":0,"parent":0,"menu_order":0,"comment_status":"closed","ping_status":"closed","template":"","meta":{"_acf_changed":false,"footnotes":""},"class_list":["post-1849345","page","type-page","status-publish","hentry"],"acf":[],"_links":{"self":[{"href":"https:\/\/www.livingonthecotedazur.com\/fr\/wp-json\/wp\/v2\/pages\/1849345","targetHints":{"allow":["GET"]}}],"collection":[{"href":"https:\/\/www.livingonthecotedazur.com\/fr\/wp-json\/wp\/v2\/pages"}],"about":[{"href":"https:\/\/www.livingonthecotedazur.com\/fr\/wp-json\/wp\/v2\/types\/page"}],"author":[{"embeddable":true,"href":"https:\/\/www.livingonthecotedazur.com\/fr\/wp-json\/wp\/v2\/users\/1"}],"replies":[{"embeddable":true,"href":"https:\/\/www.livingonthecotedazur.com\/fr\/wp-json\/wp\/v2\/comments?post=1849345"}],"version-history":[{"count":0,"href":"https:\/\/www.livingonthecotedazur.com\/fr\/wp-json\/wp\/v2\/pages\/1849345\/revisions"}],"wp:attachment":[{"href":"https:\/\/www.livingonthecotedazur.com\/fr\/wp-json\/wp\/v2\/media?parent=1849345"}],"curies":[{"name":"wp","href":"https:\/\/api.w.org\/{rel}","templated":true}]}}