{"id":3906475,"date":"2026-09-06T05:00:33","date_gmt":"2026-09-06T03:00:33","guid":{"rendered":"https:\/\/www.livingonthecotedazur.com\/luxury-real-estate\/t2-luxe-vue-mer\/"},"modified":"2026-09-06T05:45:58","modified_gmt":"2026-09-06T03:45:58","slug":"t2-luxe-vue-mer","status":"publish","type":"product","link":"https:\/\/www.livingonthecotedazur.com\/fr\/immobilier-de-luxe\/t2-luxe-vue-mer\/","title":{"rendered":"T2 luxe vue mer"},"content":{"rendered":"<p>Au sein d&rsquo;une r\u00e9sidence de standing s\u00e9curis\u00e9e avec gardien, piscine quasi olympique, tennis, nich\u00e9e au coeur d&rsquo;un parc paysager de 17 hectares dans un calme absolu, d\u00e9couvrez ce somptueux appartement enti\u00e8rement r\u00e9nov\u00e9 aux prestations haut de gamme.<br \/>\nPens\u00e9 dans un esprit contemporain et raffin\u00e9, ce bien s\u00e9duit par son design \u00e9l\u00e9gant et ses finitions soign\u00e9es. Le s\u00e9jour de 21 m\u00b2, prolong\u00e9 par une cuisine am\u00e9ricaine enti\u00e8rement \u00e9quip\u00e9e, offre un espace de vie convivial et parfaitrement optimis\u00e9.<br \/>\nToutes les pi\u00e8ces s&rsquo;ouvrent sur une large et agr\u00e9able terrasse de 17 m\u00b2 sud\/est b\u00e9n\u00e9ficiant d&rsquo;une vue d\u00e9gag\u00e9e sur la verdure et sur la mer .<br \/>\nL&rsquo;appartement est vendu avec cave et parking privatif<br \/>\nCalme, s\u00e9r\u00e9nit\u00e9 ,Luxe et vue mer constituent les piliers de ce bien rare sur le march\u00e9.<\/p>\n","protected":false},"excerpt":{"rendered":"<p>Au sein d&rsquo;une r\u00e9sidence de standing s\u00e9curis\u00e9e avec gardien, piscine quasi olympique, tennis, nich\u00e9e au coeur d&rsquo;un parc paysager de 17 hectares dans un calme absolu, d\u00e9couvrez ce somptueux appartement enti\u00e8rement r\u00e9nov\u00e9 aux prestations haut de gamme. Pens\u00e9 dans un esprit contemporain et raffin\u00e9, ce bien s\u00e9duit par son design \u00e9l\u00e9gant et ses finitions soign\u00e9es. [&hellip;]<\/p>\n","protected":false},"author":13,"featured_media":3906292,"template":"","meta":{"_acf_changed":false},"product_cat":[1462],"product_tag":[],"class_list":["post-3906475","product","type-product","status-publish","has-post-thumbnail","product_cat-appartement-fr","pa_city-vallauris-fr","pa_country-france-fr","pa_high-value-property-no-fr","pa_region-cannes-fr","pa_type-of-construction-bien-existante","first","instock","product-type-simple"],"acf":[],"_links":{"self":[{"href":"https:\/\/www.livingonthecotedazur.com\/fr\/wp-json\/wp\/v2\/product\/3906475","targetHints":{"allow":["GET"]}}],"collection":[{"href":"https:\/\/www.livingonthecotedazur.com\/fr\/wp-json\/wp\/v2\/product"}],"about":[{"href":"https:\/\/www.livingonthecotedazur.com\/fr\/wp-json\/wp\/v2\/types\/product"}],"author":[{"embeddable":true,"href":"https:\/\/www.livingonthecotedazur.com\/fr\/wp-json\/wp\/v2\/users\/13"}],"wp:featuredmedia":[{"embeddable":true,"href":"https:\/\/www.livingonthecotedazur.com\/fr\/wp-json\/wp\/v2\/media\/3906292"}],"wp:attachment":[{"href":"https:\/\/www.livingonthecotedazur.com\/fr\/wp-json\/wp\/v2\/media?parent=3906475"}],"wp:term":[{"taxonomy":"product_cat","embeddable":true,"href":"https:\/\/www.livingonthecotedazur.com\/fr\/wp-json\/wp\/v2\/product_cat?post=3906475"},{"taxonomy":"product_tag","embeddable":true,"href":"https:\/\/www.livingonthecotedazur.com\/fr\/wp-json\/wp\/v2\/product_tag?post=3906475"}],"curies":[{"name":"wp","href":"https:\/\/api.w.org\/{rel}","templated":true}]}}